{"id":7260,"date":"2025-10-26T18:47:32","date_gmt":"2025-10-26T17:47:32","guid":{"rendered":"https:\/\/walderlebnispfade.de\/erlebnisse\/hotel-cabane-dans-les-arbres-seemuehle\/"},"modified":"2026-04-22T11:10:58","modified_gmt":"2026-04-22T09:10:58","slug":"hotel-cabane-dans-les-arbres-seemuehle","status":"publish","type":"erlebnisse","link":"https:\/\/walderlebnispfade.de\/fr\/erlebnisse\/hotel-cabane-dans-les-arbres-seemuehle\/","title":{"rendered":"H\u00f4tel cabane dans les arbres Seem\u00fchle"},"content":{"rendered":"<style>.wp-block-kadence-advancedheading.kt-adv-heading7250_b77a07-41, .wp-block-kadence-advancedheading.kt-adv-heading7250_b77a07-41[data-kb-block=\"kb-adv-heading7250_b77a07-41\"]{font-style:normal;}.wp-block-kadence-advancedheading.kt-adv-heading7250_b77a07-41 mark.kt-highlight, .wp-block-kadence-advancedheading.kt-adv-heading7250_b77a07-41[data-kb-block=\"kb-adv-heading7250_b77a07-41\"] mark.kt-highlight{font-style:normal;color:#f76a0c;-webkit-box-decoration-break:clone;box-decoration-break:clone;padding-top:0px;padding-right:0px;padding-bottom:0px;padding-left:0px;}.wp-block-kadence-advancedheading.kt-adv-heading7250_b77a07-41 img.kb-inline-image, .wp-block-kadence-advancedheading.kt-adv-heading7250_b77a07-41[data-kb-block=\"kb-adv-heading7250_b77a07-41\"] img.kb-inline-image{width:150px;vertical-align:baseline;}<\/style>\n<h2 class=\"kt-adv-heading7250_b77a07-41 wp-block-kadence-advancedheading\" data-kb-block=\"kb-adv-heading7250_b77a07-41\">Cabane dans les arbres dans le Spessart pour adultes<\/h2>\n\n<p>L&rsquo;h\u00f4tel de cabanes dans les arbres Seem\u00fchle vous offre tout au long de l&rsquo;ann\u00e9e un lieu particulier de repos et de d\u00e9tente. Autour d&rsquo;un moulin vieux de 400 ans, les cabanes dans les arbres sont regroup\u00e9es entre les ch\u00eanes et les h\u00eatres. Dans les dix cabanes confortables en bois naturel, baptis\u00e9es Lodge, Cottage, Chalet ou Stadl, deux \u00e0 quatre adultes peuvent passer ensemble des nuits exceptionnelles. Ceux qui pr\u00e9f\u00e8rent rester au sol peuvent \u00e9galement passer la nuit dans une roulotte de berger au bord de l&rsquo;eau.   <\/p>\n<style>.kb-table-of-content-nav.kb-table-of-content-id7250_e66c05-02 .kb-table-of-content-wrap{padding-top:var(--global-kb-spacing-sm, 1.5rem);padding-right:var(--global-kb-spacing-sm, 1.5rem);padding-bottom:var(--global-kb-spacing-sm, 1.5rem);padding-left:var(--global-kb-spacing-sm, 1.5rem);background-color:var(--global-palette8, #F7FAFC);box-shadow:inset 0px 0px 14px 0px rgba(0, 0, 0, 0.2);}.kb-table-of-content-nav.kb-table-of-content-id7250_e66c05-02 .kb-table-of-contents-title-wrap{padding-top:0px;padding-right:0px;padding-bottom:0px;padding-left:0px;}.kb-table-of-content-nav.kb-table-of-content-id7250_e66c05-02 .kb-table-of-contents-title{font-weight:regular;font-style:normal;}.kb-table-of-content-nav.kb-table-of-content-id7250_e66c05-02 .kb-table-of-content-wrap .kb-table-of-content-list{font-weight:regular;font-style:normal;margin-top:var(--global-kb-spacing-sm, 1.5rem);margin-right:0px;margin-bottom:0px;margin-left:0px;}.kb-table-of-content-nav.kb-table-of-content-id7250_e66c05-02 .kb-toggle-icon-style-basiccircle .kb-table-of-contents-icon-trigger:after, .kb-table-of-content-nav.kb-table-of-content-id7250_e66c05-02 .kb-toggle-icon-style-basiccircle .kb-table-of-contents-icon-trigger:before, .kb-table-of-content-nav.kb-table-of-content-id7250_e66c05-02 .kb-toggle-icon-style-arrowcircle .kb-table-of-contents-icon-trigger:after, .kb-table-of-content-nav.kb-table-of-content-id7250_e66c05-02 .kb-toggle-icon-style-arrowcircle .kb-table-of-contents-icon-trigger:before, .kb-table-of-content-nav.kb-table-of-content-id7250_e66c05-02 .kb-toggle-icon-style-xclosecircle .kb-table-of-contents-icon-trigger:after, .kb-table-of-content-nav.kb-table-of-content-id7250_e66c05-02 .kb-toggle-icon-style-xclosecircle .kb-table-of-contents-icon-trigger:before{background-color:var(--global-palette8, #F7FAFC);}<\/style><style>.kb-row-layout-id7250_fa2486-90 > .kt-row-column-wrap{align-content:start;}:where(.kb-row-layout-id7250_fa2486-90 > .kt-row-column-wrap) > .wp-block-kadence-column{justify-content:start;}.kb-row-layout-id7250_fa2486-90 > .kt-row-column-wrap{column-gap:var(--global-kb-gap-md, 2rem);row-gap:var(--global-kb-gap-md, 2rem);padding-top:var(--global-kb-spacing-sm, 1.5rem);padding-bottom:var(--global-kb-spacing-sm, 1.5rem);grid-template-columns:repeat(2, minmax(0, 1fr));}.kb-row-layout-id7250_fa2486-90 > .kt-row-layout-overlay{opacity:0.30;}@media all and (max-width: 1024px){.kb-row-layout-id7250_fa2486-90 > .kt-row-column-wrap{grid-template-columns:repeat(2, minmax(0, 1fr));}}@media all and (max-width: 767px){.kb-row-layout-id7250_fa2486-90 > .kt-row-column-wrap{grid-template-columns:minmax(0, 1fr);}}<\/style><div class=\"kb-row-layout-wrap kb-row-layout-id7250_fa2486-90 alignnone wp-block-kadence-rowlayout\"><div class=\"kt-row-column-wrap kt-has-2-columns kt-row-layout-equal kt-tab-layout-inherit kt-mobile-layout-row kt-row-valign-top\">\n<style>.kadence-column7250_88c040-a7 > .kt-inside-inner-col,.kadence-column7250_88c040-a7 > .kt-inside-inner-col:before{border-top-left-radius:0px;border-top-right-radius:0px;border-bottom-right-radius:0px;border-bottom-left-radius:0px;}.kadence-column7250_88c040-a7 > .kt-inside-inner-col{column-gap:var(--global-kb-gap-sm, 1rem);}.kadence-column7250_88c040-a7 > .kt-inside-inner-col{flex-direction:column;}.kadence-column7250_88c040-a7 > .kt-inside-inner-col > .aligncenter{width:100%;}.kadence-column7250_88c040-a7 > .kt-inside-inner-col:before{opacity:0.3;}.kadence-column7250_88c040-a7{position:relative;}@media all and (max-width: 1024px){.kadence-column7250_88c040-a7 > .kt-inside-inner-col{flex-direction:column;justify-content:center;}}@media all and (max-width: 767px){.kadence-column7250_88c040-a7 > .kt-inside-inner-col{flex-direction:column;justify-content:center;}}<\/style>\n<div class=\"wp-block-kadence-column kadence-column7250_88c040-a7\"><div class=\"kt-inside-inner-col\">\n<p>Toutes les cabanes dans les arbres sont am\u00e9nag\u00e9es de mani\u00e8re individuelle et de haute qualit\u00e9 et disposent d&rsquo;une salle de douche avec WC, du chauffage et d&rsquo;une connexion WLAN. Certains logements offrent une vue d\u00e9gag\u00e9e sur la cime des arbres et le ciel \u00e9toil\u00e9 depuis le lit. Seuls des mat\u00e9riaux \u00e9cologiques ont \u00e9t\u00e9 utilis\u00e9s pour la construction. Lorsque vous entrez dans la maisonnette, vous remarquez imm\u00e9diatement l&rsquo;odeur du m\u00e9l\u00e8ze et du pin cembro.   <\/p>\n<\/div><\/div>\n\n\n<style>.kadence-column7250_8c6846-11 > .kt-inside-inner-col,.kadence-column7250_8c6846-11 > .kt-inside-inner-col:before{border-top-left-radius:0px;border-top-right-radius:0px;border-bottom-right-radius:0px;border-bottom-left-radius:0px;}.kadence-column7250_8c6846-11 > .kt-inside-inner-col{column-gap:var(--global-kb-gap-sm, 1rem);}.kadence-column7250_8c6846-11 > .kt-inside-inner-col{flex-direction:column;}.kadence-column7250_8c6846-11 > .kt-inside-inner-col > .aligncenter{width:100%;}.kadence-column7250_8c6846-11 > .kt-inside-inner-col:before{opacity:0.3;}.kadence-column7250_8c6846-11{position:relative;}@media all and (max-width: 1024px){.kadence-column7250_8c6846-11 > .kt-inside-inner-col{flex-direction:column;justify-content:center;}}@media all and (max-width: 767px){.kadence-column7250_8c6846-11 > .kt-inside-inner-col{flex-direction:column;justify-content:center;}}<\/style>\n<div class=\"wp-block-kadence-column kadence-column7250_8c6846-11\"><div class=\"kt-inside-inner-col\"><style>.wp-block-kadence-advancedheading.kt-adv-heading7250_9748ef-6f, .wp-block-kadence-advancedheading.kt-adv-heading7250_9748ef-6f[data-kb-block=\"kb-adv-heading7250_9748ef-6f\"]{text-align:center;font-style:normal;}.wp-block-kadence-advancedheading.kt-adv-heading7250_9748ef-6f mark.kt-highlight, .wp-block-kadence-advancedheading.kt-adv-heading7250_9748ef-6f[data-kb-block=\"kb-adv-heading7250_9748ef-6f\"] mark.kt-highlight{font-style:normal;color:#f76a0c;-webkit-box-decoration-break:clone;box-decoration-break:clone;padding-top:0px;padding-right:0px;padding-bottom:0px;padding-left:0px;}.wp-block-kadence-advancedheading.kt-adv-heading7250_9748ef-6f img.kb-inline-image, .wp-block-kadence-advancedheading.kt-adv-heading7250_9748ef-6f[data-kb-block=\"kb-adv-heading7250_9748ef-6f\"] img.kb-inline-image{width:150px;vertical-align:baseline;}<\/style>\n<h3 class=\"kt-adv-heading7250_9748ef-6f wp-block-kadence-advancedheading\" data-kb-block=\"kb-adv-heading7250_9748ef-6f\">Aper\u00e7u des \u00e9quipements :<\/h3>\n\n\n<style>.kb-table-container7250_07d33a-76{overflow-x:auto;}.kb-table-container .kb-table7250_07d33a-76 th{padding-top:var(--global-kb-spacing-xxs, 0.5rem);padding-right:var(--global-kb-spacing-xxs, 0.5rem);padding-bottom:var(--global-kb-spacing-xxs, 0.5rem);padding-left:var(--global-kb-spacing-xxs, 0.5rem);text-align:center;}.kb-table-container .kb-table7250_07d33a-76 caption{text-align:center;}.kb-table-container .kb-table7250_07d33a-76 td{padding-top:var(--global-kb-spacing-xxs, 0.5rem);padding-right:var(--global-kb-spacing-xxs, 0.5rem);padding-bottom:var(--global-kb-spacing-xxs, 0.5rem);padding-left:var(--global-kb-spacing-xxs, 0.5rem);text-align:left;}<\/style><div class=\"kb-table-container kb-table-container7250_07d33a-76 wp-block-kadence-table\"><table class=\"kb-table kb-table7250_07d33a-76\">\n<tr class=\"kb-table-row kb-table-row7250_332bed-5f\">\n<td class=\"kb-table-data kb-table-data7250_a795e4-f4\">\n<style>.kb-image7250_cc879d-22 .kb-image-has-overlay:after{opacity:0.3;}<\/style>\n<div class=\"wp-block-kadence-image kb-image7250_cc879d-22\"><figure class=\"aligncenter size-full\"><img loading=\"lazy\" decoding=\"async\" width=\"100\" height=\"100\" src=\"https:\/\/walderlebnispfade.de\/wp-content\/uploads\/2026\/04\/WC.png\" alt=\"WC-Symbol\" class=\"kb-img wp-image-7716\"\/><\/figure><\/div>\n\n<\/td>\n\n<td class=\"kb-table-data kb-table-data7250_8d652c-20\">\n<style>.kb-image7250_52c97a-c2 .kb-image-has-overlay:after{opacity:0.3;}<\/style>\n<div class=\"wp-block-kadence-image kb-image7250_52c97a-c2\"><figure class=\"aligncenter size-full\"><img loading=\"lazy\" decoding=\"async\" width=\"100\" height=\"100\" src=\"https:\/\/walderlebnispfade.de\/wp-content\/uploads\/2026\/04\/Dusche.png\" alt=\"Dusch-Symbol\" class=\"kb-img wp-image-7711\"\/><\/figure><\/div>\n\n<\/td>\n<\/tr>\n\n<tr class=\"kb-table-row kb-table-row7250_bbc7bf-58\">\n<td class=\"kb-table-data kb-table-data7250_ffa2f5-ac\">\n<style>.kb-image7250_4f6f13-60.kb-image-is-ratio-size, .kb-image7250_4f6f13-60 .kb-image-is-ratio-size{max-width:100px;width:100%;}.wp-block-kadence-column > .kt-inside-inner-col > .kb-image7250_4f6f13-60.kb-image-is-ratio-size, .wp-block-kadence-column > .kt-inside-inner-col > .kb-image7250_4f6f13-60 .kb-image-is-ratio-size{align-self:unset;}.kb-image7250_4f6f13-60 figure{max-width:100px;}.kb-image7250_4f6f13-60 .image-is-svg, .kb-image7250_4f6f13-60 .image-is-svg img{width:100%;}.kb-image7250_4f6f13-60 .kb-image-has-overlay:after{opacity:0.3;}<\/style>\n<div class=\"wp-block-kadence-image kb-image7250_4f6f13-60\"><figure class=\"aligncenter size-full\"><img loading=\"lazy\" decoding=\"async\" width=\"100\" height=\"100\" src=\"https:\/\/walderlebnispfade.de\/wp-content\/uploads\/2026\/04\/Strom.png\" alt=\"Strom-Symbol\" class=\"kb-img wp-image-7715\"\/><\/figure><\/div>\n\n<\/td>\n\n<td class=\"kb-table-data kb-table-data7250_dd5100-ed\">\n<style>.kb-image7250_88f1b6-65 .kb-image-has-overlay:after{opacity:0.3;}<\/style>\n<div class=\"wp-block-kadence-image kb-image7250_88f1b6-65\"><figure class=\"aligncenter size-full\"><img loading=\"lazy\" decoding=\"async\" width=\"100\" height=\"100\" src=\"https:\/\/walderlebnispfade.de\/wp-content\/uploads\/2026\/04\/Heizung.png\" alt=\"Heizungs-Symbol\" class=\"kb-img wp-image-7712\"\/><\/figure><\/div>\n\n<\/td>\n<\/tr>\n\n<tr class=\"kb-table-row kb-table-row7250_4be32d-c8\">\n<td class=\"kb-table-data kb-table-data7250_89da50-b6\">\n<style>.kb-image7250_35ef74-71 .kb-image-has-overlay:after{opacity:0.3;}<\/style>\n<div class=\"wp-block-kadence-image kb-image7250_35ef74-71\"><figure class=\"aligncenter size-full\"><img loading=\"lazy\" decoding=\"async\" width=\"100\" height=\"100\" src=\"https:\/\/walderlebnispfade.de\/wp-content\/uploads\/2026\/04\/WLAN.png\" alt=\"WLAN-Symbol\" class=\"kb-img wp-image-7717\"\/><\/figure><\/div>\n\n<\/td>\n\n<td class=\"kb-table-data kb-table-data7250_85649d-86\">\n\n<p><\/p>\n\n<\/td>\n<\/tr>\n<\/table><\/div><\/div><\/div>\n\n<\/div><\/div>\n<p>Dans la maison du moulin, vous pouvez savourer un d\u00e9licieux petit d\u00e9jeuner directement dans la cabane dans les arbres. Il vous sera apport\u00e9 chaque matin. Le d\u00e9jeuner et le d\u00eener ne sont pas propos\u00e9s. Vous pouvez commander un d\u00e9licieux casse-cro\u00fbte \u00e0 la r\u00e9ception jusqu&rsquo;\u00e0 11h00, qui vous sera servi dans le r\u00e9frig\u00e9rateur situ\u00e9 pr\u00e8s du lavoir. Vous trouverez des restaurants dans les environs.    <\/p>\n\n<h2 class=\"wp-block-heading\">Bien-\u00eatre et d\u00e9tente \u00e0 l&rsquo;h\u00f4tel Baumhaus Seem\u00fchle<\/h2>\n\n<p>L&rsquo;h\u00f4tel Baumhaus Seem\u00fchle adresse son offre <strong>exclusivement aux adultes<\/strong> qui cherchent \u00e0 faire une pause dans leur vie quotidienne tr\u00e9pidante. Sur le site, vous trouverez un lac naturel ainsi qu&rsquo;un sauna en bergerie, qui vous feront vivre une exp\u00e9rience inoubliable. De nombreux animaux sauvages comme des loirs, des chevreuils, des li\u00e8vres, des hiboux des bois et des pics habitent le terrain bois\u00e9.  <\/p>\n\n<h3 class=\"wp-block-heading\">Activit\u00e9s dans la r\u00e9gion<\/h3>\n\n<p>De beaux sentiers de randonn\u00e9e et de cyclisme \u00e0 travers le Spessart commencent directement \u00e0 partir de l\u2019h\u00f4tel cabane, par exemple vers la cascade de Trettstein, situ\u00e9e \u00e0 seulement 500 m\u00e8tres, ou vers les vall\u00e9es environnantes de la Saale franconienne et de la Schondra. \u00c0 moins de 500 m\u00e8tres de la cabane, vous pouvez faire du cano\u00eb sur la Saale ou y p\u00eacher. <a href=\"http:\/\/einzelpaddler.de\/uploads\/files\/252361684174829796-bootswandern-karte.pdf\" target=\"_blank\" rel=\"noreferrer noopener\">Des bateaux<\/a> peuvent \u00eatre lou\u00e9s non loin de l\u00e0, avec un service de navette.  <\/p>\n\n<h3 class=\"wp-block-heading\">Durabilit\u00e9 et \u00e9quipement<\/h3>\n\n<p>L&rsquo;\u00e9lectricit\u00e9 est produite par la propre \u00e9nergie hydraulique de l&rsquo;\u00e9tablissement \u2013 la roue hydraulique du Waizenbach, qui p\u00e8se environ deux tonnes, produit jusqu&rsquo;\u00e0 6 kW et peut couvrir les besoins annuels de 5 \u00e0 15 foyers. L&rsquo;approvisionnement en eau potable provient en grande partie de notre propre source et la for\u00eat qui entoure le site est en grande partie naturelle et prot\u00e9g\u00e9e. <\/p>\n<style>.wp-block-kadence-advancedheading.kt-adv-heading7250_35e5bb-b4, .wp-block-kadence-advancedheading.kt-adv-heading7250_35e5bb-b4[data-kb-block=\"kb-adv-heading7250_35e5bb-b4\"]{font-style:normal;}.wp-block-kadence-advancedheading.kt-adv-heading7250_35e5bb-b4 mark.kt-highlight, .wp-block-kadence-advancedheading.kt-adv-heading7250_35e5bb-b4[data-kb-block=\"kb-adv-heading7250_35e5bb-b4\"] mark.kt-highlight{font-style:normal;color:#f76a0c;-webkit-box-decoration-break:clone;box-decoration-break:clone;padding-top:0px;padding-right:0px;padding-bottom:0px;padding-left:0px;}.wp-block-kadence-advancedheading.kt-adv-heading7250_35e5bb-b4 img.kb-inline-image, .wp-block-kadence-advancedheading.kt-adv-heading7250_35e5bb-b4[data-kb-block=\"kb-adv-heading7250_35e5bb-b4\"] img.kb-inline-image{width:150px;vertical-align:baseline;}<\/style>\n<h2 class=\"kt-adv-heading7250_35e5bb-b4 wp-block-kadence-advancedheading\" data-kb-block=\"kb-adv-heading7250_35e5bb-b4\">Vid\u00e9o sur le Berghotel Seem\u00fchle<\/h2>\n\n<figure class=\"wp-block-embed is-type-video is-provider-youtube wp-block-embed-youtube wp-embed-aspect-16-9 wp-has-aspect-ratio\"><div class=\"wp-block-embed__wrapper\">\n<iframe loading=\"lazy\" hcb-fetch-image-from=\"https:\/\/youtu.be\/db8bULrJ6cY?si=wl59nnNV7nEauRcN\" title=\"Baumhaushotel Seem\u00fchle - Impressionen  April 2020\" width=\"720\" height=\"405\" src=\"https:\/\/www.youtube.com\/embed\/db8bULrJ6cY?feature=oembed\" frameborder=\"0\" allow=\"accelerometer; autoplay; clipboard-write; encrypted-media; gyroscope; picture-in-picture; web-share\" referrerpolicy=\"strict-origin-when-cross-origin\" allowfullscreen><\/iframe>\n<\/div><\/figure>\n\n<h2 class=\"wp-block-heading\">Informations sur la cabane dans les arbres de l&rsquo;h\u00f4tel Seem\u00fchle<\/h2>\n\n<figure class=\"wp-block-table\"><table class=\"has-fixed-layout\"><tbody><tr><td>Nombre de cabanes dans les arbres :<\/td><td>10 cabanes dans les arbres \/ 37-46m<\/td><\/tr><tr><td>Hauteur de vie :<\/td><td>environ 6,5m<\/td><\/tr><tr><td>Capacit\u00e9 :<\/td><td>2-4 personnes<\/td><\/tr><tr><td>R\u00e9servable :<\/td><td>toute l&rsquo;ann\u00e9e<\/td><\/tr><tr><td>Chauffage :<\/td><td>Oui<\/td><\/tr><tr><td>\u00e9lectricit\u00e9 :<\/td><td>Oui<\/td><\/tr><tr><td>Cuisine :<\/td><td>Coin caf\u00e9 et th\u00e9<\/td><\/tr><tr><td>les installations sanitaires:<\/td><td>Salle de bain avec douche et WC<\/td><\/tr><tr><td>Accessible aux personnes handicap\u00e9es :<\/td><td>Non, car l&rsquo;acc\u00e8s n&rsquo;est possible que par des escaliers.<\/td><\/tr><tr><td>Chiens admis:<\/td><td>Non<\/td><\/tr><\/tbody><\/table><figcaption class=\"wp-element-caption\">D\u00e9tails de la cabane dans les arbres H\u00f4tel Seem\u00fchle<\/figcaption><\/figure>\n\n<hr class=\"wp-block-separator has-alpha-channel-opacity\" style=\"margin-top:var(--wp--preset--spacing--50);margin-bottom:var(--wp--preset--spacing--50)\"\/>\n<style>.kadence-column7250_63f414-b1 > .kt-inside-inner-col{display:flex;}.kadence-column7250_63f414-b1 > .kt-inside-inner-col{padding-top:var(--global-kb-spacing-xs, 1rem);padding-right:var(--global-kb-spacing-xs, 1rem);padding-bottom:var(--global-kb-spacing-xs, 1rem);padding-left:var(--global-kb-spacing-xs, 1rem);}.kadence-column7250_63f414-b1 > .kt-inside-inner-col{box-shadow:0px 0px 14px 0px rgba(0, 0, 0, 0.2);}.kadence-column7250_63f414-b1 > .kt-inside-inner-col,.kadence-column7250_63f414-b1 > .kt-inside-inner-col:before{border-top-left-radius:0px;border-top-right-radius:0px;border-bottom-right-radius:0px;border-bottom-left-radius:0px;}.kadence-column7250_63f414-b1 > .kt-inside-inner-col{column-gap:var(--global-kb-gap-sm, 1rem);}.kadence-column7250_63f414-b1 > .kt-inside-inner-col{flex-direction:column;align-items:center;}.kadence-column7250_63f414-b1 > .kt-inside-inner-col > .kb-image-is-ratio-size{align-self:stretch;}.kadence-column7250_63f414-b1 > .kt-inside-inner-col > .wp-block-kadence-advancedgallery{align-self:stretch;}.kadence-column7250_63f414-b1 > .kt-inside-inner-col > .aligncenter{width:100%;}.kadence-column7250_63f414-b1 > .kt-inside-inner-col{background-color:var(--global-palette8, #F7FAFC);}.kadence-column7250_63f414-b1 > .kt-inside-inner-col:before{opacity:0.3;}.kadence-column7250_63f414-b1{position:relative;}@media all and (max-width: 1024px){.kadence-column7250_63f414-b1 > .kt-inside-inner-col{flex-direction:column;justify-content:center;align-items:center;}}@media all and (max-width: 767px){.kadence-column7250_63f414-b1 > .kt-inside-inner-col{flex-direction:column;justify-content:center;align-items:center;}}<\/style>\n<div class=\"wp-block-kadence-column kadence-column7250_63f414-b1\"><div class=\"kt-inside-inner-col\">\n<p class=\"has-text-align-center\">Comment trouvez-vous l\u2019h\u00f4tel cabane Seem\u00fchle ? Laissez-nous une \u00e9valuation, s&rsquo;il vous pla\u00eet.  <br\/>Vous nous aidez ainsi que d&rsquo;autres amoureux de la nature. Merci beaucoup \ud83d\ude42 ! <\/p>\n\n\n\n<div class=\"wp-block-yet-another-stars-rating-visitor-votes aligncenter yasr-vv-block\"><\/div>\n\n\n\n<p>Vous trouverez d&rsquo;autres aventures passionnantes dans notre <a href=\"https:\/\/walderlebnispfade.de\/fr\/experiences-en-foret\/\" data-type=\"page\" data-id=\"228\">recherche d&rsquo;exp\u00e9riences en for\u00eat<\/a> et dans notre <a href=\"https:\/\/walderlebnispfade.de\/fr\/apercu-des-hotels-de-cabanes-dans-les-arbres\/\" data-type=\"post\" data-id=\"5771\">aper\u00e7u des h\u00f4tels dans les arbres<\/a>!<\/p>\n<\/div><\/div>\n\n<hr class=\"wp-block-separator has-alpha-channel-opacity\" style=\"margin-top:var(--wp--preset--spacing--50);margin-bottom:var(--wp--preset--spacing--50)\"\/>\n","protected":false},"author":2,"featured_media":7259,"comment_status":"open","ping_status":"closed","template":"","meta":{"_kad_blocks_custom_css":"","_kad_blocks_head_custom_js":"","_kad_blocks_body_custom_js":"","_kad_blocks_footer_custom_js":"","_kad_post_transparent":"","_kad_post_title":"","_kad_post_layout":"","_kad_post_sidebar_id":"","_kad_post_content_style":"","_kad_post_vertical_padding":"","_kad_post_feature":"","_kad_post_feature_position":"","_kad_post_header":false,"_kad_post_footer":false,"_kad_post_classname":"","yasr_overall_rating":0,"yasr_post_is_review":"","yasr_auto_insert_disabled":"","yasr_review_type":""},"region":[130,142],"erlebnisart":[190,193],"class_list":["post-7260","erlebnisse","type-erlebnisse","status-publish","has-post-thumbnail","hentry","region-deutschland-fr","region-by-fr","erlebnisart-hebergement","erlebnisart-hotel-dans-les-arbres"],"yasr_visitor_votes":{"stars_attributes":{"read_only":false,"span_bottom":false},"number_of_votes":0,"sum_votes":0},"taxonomy_info":{"region":[{"value":130,"label":"Allemagne"},{"value":142,"label":"Bayern"}],"erlebnisart":[{"value":190,"label":"H\u00e9bergement"},{"value":193,"label":"H\u00f4tel dans les arbres"}]},"featured_image_src_large":["https:\/\/walderlebnispfade.de\/wp-content\/uploads\/2025\/10\/Baumhaushotel_Seemuehle-1024x576.jpg",1024,576,true],"author_info":{"display_name":"Moni","author_link":"https:\/\/walderlebnispfade.de\/fr\/author\/moni\/"},"comment_info":0,"_links":{"self":[{"href":"https:\/\/walderlebnispfade.de\/fr\/wp-json\/wp\/v2\/erlebnisse\/7260","targetHints":{"allow":["GET"]}}],"collection":[{"href":"https:\/\/walderlebnispfade.de\/fr\/wp-json\/wp\/v2\/erlebnisse"}],"about":[{"href":"https:\/\/walderlebnispfade.de\/fr\/wp-json\/wp\/v2\/types\/erlebnisse"}],"author":[{"embeddable":true,"href":"https:\/\/walderlebnispfade.de\/fr\/wp-json\/wp\/v2\/users\/2"}],"replies":[{"embeddable":true,"href":"https:\/\/walderlebnispfade.de\/fr\/wp-json\/wp\/v2\/comments?post=7260"}],"wp:featuredmedia":[{"embeddable":true,"href":"https:\/\/walderlebnispfade.de\/fr\/wp-json\/wp\/v2\/media\/7259"}],"wp:attachment":[{"href":"https:\/\/walderlebnispfade.de\/fr\/wp-json\/wp\/v2\/media?parent=7260"}],"wp:term":[{"taxonomy":"region","embeddable":true,"href":"https:\/\/walderlebnispfade.de\/fr\/wp-json\/wp\/v2\/region?post=7260"},{"taxonomy":"erlebnisart","embeddable":true,"href":"https:\/\/walderlebnispfade.de\/fr\/wp-json\/wp\/v2\/erlebnisart?post=7260"}],"curies":[{"name":"wp","href":"https:\/\/api.w.org\/{rel}","templated":true}]}}