{"id":7273,"date":"2025-10-28T19:55:05","date_gmt":"2025-10-28T18:55:05","guid":{"rendered":"https:\/\/walderlebnispfade.de\/erlebnisse\/hotel-de-la-maison-dans-les-arbres-mainbaumhaus\/"},"modified":"2026-04-22T11:10:43","modified_gmt":"2026-04-22T09:10:43","slug":"hotel-de-la-maison-dans-les-arbres-mainbaumhaus","status":"publish","type":"erlebnisse","link":"https:\/\/walderlebnispfade.de\/fr\/erlebnisse\/hotel-de-la-maison-dans-les-arbres-mainbaumhaus\/","title":{"rendered":"H\u00f4tel de la maison dans les arbres Mainbaumhaus"},"content":{"rendered":"\n<h2 class=\"wp-block-heading\">H\u00e9bergement dans les cimes du Spessart<\/h2>\n<style>.wp-block-kadence-advancedheading.kt-adv-heading7263_3f67c3-ac, .wp-block-kadence-advancedheading.kt-adv-heading7263_3f67c3-ac[data-kb-block=\"kb-adv-heading7263_3f67c3-ac\"]{font-style:normal;}.wp-block-kadence-advancedheading.kt-adv-heading7263_3f67c3-ac mark.kt-highlight, .wp-block-kadence-advancedheading.kt-adv-heading7263_3f67c3-ac[data-kb-block=\"kb-adv-heading7263_3f67c3-ac\"] mark.kt-highlight{font-style:normal;color:#f76a0c;-webkit-box-decoration-break:clone;box-decoration-break:clone;padding-top:0px;padding-right:0px;padding-bottom:0px;padding-left:0px;}.wp-block-kadence-advancedheading.kt-adv-heading7263_3f67c3-ac img.kb-inline-image, .wp-block-kadence-advancedheading.kt-adv-heading7263_3f67c3-ac[data-kb-block=\"kb-adv-heading7263_3f67c3-ac\"] img.kb-inline-image{width:150px;vertical-align:baseline;}<\/style>\n<p class=\"kt-adv-heading7263_3f67c3-ac wp-block-kadence-advancedheading\" data-kb-block=\"kb-adv-heading7263_3f67c3-ac\">Vous r\u00eavez d&rsquo;une nuit perch\u00e9e dans les arbres ? L&rsquo;<strong>h\u00f4tel Mainbaumhaus \u00e0 Lengfurt<\/strong> fait de ce r\u00eave une r\u00e9alit\u00e9. Vous y passerez la nuit en pleine nature et profiterez d&rsquo;une atmosph\u00e8re unique \u2013 que ce soit \u00e0 deux, trois ou quatre. Les enfants \u00e0 partir de 12 ans sont les bienvenus.   <\/p>\n<style>.kb-table-of-content-nav.kb-table-of-content-id7263_02b69d-71 .kb-table-of-content-wrap{padding-top:var(--global-kb-spacing-sm, 1.5rem);padding-right:var(--global-kb-spacing-sm, 1.5rem);padding-bottom:var(--global-kb-spacing-sm, 1.5rem);padding-left:var(--global-kb-spacing-sm, 1.5rem);background-color:var(--global-palette8, #F7FAFC);box-shadow:inset 0px 0px 14px 0px rgba(0, 0, 0, 0.2);}.kb-table-of-content-nav.kb-table-of-content-id7263_02b69d-71 .kb-table-of-contents-title-wrap{padding-top:0px;padding-right:0px;padding-bottom:0px;padding-left:0px;}.kb-table-of-content-nav.kb-table-of-content-id7263_02b69d-71 .kb-table-of-contents-title{font-weight:regular;font-style:normal;}.kb-table-of-content-nav.kb-table-of-content-id7263_02b69d-71 .kb-table-of-content-wrap .kb-table-of-content-list{font-weight:regular;font-style:normal;margin-top:var(--global-kb-spacing-sm, 1.5rem);margin-right:0px;margin-bottom:0px;margin-left:0px;}.kb-table-of-content-nav.kb-table-of-content-id7263_02b69d-71 .kb-toggle-icon-style-basiccircle .kb-table-of-contents-icon-trigger:after, .kb-table-of-content-nav.kb-table-of-content-id7263_02b69d-71 .kb-toggle-icon-style-basiccircle .kb-table-of-contents-icon-trigger:before, .kb-table-of-content-nav.kb-table-of-content-id7263_02b69d-71 .kb-toggle-icon-style-arrowcircle .kb-table-of-contents-icon-trigger:after, .kb-table-of-content-nav.kb-table-of-content-id7263_02b69d-71 .kb-toggle-icon-style-arrowcircle .kb-table-of-contents-icon-trigger:before, .kb-table-of-content-nav.kb-table-of-content-id7263_02b69d-71 .kb-toggle-icon-style-xclosecircle .kb-table-of-contents-icon-trigger:after, .kb-table-of-content-nav.kb-table-of-content-id7263_02b69d-71 .kb-toggle-icon-style-xclosecircle .kb-table-of-contents-icon-trigger:before{background-color:var(--global-palette8, #F7FAFC);}<\/style><style>.kb-row-layout-id7263_60255e-d2 > .kt-row-column-wrap{align-content:start;}:where(.kb-row-layout-id7263_60255e-d2 > .kt-row-column-wrap) > .wp-block-kadence-column{justify-content:start;}.kb-row-layout-id7263_60255e-d2 > .kt-row-column-wrap{column-gap:var(--global-kb-gap-md, 2rem);row-gap:var(--global-kb-gap-md, 2rem);padding-top:var(--global-kb-spacing-sm, 1.5rem);padding-bottom:var(--global-kb-spacing-sm, 1.5rem);grid-template-columns:repeat(2, minmax(0, 1fr));}.kb-row-layout-id7263_60255e-d2 > .kt-row-layout-overlay{opacity:0.30;}@media all and (max-width: 1024px){.kb-row-layout-id7263_60255e-d2 > .kt-row-column-wrap{grid-template-columns:repeat(2, minmax(0, 1fr));}}@media all and (max-width: 767px){.kb-row-layout-id7263_60255e-d2 > .kt-row-column-wrap{grid-template-columns:minmax(0, 1fr);}}<\/style><div class=\"kb-row-layout-wrap kb-row-layout-id7263_60255e-d2 alignnone wp-block-kadence-rowlayout\"><div class=\"kt-row-column-wrap kt-has-2-columns kt-row-layout-equal kt-tab-layout-inherit kt-mobile-layout-row kt-row-valign-top\">\n<style>.kadence-column7263_38978e-bf > .kt-inside-inner-col,.kadence-column7263_38978e-bf > .kt-inside-inner-col:before{border-top-left-radius:0px;border-top-right-radius:0px;border-bottom-right-radius:0px;border-bottom-left-radius:0px;}.kadence-column7263_38978e-bf > .kt-inside-inner-col{column-gap:var(--global-kb-gap-sm, 1rem);}.kadence-column7263_38978e-bf > .kt-inside-inner-col{flex-direction:column;}.kadence-column7263_38978e-bf > .kt-inside-inner-col > .aligncenter{width:100%;}.kadence-column7263_38978e-bf > .kt-inside-inner-col:before{opacity:0.3;}.kadence-column7263_38978e-bf{position:relative;}@media all and (max-width: 1024px){.kadence-column7263_38978e-bf > .kt-inside-inner-col{flex-direction:column;justify-content:center;}}@media all and (max-width: 767px){.kadence-column7263_38978e-bf > .kt-inside-inner-col{flex-direction:column;justify-content:center;}}<\/style>\n<div class=\"wp-block-kadence-column kadence-column7263_38978e-bf\"><div class=\"kt-inside-inner-col\">\n<p>La Mainbaumhaus vous propose trois cabanes dans les arbres diff\u00e9rentes au choix. Dans la <strong>cabane dans les arbres pour 4 personnes<\/strong>, vous dormirez dans un lit double et des lits superpos\u00e9s en bois de pin odorant. <span style=\"box-sizing: border-box; margin: 0px; padding: 0px;\">La <\/span><strong><span style=\"box-sizing: border-box; margin: 0px; padding: 0px;\">cabane dans les arbres pour 3 personnes<\/span><\/strong> a un lit superpos\u00e9 au lieu d&rsquo;un lit superpos\u00e9, sous lequel un canap\u00e9 confortable vous invite \u00e0 vous d\u00e9tendre. La <strong>cabane dans les arbres pour 2 personnes<\/strong> offre un point fort particulier : un lit en tonneau unique en son genre, qui cr\u00e9e une atmosph\u00e8re particuli\u00e8rement romantique.  <\/p>\n\n\n\n<p>Toutes les cabanes dans les arbres sont enti\u00e8rement \u00e9quip\u00e9es. Vous trouverez une petite kitchenette avec r\u00e9frig\u00e9rateur, une t\u00e9l\u00e9vision et une connexion Wi-Fi, ainsi qu&rsquo;une salle de bain priv\u00e9e avec douche. Le chauffage infrarouge assure une chaleur agr\u00e9able m\u00eame les jours plus frais. Les draps, les serviettes et le s\u00e8che-cheveux sont \u00e0 votre disposition.   <\/p>\n<\/div><\/div>\n\n\n<style>.kadence-column7263_d65be8-20 > .kt-inside-inner-col,.kadence-column7263_d65be8-20 > .kt-inside-inner-col:before{border-top-left-radius:0px;border-top-right-radius:0px;border-bottom-right-radius:0px;border-bottom-left-radius:0px;}.kadence-column7263_d65be8-20 > .kt-inside-inner-col{column-gap:var(--global-kb-gap-sm, 1rem);}.kadence-column7263_d65be8-20 > .kt-inside-inner-col{flex-direction:column;}.kadence-column7263_d65be8-20 > .kt-inside-inner-col > .aligncenter{width:100%;}.kadence-column7263_d65be8-20 > .kt-inside-inner-col:before{opacity:0.3;}.kadence-column7263_d65be8-20{position:relative;}@media all and (max-width: 1024px){.kadence-column7263_d65be8-20 > .kt-inside-inner-col{flex-direction:column;justify-content:center;}}@media all and (max-width: 767px){.kadence-column7263_d65be8-20 > .kt-inside-inner-col{flex-direction:column;justify-content:center;}}<\/style>\n<div class=\"wp-block-kadence-column kadence-column7263_d65be8-20\"><div class=\"kt-inside-inner-col\"><style>.wp-block-kadence-advancedheading.kt-adv-heading7263_6401b7-dc, .wp-block-kadence-advancedheading.kt-adv-heading7263_6401b7-dc[data-kb-block=\"kb-adv-heading7263_6401b7-dc\"]{text-align:center;font-style:normal;}.wp-block-kadence-advancedheading.kt-adv-heading7263_6401b7-dc mark.kt-highlight, .wp-block-kadence-advancedheading.kt-adv-heading7263_6401b7-dc[data-kb-block=\"kb-adv-heading7263_6401b7-dc\"] mark.kt-highlight{font-style:normal;color:#f76a0c;-webkit-box-decoration-break:clone;box-decoration-break:clone;padding-top:0px;padding-right:0px;padding-bottom:0px;padding-left:0px;}.wp-block-kadence-advancedheading.kt-adv-heading7263_6401b7-dc img.kb-inline-image, .wp-block-kadence-advancedheading.kt-adv-heading7263_6401b7-dc[data-kb-block=\"kb-adv-heading7263_6401b7-dc\"] img.kb-inline-image{width:150px;vertical-align:baseline;}<\/style>\n<h3 class=\"kt-adv-heading7263_6401b7-dc wp-block-kadence-advancedheading\" data-kb-block=\"kb-adv-heading7263_6401b7-dc\">Aper\u00e7u des \u00e9quipements :<\/h3>\n\n\n<style>.kb-table-container7263_fe3330-a4{overflow-x:auto;}.kb-table-container .kb-table7263_fe3330-a4 th{padding-top:var(--global-kb-spacing-xxs, 0.5rem);padding-right:var(--global-kb-spacing-xxs, 0.5rem);padding-bottom:var(--global-kb-spacing-xxs, 0.5rem);padding-left:var(--global-kb-spacing-xxs, 0.5rem);text-align:center;}.kb-table-container .kb-table7263_fe3330-a4 caption{text-align:center;}.kb-table-container .kb-table7263_fe3330-a4 td{padding-top:var(--global-kb-spacing-xxs, 0.5rem);padding-right:var(--global-kb-spacing-xxs, 0.5rem);padding-bottom:var(--global-kb-spacing-xxs, 0.5rem);padding-left:var(--global-kb-spacing-xxs, 0.5rem);text-align:left;}<\/style><div class=\"kb-table-container kb-table-container7263_fe3330-a4 wp-block-kadence-table\"><table class=\"kb-table kb-table7263_fe3330-a4\">\n<tr class=\"kb-table-row kb-table-row7263_aa7371-7b\">\n<td class=\"kb-table-data kb-table-data7263_087435-09\">\n<style>.kb-image7263_a95dc7-a9.kb-image-is-ratio-size, .kb-image7263_a95dc7-a9 .kb-image-is-ratio-size{max-width:100px;width:100%;}.wp-block-kadence-column > .kt-inside-inner-col > .kb-image7263_a95dc7-a9.kb-image-is-ratio-size, .wp-block-kadence-column > .kt-inside-inner-col > .kb-image7263_a95dc7-a9 .kb-image-is-ratio-size{align-self:unset;}.kb-image7263_a95dc7-a9 figure{max-width:100px;}.kb-image7263_a95dc7-a9 .image-is-svg, .kb-image7263_a95dc7-a9 .image-is-svg img{width:100%;}.kb-image7263_a95dc7-a9 .kb-image-has-overlay:after{opacity:0.3;}<\/style>\n<div class=\"wp-block-kadence-image kb-image7263_a95dc7-a9\"><figure class=\"aligncenter size-full\"><img loading=\"lazy\" decoding=\"async\" width=\"100\" height=\"100\" src=\"https:\/\/walderlebnispfade.de\/wp-content\/uploads\/2026\/04\/Strom.png\" alt=\"Strom-Symbol\" class=\"kb-img wp-image-7715\"\/><\/figure><\/div>\n\n<\/td>\n\n<td class=\"kb-table-data kb-table-data7263_f6e565-7e\">\n<style>.kb-image7263_82b866-75 .kb-image-has-overlay:after{opacity:0.3;}<\/style>\n<div class=\"wp-block-kadence-image kb-image7263_82b866-75\"><figure class=\"aligncenter size-full\"><img loading=\"lazy\" decoding=\"async\" width=\"100\" height=\"100\" src=\"https:\/\/walderlebnispfade.de\/wp-content\/uploads\/2026\/04\/Heizung.png\" alt=\"Heizungs-Symbol\" class=\"kb-img wp-image-7712\"\/><\/figure><\/div>\n\n<\/td>\n<\/tr>\n\n<tr class=\"kb-table-row kb-table-row7263_000315-9c\">\n<td class=\"kb-table-data kb-table-data7263_45fe70-1d\">\n<style>.kb-image7263_bf3d34-7e .kb-image-has-overlay:after{opacity:0.3;}<\/style>\n<div class=\"wp-block-kadence-image kb-image7263_bf3d34-7e\"><figure class=\"aligncenter size-full\"><img loading=\"lazy\" decoding=\"async\" width=\"100\" height=\"100\" src=\"https:\/\/walderlebnispfade.de\/wp-content\/uploads\/2026\/04\/WC.png\" alt=\"WC-Symbol\" class=\"kb-img wp-image-7716\"\/><\/figure><\/div>\n\n<\/td>\n\n<td class=\"kb-table-data kb-table-data7263_b7e324-c6\">\n<style>.kb-image7263_aa0b6a-b6 .kb-image-has-overlay:after{opacity:0.3;}<\/style>\n<div class=\"wp-block-kadence-image kb-image7263_aa0b6a-b6\"><figure class=\"aligncenter size-full\"><img loading=\"lazy\" decoding=\"async\" width=\"100\" height=\"100\" src=\"https:\/\/walderlebnispfade.de\/wp-content\/uploads\/2026\/04\/Dusche.png\" alt=\"Dusch-Symbol\" class=\"kb-img wp-image-7711\"\/><\/figure><\/div>\n\n<\/td>\n<\/tr>\n<\/table><\/div><\/div><\/div>\n\n<\/div><\/div>\n<h3 class=\"wp-block-heading\">Petit-d\u00e9jeuner et exp\u00e9riences sp\u00e9ciales<\/h3>\n\n<p>Le matin, un petit-d\u00e9jeuner continental ou v\u00e9g\u00e9tarien vous attend. Apr\u00e8s avoir repris des forces, vous pourrez explorer les environs. En \u00e9t\u00e9 (d&rsquo;avril \u00e0 octobre), louez un v\u00e9lo \u00e9lectrique et d\u00e9couvrez la r\u00e9gion sur deux roues. Les alpagas, dont l&rsquo;aura apaisante est \u00e0 port\u00e9e de main, constituent une attraction particuli\u00e8re. Dans la petite boutique, vous trouverez \u00e9galement des produits r\u00e9gionaux en bois, en argile et en laine d&rsquo;alpaga.    <\/p>\n\n<h2 class=\"wp-block-heading\">La situation et les excursions<\/h2>\n\n<p>L&rsquo;h\u00f4tel Mainbaumhaus est situ\u00e9 \u00e0 Lengfurt, dans la vall\u00e9e du Main. Les environs vous offrent de nombreuses possibilit\u00e9s d&rsquo;excursions. La piste cyclable de la vall\u00e9e du Main passe juste \u00e0 c\u00f4t\u00e9 et vous invite \u00e0 faire de longues promenades \u00e0 v\u00e9lo. Le monast\u00e8re de Triefenstein est accessible \u00e0 pied et les gorges de Klingelbach sont id\u00e9ales pour la randonn\u00e9e.   <\/p>\n\n<p>Pour vous rafra\u00eechir, vous pouvez vous rendre au Klostersee (\u00e0 5 minutes en voiture) ou \u00e0 la piscine Waldbad (\u00e0 10 minutes). Les amateurs de shopping devraient visiter le <a href=\"https:\/\/www.thebicestercollection.com\/wertheim-village\/\" target=\"_blank\" rel=\"noreferrer noopener\">Wertheim Village Outlet<\/a> \u2013 vous y serez en 15 minutes. Les amateurs de culture peuvent explorer le ch\u00e2teau de Wertheim, le moulin \u00e0 papier de Homburg ou la r\u00e9sidence de W\u00fcrzburg, inscrite au patrimoine mondial de l&rsquo;UNESCO (30 minutes).  <\/p>\n\n<h3 class=\"wp-block-heading\">\u00c9quipement et acc\u00e8s \u00e0 la Mainbaumhaus<\/h3>\n\n<p>Le Mainbaumhaus vous propose une connexion Wi-Fi gratuite et un parking gratuit sur place. Les cabanes dans les arbres disposent d&rsquo;un balcon avec vue sur le jardin. W\u00fcrzburg, avec sa gare centrale et le vieux pont sur le Main, se trouve \u00e0 environ 29 km. L&rsquo;a\u00e9roport de Francfort, le plus proche, se trouve \u00e0 90 km de l&rsquo;h\u00e9bergement.   <\/p>\n\n<h2 class=\"wp-block-heading\">Informations sur la maison-h\u00f4tel dans les arbres Mainbaumhaus<\/h2>\n\n<figure class=\"wp-block-table\"><table class=\"has-fixed-layout\"><tbody><tr><td>Nombre de cabanes dans les arbres :<\/td><td>3 cabanes dans les arbres<\/td><\/tr><tr><td>Hauteur de vie :<\/td><td>environ 3m<\/td><\/tr><tr><td>Capacit\u00e9 :<\/td><td>2-4 personnes<\/td><\/tr><tr><td>R\u00e9servable :<\/td><td>toute l&rsquo;ann\u00e9e<\/td><\/tr><tr><td>Chauffage :<\/td><td>Oui, infrarouge<\/td><\/tr><tr><td>\u00e9lectricit\u00e9 :<\/td><td>Oui<\/td><\/tr><tr><td>Cuisine :<\/td><td>Kitchenette<\/td><\/tr><tr><td>les installations sanitaires:<\/td><td>Salle de bain avec douche et WC<\/td><\/tr><tr><td>Accessible aux personnes handicap\u00e9es :<\/td><td>Non, car l&rsquo;acc\u00e8s n&rsquo;est possible que par des escaliers.<\/td><\/tr><tr><td>Chiens admis:<\/td><td>Non<\/td><\/tr><\/tbody><\/table><figcaption class=\"wp-element-caption\">D\u00e9tails de la maison-h\u00f4tel dans les arbres Mainbaumhaus<\/figcaption><\/figure>\n\n<hr class=\"wp-block-separator has-alpha-channel-opacity\" style=\"margin-top:var(--wp--preset--spacing--50);margin-bottom:var(--wp--preset--spacing--50)\"\/>\n<style>.kadence-column7263_b6020e-89 > .kt-inside-inner-col{display:flex;}.kadence-column7263_b6020e-89 > .kt-inside-inner-col{padding-top:var(--global-kb-spacing-xs, 1rem);padding-right:var(--global-kb-spacing-xs, 1rem);padding-bottom:var(--global-kb-spacing-xs, 1rem);padding-left:var(--global-kb-spacing-xs, 1rem);}.kadence-column7263_b6020e-89 > .kt-inside-inner-col{box-shadow:0px 0px 14px 0px rgba(0, 0, 0, 0.2);}.kadence-column7263_b6020e-89 > .kt-inside-inner-col,.kadence-column7263_b6020e-89 > .kt-inside-inner-col:before{border-top-left-radius:0px;border-top-right-radius:0px;border-bottom-right-radius:0px;border-bottom-left-radius:0px;}.kadence-column7263_b6020e-89 > .kt-inside-inner-col{column-gap:var(--global-kb-gap-sm, 1rem);}.kadence-column7263_b6020e-89 > .kt-inside-inner-col{flex-direction:column;align-items:center;}.kadence-column7263_b6020e-89 > .kt-inside-inner-col > .kb-image-is-ratio-size{align-self:stretch;}.kadence-column7263_b6020e-89 > .kt-inside-inner-col > .wp-block-kadence-advancedgallery{align-self:stretch;}.kadence-column7263_b6020e-89 > .kt-inside-inner-col > .aligncenter{width:100%;}.kadence-column7263_b6020e-89 > .kt-inside-inner-col{background-color:var(--global-palette8, #F7FAFC);}.kadence-column7263_b6020e-89 > .kt-inside-inner-col:before{opacity:0.3;}.kadence-column7263_b6020e-89{position:relative;}@media all and (max-width: 1024px){.kadence-column7263_b6020e-89 > .kt-inside-inner-col{flex-direction:column;justify-content:center;align-items:center;}}@media all and (max-width: 767px){.kadence-column7263_b6020e-89 > .kt-inside-inner-col{flex-direction:column;justify-content:center;align-items:center;}}<\/style>\n<div class=\"wp-block-kadence-column kadence-column7263_b6020e-89\"><div class=\"kt-inside-inner-col\">\n<p class=\"has-text-align-center\">Comment trouves-tu l\u2019h\u00f4tel cabane Mainbaumhaus ? Laissez-nous une \u00e9valuation, s&rsquo;il vous pla\u00eet.  <br\/>Vous nous aidez ainsi que d&rsquo;autres amoureux de la nature. Merci beaucoup \ud83d\ude42 ! <\/p>\n\n\n\n<div class=\"wp-block-yet-another-stars-rating-visitor-votes aligncenter yasr-vv-block\"><\/div>\n\n\n\n<p>Vous trouverez d&rsquo;autres aventures passionnantes dans notre <a href=\"https:\/\/walderlebnispfade.de\/fr\/experiences-en-foret\/\" data-type=\"page\" data-id=\"228\">recherche d&rsquo;exp\u00e9riences en for\u00eat<\/a> et dans notre <a href=\"https:\/\/walderlebnispfade.de\/fr\/apercu-des-hotels-de-cabanes-dans-les-arbres\/\" data-type=\"post\" data-id=\"5771\">aper\u00e7u des h\u00f4tels dans les arbres<\/a>!<\/p>\n<\/div><\/div>\n\n<p><\/p>\n","protected":false},"author":2,"featured_media":7272,"comment_status":"open","ping_status":"closed","template":"","meta":{"_kad_blocks_custom_css":"","_kad_blocks_head_custom_js":"","_kad_blocks_body_custom_js":"","_kad_blocks_footer_custom_js":"","_kad_post_transparent":"","_kad_post_title":"","_kad_post_layout":"","_kad_post_sidebar_id":"","_kad_post_content_style":"","_kad_post_vertical_padding":"","_kad_post_feature":"","_kad_post_feature_position":"","_kad_post_header":false,"_kad_post_footer":false,"_kad_post_classname":"","yasr_overall_rating":0,"yasr_post_is_review":"","yasr_auto_insert_disabled":"","yasr_review_type":""},"region":[130,142],"erlebnisart":[190,193],"class_list":["post-7273","erlebnisse","type-erlebnisse","status-publish","has-post-thumbnail","hentry","region-deutschland-fr","region-by-fr","erlebnisart-hebergement","erlebnisart-hotel-dans-les-arbres"],"yasr_visitor_votes":{"stars_attributes":{"read_only":false,"span_bottom":false},"number_of_votes":0,"sum_votes":0},"taxonomy_info":{"region":[{"value":130,"label":"Allemagne"},{"value":142,"label":"Bayern"}],"erlebnisart":[{"value":190,"label":"H\u00e9bergement"},{"value":193,"label":"H\u00f4tel dans les arbres"}]},"featured_image_src_large":["https:\/\/walderlebnispfade.de\/wp-content\/uploads\/2025\/10\/Baumhaushotel_Mainbaumhaus-1024x576.jpg",1024,576,true],"author_info":{"display_name":"Moni","author_link":"https:\/\/walderlebnispfade.de\/fr\/author\/moni\/"},"comment_info":0,"_links":{"self":[{"href":"https:\/\/walderlebnispfade.de\/fr\/wp-json\/wp\/v2\/erlebnisse\/7273","targetHints":{"allow":["GET"]}}],"collection":[{"href":"https:\/\/walderlebnispfade.de\/fr\/wp-json\/wp\/v2\/erlebnisse"}],"about":[{"href":"https:\/\/walderlebnispfade.de\/fr\/wp-json\/wp\/v2\/types\/erlebnisse"}],"author":[{"embeddable":true,"href":"https:\/\/walderlebnispfade.de\/fr\/wp-json\/wp\/v2\/users\/2"}],"replies":[{"embeddable":true,"href":"https:\/\/walderlebnispfade.de\/fr\/wp-json\/wp\/v2\/comments?post=7273"}],"wp:featuredmedia":[{"embeddable":true,"href":"https:\/\/walderlebnispfade.de\/fr\/wp-json\/wp\/v2\/media\/7272"}],"wp:attachment":[{"href":"https:\/\/walderlebnispfade.de\/fr\/wp-json\/wp\/v2\/media?parent=7273"}],"wp:term":[{"taxonomy":"region","embeddable":true,"href":"https:\/\/walderlebnispfade.de\/fr\/wp-json\/wp\/v2\/region?post=7273"},{"taxonomy":"erlebnisart","embeddable":true,"href":"https:\/\/walderlebnispfade.de\/fr\/wp-json\/wp\/v2\/erlebnisart?post=7273"}],"curies":[{"name":"wp","href":"https:\/\/api.w.org\/{rel}","templated":true}]}}