{"id":7381,"date":"2025-10-30T19:37:10","date_gmt":"2025-10-30T18:37:10","guid":{"rendered":"https:\/\/walderlebnispfade.de\/erlebnisse\/hotel-cabane-dans-les-arbres-odenwald\/"},"modified":"2026-04-22T09:17:47","modified_gmt":"2026-04-22T07:17:47","slug":"hotel-cabane-dans-les-arbres-odenwald","status":"publish","type":"erlebnisse","link":"https:\/\/walderlebnispfade.de\/fr\/erlebnisse\/hotel-cabane-dans-les-arbres-odenwald\/","title":{"rendered":"H\u00f4tel cabane dans les arbres Odenwald"},"content":{"rendered":"<style>.wp-block-kadence-advancedheading.kt-adv-heading7362_7bdc36-fe, .wp-block-kadence-advancedheading.kt-adv-heading7362_7bdc36-fe[data-kb-block=\"kb-adv-heading7362_7bdc36-fe\"]{font-style:normal;}.wp-block-kadence-advancedheading.kt-adv-heading7362_7bdc36-fe mark.kt-highlight, .wp-block-kadence-advancedheading.kt-adv-heading7362_7bdc36-fe[data-kb-block=\"kb-adv-heading7362_7bdc36-fe\"] mark.kt-highlight{font-style:normal;color:#f76a0c;-webkit-box-decoration-break:clone;box-decoration-break:clone;padding-top:0px;padding-right:0px;padding-bottom:0px;padding-left:0px;}.wp-block-kadence-advancedheading.kt-adv-heading7362_7bdc36-fe img.kb-inline-image, .wp-block-kadence-advancedheading.kt-adv-heading7362_7bdc36-fe[data-kb-block=\"kb-adv-heading7362_7bdc36-fe\"] img.kb-inline-image{width:150px;vertical-align:baseline;}<\/style>\n<h2 class=\"kt-adv-heading7362_7bdc36-fe wp-block-kadence-advancedheading\" data-kb-block=\"kb-adv-heading7362_7bdc36-fe\">Bien-\u00eatre et d\u00e9tente dans une cabane dans les arbres<\/h2>\n\n<p>L\u2019h\u00f4tel Baumhaushotel Odenwald est situ\u00e9 dans un cadre idyllique \u00e0 la lisi\u00e8re de la for\u00eat de Breuberg, dans l\u2019Odenwald hessois, au sud de Francfort-sur-le-Main. Situ\u00e9s sur un terrain de 14\u202f000 m\u00b2, les appartements dans les arbres offrent un beau refuge. Seules trois maisons se partagent ce site particulier avec son lac idyllique.  <\/p>\n<style>.kb-table-of-content-nav.kb-table-of-content-id7362_2646f2-54 .kb-table-of-content-wrap{padding-top:var(--global-kb-spacing-sm, 1.5rem);padding-right:var(--global-kb-spacing-sm, 1.5rem);padding-bottom:var(--global-kb-spacing-sm, 1.5rem);padding-left:var(--global-kb-spacing-sm, 1.5rem);background-color:var(--global-palette8, #F7FAFC);box-shadow:inset 0px 0px 14px 0px rgba(0, 0, 0, 0.2);}.kb-table-of-content-nav.kb-table-of-content-id7362_2646f2-54 .kb-table-of-contents-title-wrap{padding-top:0px;padding-right:0px;padding-bottom:0px;padding-left:0px;}.kb-table-of-content-nav.kb-table-of-content-id7362_2646f2-54 .kb-table-of-contents-title{font-weight:regular;font-style:normal;}.kb-table-of-content-nav.kb-table-of-content-id7362_2646f2-54 .kb-table-of-content-wrap .kb-table-of-content-list{font-weight:regular;font-style:normal;margin-top:var(--global-kb-spacing-sm, 1.5rem);margin-right:0px;margin-bottom:0px;margin-left:0px;}.kb-table-of-content-nav.kb-table-of-content-id7362_2646f2-54 .kb-toggle-icon-style-basiccircle .kb-table-of-contents-icon-trigger:after, .kb-table-of-content-nav.kb-table-of-content-id7362_2646f2-54 .kb-toggle-icon-style-basiccircle .kb-table-of-contents-icon-trigger:before, .kb-table-of-content-nav.kb-table-of-content-id7362_2646f2-54 .kb-toggle-icon-style-arrowcircle .kb-table-of-contents-icon-trigger:after, .kb-table-of-content-nav.kb-table-of-content-id7362_2646f2-54 .kb-toggle-icon-style-arrowcircle .kb-table-of-contents-icon-trigger:before, .kb-table-of-content-nav.kb-table-of-content-id7362_2646f2-54 .kb-toggle-icon-style-xclosecircle .kb-table-of-contents-icon-trigger:after, .kb-table-of-content-nav.kb-table-of-content-id7362_2646f2-54 .kb-toggle-icon-style-xclosecircle .kb-table-of-contents-icon-trigger:before{background-color:var(--global-palette8, #F7FAFC);}<\/style>\n<p>Depuis la cabane dans les arbres <strong>\u00ab\u00a0Burgblick <\/strong>\u00ab\u00a0, votre regard se pose sur l&rsquo;\u00e9tang et sur le ch\u00e2teau de Breuberg \u00e0 travers les hautes fen\u00eatres. La cabane dans les arbres, enti\u00e8rement \u00e9quip\u00e9e et dot\u00e9e de deux chambres, peut accueillir quatre personnes. Deux balcons vous invitent \u00e0 prendre votre petit-d\u00e9jeuner. La cabane dans <strong>les <\/strong>arbres <strong>\u00ab\u00a0Waldblick <\/strong>\u00a0\u00bb dispose d&rsquo;un balcon spacieux avec vue sur la for\u00eat. Le petit balcon s&rsquo;ouvre sur la prairie fleurie et l&rsquo;\u00e9tang. L&rsquo;appartement de la cabane dans les arbres, baign\u00e9 de lumi\u00e8re et dont le bois a \u00e9t\u00e9 trait\u00e9 diff\u00e9remment, peut accueillir quatre personnes dans ses deux chambres.     <\/p>\n\n<p>La cabane dans les arbres construite en forme conique <strong>Traumblick <\/strong>est parfaite pour des journ\u00e9es et des nuits romantiques \u00e0 deux. Depuis le balcon, la vue s\u2019\u00e9tend sur le vaste domaine avec \u00e9tang, maison de l\u2019\u00e9tang et sauna, jusqu\u2019\u00e0 l\u2019Odenwald. <\/p>\n\n<h2 class=\"wp-block-heading\">\u00c9quipement et confort dans les appartements de la cabane dans les arbres<\/h2>\n<style>.kb-row-layout-id7362_9994f4-8e > .kt-row-column-wrap{align-content:start;}:where(.kb-row-layout-id7362_9994f4-8e > .kt-row-column-wrap) > .wp-block-kadence-column{justify-content:start;}.kb-row-layout-id7362_9994f4-8e > .kt-row-column-wrap{column-gap:var(--global-kb-gap-md, 2rem);row-gap:var(--global-kb-gap-md, 2rem);padding-top:var(--global-kb-spacing-sm, 1.5rem);padding-bottom:var(--global-kb-spacing-sm, 1.5rem);grid-template-columns:repeat(2, minmax(0, 1fr));}.kb-row-layout-id7362_9994f4-8e > .kt-row-layout-overlay{opacity:0.30;}@media all and (max-width: 1024px){.kb-row-layout-id7362_9994f4-8e > .kt-row-column-wrap{grid-template-columns:repeat(2, minmax(0, 1fr));}}@media all and (max-width: 767px){.kb-row-layout-id7362_9994f4-8e > .kt-row-column-wrap{grid-template-columns:minmax(0, 1fr);}}<\/style><div class=\"kb-row-layout-wrap kb-row-layout-id7362_9994f4-8e alignnone wp-block-kadence-rowlayout\"><div class=\"kt-row-column-wrap kt-has-2-columns kt-row-layout-equal kt-tab-layout-inherit kt-mobile-layout-row kt-row-valign-top\">\n<style>.kadence-column7362_4c8f70-f0 > .kt-inside-inner-col,.kadence-column7362_4c8f70-f0 > .kt-inside-inner-col:before{border-top-left-radius:0px;border-top-right-radius:0px;border-bottom-right-radius:0px;border-bottom-left-radius:0px;}.kadence-column7362_4c8f70-f0 > .kt-inside-inner-col{column-gap:var(--global-kb-gap-sm, 1rem);}.kadence-column7362_4c8f70-f0 > .kt-inside-inner-col{flex-direction:column;}.kadence-column7362_4c8f70-f0 > .kt-inside-inner-col > .aligncenter{width:100%;}.kadence-column7362_4c8f70-f0 > .kt-inside-inner-col:before{opacity:0.3;}.kadence-column7362_4c8f70-f0{position:relative;}@media all and (max-width: 1024px){.kadence-column7362_4c8f70-f0 > .kt-inside-inner-col{flex-direction:column;justify-content:center;}}@media all and (max-width: 767px){.kadence-column7362_4c8f70-f0 > .kt-inside-inner-col{flex-direction:column;justify-content:center;}}<\/style>\n<div class=\"wp-block-kadence-column kadence-column7362_4c8f70-f0\"><div class=\"kt-inside-inner-col\">\n<p>Toutes les cabanes dans les arbres sont \u00e9quip\u00e9es d&rsquo;une connexion Wi-Fi, d&rsquo;une cuisine, d&rsquo;une salle de bains et du chauffage. Chaque cabane dans les arbres est \u00e9quip\u00e9e d&rsquo;un canap\u00e9-lit confortable qui peut accueillir un invit\u00e9 suppl\u00e9mentaire. Chaque unit\u00e9 d&rsquo;habitation dispose d&rsquo;une terrasse, d&rsquo;une cuisine enti\u00e8rement \u00e9quip\u00e9e avec r\u00e9frig\u00e9rateur, coin repas et t\u00e9l\u00e9vision \u00e0 \u00e9cran plat, ainsi que d&rsquo;une salle de bains privative avec douche et s\u00e8che-cheveux.  <\/p>\n\n\n\n<h3 class=\"wp-block-heading\">Bien-\u00eatre et d\u00e9tente \u00e0 l&rsquo;h\u00f4tel Baumhaus Odenwald<\/h3>\n\n\n\n<p>Vous pouvez vous d\u00e9tendre dans le sauna, nager dans l&rsquo;\u00e9tang de baignade ou vous asseoir autour d&rsquo;un feu de camp avec vue sur la ferme \u00e0 poney o\u00f9 vit la famille d&rsquo;accueil. Les services inclus comprennent les draps, les serviettes, les peignoirs, l&rsquo;\u00e9tang de baignade, le sauna et la cuisine en plein air. Le bain \u00e0 remous permet de se d\u00e9tendre dans l&rsquo;eau bouillonnante en plein air de mai \u00e0 septembre.  <\/p>\n<\/div><\/div>\n\n\n<style>.kadence-column7362_c48457-21 > .kt-inside-inner-col,.kadence-column7362_c48457-21 > .kt-inside-inner-col:before{border-top-left-radius:0px;border-top-right-radius:0px;border-bottom-right-radius:0px;border-bottom-left-radius:0px;}.kadence-column7362_c48457-21 > .kt-inside-inner-col{column-gap:var(--global-kb-gap-sm, 1rem);}.kadence-column7362_c48457-21 > .kt-inside-inner-col{flex-direction:column;}.kadence-column7362_c48457-21 > .kt-inside-inner-col > .aligncenter{width:100%;}.kadence-column7362_c48457-21 > .kt-inside-inner-col:before{opacity:0.3;}.kadence-column7362_c48457-21{position:relative;}@media all and (max-width: 1024px){.kadence-column7362_c48457-21 > .kt-inside-inner-col{flex-direction:column;justify-content:center;}}@media all and (max-width: 767px){.kadence-column7362_c48457-21 > .kt-inside-inner-col{flex-direction:column;justify-content:center;}}<\/style>\n<div class=\"wp-block-kadence-column kadence-column7362_c48457-21\"><div class=\"kt-inside-inner-col\"><style>.wp-block-kadence-advancedheading.kt-adv-heading7362_d4c346-34, .wp-block-kadence-advancedheading.kt-adv-heading7362_d4c346-34[data-kb-block=\"kb-adv-heading7362_d4c346-34\"]{text-align:center;font-style:normal;}.wp-block-kadence-advancedheading.kt-adv-heading7362_d4c346-34 mark.kt-highlight, .wp-block-kadence-advancedheading.kt-adv-heading7362_d4c346-34[data-kb-block=\"kb-adv-heading7362_d4c346-34\"] mark.kt-highlight{font-style:normal;color:#f76a0c;-webkit-box-decoration-break:clone;box-decoration-break:clone;padding-top:0px;padding-right:0px;padding-bottom:0px;padding-left:0px;}.wp-block-kadence-advancedheading.kt-adv-heading7362_d4c346-34 img.kb-inline-image, .wp-block-kadence-advancedheading.kt-adv-heading7362_d4c346-34[data-kb-block=\"kb-adv-heading7362_d4c346-34\"] img.kb-inline-image{width:150px;vertical-align:baseline;}<\/style>\n<h3 class=\"kt-adv-heading7362_d4c346-34 wp-block-kadence-advancedheading\" data-kb-block=\"kb-adv-heading7362_d4c346-34\">Aper\u00e7u des \u00e9quipements :<\/h3>\n\n\n<style>.kb-table-container7362_a2c310-34{overflow-x:auto;}.kb-table-container .kb-table7362_a2c310-34 th{padding-top:var(--global-kb-spacing-xxs, 0.5rem);padding-right:var(--global-kb-spacing-xxs, 0.5rem);padding-bottom:var(--global-kb-spacing-xxs, 0.5rem);padding-left:var(--global-kb-spacing-xxs, 0.5rem);text-align:center;}.kb-table-container .kb-table7362_a2c310-34 caption{text-align:center;}.kb-table-container .kb-table7362_a2c310-34 td{padding-top:var(--global-kb-spacing-xxs, 0.5rem);padding-right:var(--global-kb-spacing-xxs, 0.5rem);padding-bottom:var(--global-kb-spacing-xxs, 0.5rem);padding-left:var(--global-kb-spacing-xxs, 0.5rem);text-align:left;}<\/style><div class=\"kb-table-container kb-table-container7362_a2c310-34 wp-block-kadence-table\"><table class=\"kb-table kb-table7362_a2c310-34\">\n<tr class=\"kb-table-row kb-table-row7362_2c0de1-eb\">\n<td class=\"kb-table-data kb-table-data7362_3465f6-99\">\n<style>.kb-image7362_f44188-a8 .kb-image-has-overlay:after{opacity:0.3;}<\/style>\n<div class=\"wp-block-kadence-image kb-image7362_f44188-a8\"><figure class=\"aligncenter size-full\"><img loading=\"lazy\" decoding=\"async\" width=\"100\" height=\"100\" src=\"https:\/\/walderlebnispfade.de\/wp-content\/uploads\/2026\/04\/WC.png\" alt=\"WC-Symbol\" class=\"kb-img wp-image-7716\"\/><\/figure><\/div>\n\n<\/td>\n\n<td class=\"kb-table-data kb-table-data7362_ea327e-d0\">\n<style>.kb-image7362_e03ef1-28 .kb-image-has-overlay:after{opacity:0.3;}<\/style>\n<div class=\"wp-block-kadence-image kb-image7362_e03ef1-28\"><figure class=\"aligncenter size-full\"><img loading=\"lazy\" decoding=\"async\" width=\"100\" height=\"100\" src=\"https:\/\/walderlebnispfade.de\/wp-content\/uploads\/2026\/04\/Dusche.png\" alt=\"Dusch-Symbol\" class=\"kb-img wp-image-7711\"\/><\/figure><\/div>\n\n<\/td>\n<\/tr>\n\n<tr class=\"kb-table-row kb-table-row7362_eeb417-6f\">\n<td class=\"kb-table-data kb-table-data7362_c66ee7-31\">\n<style>.kb-image7362_c7e16a-96.kb-image-is-ratio-size, .kb-image7362_c7e16a-96 .kb-image-is-ratio-size{max-width:100px;width:100%;}.wp-block-kadence-column > .kt-inside-inner-col > .kb-image7362_c7e16a-96.kb-image-is-ratio-size, .wp-block-kadence-column > .kt-inside-inner-col > .kb-image7362_c7e16a-96 .kb-image-is-ratio-size{align-self:unset;}.kb-image7362_c7e16a-96 figure{max-width:100px;}.kb-image7362_c7e16a-96 .image-is-svg, .kb-image7362_c7e16a-96 .image-is-svg img{width:100%;}.kb-image7362_c7e16a-96 .kb-image-has-overlay:after{opacity:0.3;}<\/style>\n<div class=\"wp-block-kadence-image kb-image7362_c7e16a-96\"><figure class=\"aligncenter size-full\"><img loading=\"lazy\" decoding=\"async\" width=\"100\" height=\"100\" src=\"https:\/\/walderlebnispfade.de\/wp-content\/uploads\/2026\/04\/Strom.png\" alt=\"Strom-Symbol\" class=\"kb-img wp-image-7715\"\/><\/figure><\/div>\n\n<\/td>\n\n<td class=\"kb-table-data kb-table-data7362_1eb177-f1\">\n<style>.kb-image7362_4cf09b-e9 .kb-image-has-overlay:after{opacity:0.3;}<\/style>\n<div class=\"wp-block-kadence-image kb-image7362_4cf09b-e9\"><figure class=\"aligncenter size-full\"><img loading=\"lazy\" decoding=\"async\" width=\"100\" height=\"100\" src=\"https:\/\/walderlebnispfade.de\/wp-content\/uploads\/2026\/04\/Heizung.png\" alt=\"Heizungs-Symbol\" class=\"kb-img wp-image-7712\"\/><\/figure><\/div>\n\n<\/td>\n<\/tr>\n\n<tr class=\"kb-table-row kb-table-row7362_7e38b0-3d\">\n<td class=\"kb-table-data kb-table-data7362_4b3a8c-02\">\n<style>.kb-image7362_ab9cfc-f8 .kb-image-has-overlay:after{opacity:0.3;}<\/style>\n<div class=\"wp-block-kadence-image kb-image7362_ab9cfc-f8\"><figure class=\"aligncenter size-full\"><img loading=\"lazy\" decoding=\"async\" width=\"100\" height=\"100\" src=\"https:\/\/walderlebnispfade.de\/wp-content\/uploads\/2026\/04\/Kueche.png\" alt=\"K\u00fcchen-Symbol\" class=\"kb-img wp-image-7714\"\/><\/figure><\/div>\n\n<\/td>\n\n<td class=\"kb-table-data kb-table-data7362_c19d68-ab\">\n<style>.kb-image7362_ae22ed-22 .kb-image-has-overlay:after{opacity:0.3;}<\/style>\n<div class=\"wp-block-kadence-image kb-image7362_ae22ed-22\"><figure class=\"aligncenter size-full\"><img loading=\"lazy\" decoding=\"async\" width=\"100\" height=\"100\" src=\"https:\/\/walderlebnispfade.de\/wp-content\/uploads\/2026\/04\/Hunde_Erlaubt.png\" alt=\"Hunde erlaubt Symbol\" class=\"kb-img wp-image-7713\"\/><\/figure><\/div>\n\n<\/td>\n<\/tr>\n<\/table><\/div><\/div><\/div>\n\n<\/div><\/div>\n<p>La maison de l&rsquo;\u00e9tang, avec sa cuisine ext\u00e9rieure et son barbecue pivotant, peut \u00eatre utilis\u00e9e \u00e0 tout moment par tous les h\u00f4tes et est incluse dans le prix. La famille a cr\u00e9\u00e9 un \u00e9tang naturel entour\u00e9 de plantes indig\u00e8nes. L&rsquo;\u00e9tang s&rsquo;anime particuli\u00e8rement au printemps, lorsque les grenouilles viennent y pondre en grand nombre.  <\/p>\n\n<h3 class=\"wp-block-heading\">Cuisine dans les appartements de la cabane dans les arbres<\/h3>\n\n<p>Le petit-d\u00e9jeuner est compos\u00e9 de sp\u00e9cialit\u00e9s fra\u00eeches faites maison. Les confitures sont pr\u00e9par\u00e9es par nos soins, tandis que le miel provient de notre propre apiculture. Les \u0153ufs proviennent directement de poules \u00e9lev\u00e9es en plein air, et le fromage \u00e0 p\u00e2te cuite fait maison ainsi que les savoureuses variations de casse-cro\u00fbte compl\u00e8tent l&rsquo;offre. Un petit-d\u00e9jeuner continental est disponible moyennant un suppl\u00e9ment. Pour 35\u20ac par personne, vous pouvez vous faire concocter un BBQ \u00e0 la carte. V\u00e9g\u00e9tarien ou classique avec de la viande.     <\/p>\n\n<h3 class=\"wp-block-heading\">Situation et environnement<\/h3>\n\n<p>Au c\u0153ur d&rsquo;une for\u00eat paisible, les cabanes dans les arbres au bord de l&rsquo;\u00e9tang offrent une vue sur le <a href=\"http:\/\/www.welsh-gestuet.de\" target=\"_blank\" rel=\"noreferrer noopener\">haras Welsh <\/a>pr\u00e8s du ch\u00e2teau de Breuberg. Des le\u00e7ons d&rsquo;\u00e9quitation individuelles ou des promenades \u00e0 cheval peuvent \u00eatre r\u00e9serv\u00e9es par vos h\u00f4tes. Les for\u00eats de l&rsquo;Odenwald vous invitent \u00e0 faire des randonn\u00e9es \u00e0 pied ou \u00e0 v\u00e9lo.  <\/p>\n<style>.wp-block-kadence-advancedheading.kt-adv-heading7362_bfe190-83, .wp-block-kadence-advancedheading.kt-adv-heading7362_bfe190-83[data-kb-block=\"kb-adv-heading7362_bfe190-83\"]{font-style:normal;}.wp-block-kadence-advancedheading.kt-adv-heading7362_bfe190-83 mark.kt-highlight, .wp-block-kadence-advancedheading.kt-adv-heading7362_bfe190-83[data-kb-block=\"kb-adv-heading7362_bfe190-83\"] mark.kt-highlight{font-style:normal;color:#f76a0c;-webkit-box-decoration-break:clone;box-decoration-break:clone;padding-top:0px;padding-right:0px;padding-bottom:0px;padding-left:0px;}.wp-block-kadence-advancedheading.kt-adv-heading7362_bfe190-83 img.kb-inline-image, .wp-block-kadence-advancedheading.kt-adv-heading7362_bfe190-83[data-kb-block=\"kb-adv-heading7362_bfe190-83\"] img.kb-inline-image{width:150px;vertical-align:baseline;}<\/style>\n<h2 class=\"kt-adv-heading7362_bfe190-83 wp-block-kadence-advancedheading\" data-kb-block=\"kb-adv-heading7362_bfe190-83\">Vid\u00e9o de la cabane dans les arbres de l&rsquo;h\u00f4tel Odenwald<\/h2>\n\n<figure class=\"wp-block-embed is-type-video is-provider-youtube wp-block-embed-youtube wp-embed-aspect-16-9 wp-has-aspect-ratio\"><div class=\"wp-block-embed__wrapper\">\n<iframe loading=\"lazy\" hcb-fetch-image-from=\"https:\/\/youtu.be\/bPq2h60Rr5g?si=xVMp7jvvpk4lWe63\" title=\"Auf Stelzen und mit WLAN: Neue Baumhaus-Apartments im Odenwald | hessenschau\" width=\"720\" height=\"405\" src=\"https:\/\/www.youtube.com\/embed\/bPq2h60Rr5g?feature=oembed\" frameborder=\"0\" allow=\"accelerometer; autoplay; clipboard-write; encrypted-media; gyroscope; picture-in-picture; web-share\" referrerpolicy=\"strict-origin-when-cross-origin\" allowfullscreen><\/iframe>\n<\/div><\/figure>\n\n<h2 class=\"wp-block-heading\">Informations sur l&rsquo;h\u00f4tel de cabanes dans les arbres Odenwald<\/h2>\n\n<figure class=\"wp-block-table\"><table class=\"has-fixed-layout\"><tbody><tr><td>Nombre de cabanes dans les arbres :<\/td><td>3 cabanes dans les arbres<\/td><\/tr><tr><td>Hauteur de vie :<\/td><td>environ 4m<\/td><\/tr><tr><td>Capacit\u00e9 :<\/td><td>jusqu&rsquo;\u00e0 5 personnes<\/td><\/tr><tr><td>R\u00e9servable :<\/td><td>toute l&rsquo;ann\u00e9e<\/td><\/tr><tr><td>Chauffage :<\/td><td>Oui<\/td><\/tr><tr><td>\u00e9lectricit\u00e9 :<\/td><td>Oui<\/td><\/tr><tr><td>Cuisine :<\/td><td>Cuisine avec cafeti\u00e8re, plaque de cuisson, r\u00e9frig\u00e9rateur, four et vaisselle.<\/td><\/tr><tr><td>les installations sanitaires:<\/td><td>Salle de bain avec douche et WC<\/td><\/tr><tr><td>Accessible aux personnes handicap\u00e9es :<\/td><td>Non, car l&rsquo;acc\u00e8s n&rsquo;est possible que par des escaliers.<\/td><\/tr><tr><td>Chiens admis:<\/td><td>Oui, des frais d&rsquo;h\u00e9bergement sont factur\u00e9s.<\/td><\/tr><\/tbody><\/table><figcaption class=\"wp-element-caption\">D\u00e9tails sur l&rsquo;h\u00f4tel cabane dans les arbres Odenwald<\/figcaption><\/figure>\n\n<hr class=\"wp-block-separator has-alpha-channel-opacity\" style=\"margin-top:var(--wp--preset--spacing--50);margin-bottom:var(--wp--preset--spacing--50)\"\/>\n<style>.kadence-column7362_3833d4-ba > .kt-inside-inner-col{display:flex;}.kadence-column7362_3833d4-ba > .kt-inside-inner-col{padding-top:var(--global-kb-spacing-xs, 1rem);padding-right:var(--global-kb-spacing-xs, 1rem);padding-bottom:var(--global-kb-spacing-xs, 1rem);padding-left:var(--global-kb-spacing-xs, 1rem);}.kadence-column7362_3833d4-ba > .kt-inside-inner-col{box-shadow:0px 0px 14px 0px rgba(0, 0, 0, 0.2);}.kadence-column7362_3833d4-ba > .kt-inside-inner-col,.kadence-column7362_3833d4-ba > .kt-inside-inner-col:before{border-top-left-radius:0px;border-top-right-radius:0px;border-bottom-right-radius:0px;border-bottom-left-radius:0px;}.kadence-column7362_3833d4-ba > .kt-inside-inner-col{column-gap:var(--global-kb-gap-sm, 1rem);}.kadence-column7362_3833d4-ba > .kt-inside-inner-col{flex-direction:column;align-items:center;}.kadence-column7362_3833d4-ba > .kt-inside-inner-col > .kb-image-is-ratio-size{align-self:stretch;}.kadence-column7362_3833d4-ba > .kt-inside-inner-col > .wp-block-kadence-advancedgallery{align-self:stretch;}.kadence-column7362_3833d4-ba > .kt-inside-inner-col > .aligncenter{width:100%;}.kadence-column7362_3833d4-ba > .kt-inside-inner-col{background-color:var(--global-palette8, #F7FAFC);}.kadence-column7362_3833d4-ba > .kt-inside-inner-col:before{opacity:0.3;}.kadence-column7362_3833d4-ba{position:relative;}@media all and (max-width: 1024px){.kadence-column7362_3833d4-ba > .kt-inside-inner-col{flex-direction:column;justify-content:center;align-items:center;}}@media all and (max-width: 767px){.kadence-column7362_3833d4-ba > .kt-inside-inner-col{flex-direction:column;justify-content:center;align-items:center;}}<\/style>\n<div class=\"wp-block-kadence-column kadence-column7362_3833d4-ba\"><div class=\"kt-inside-inner-col\">\n<p class=\"has-text-align-center\">Que penses-tu du Baumhaushotel Odenwald ? Laissez-nous une \u00e9valuation, s&rsquo;il vous pla\u00eet.  <br\/>Vous nous aidez ainsi que d&rsquo;autres amoureux de la nature. Merci beaucoup \ud83d\ude42 ! <\/p>\n\n\n\n<div class=\"wp-block-yet-another-stars-rating-visitor-votes aligncenter yasr-vv-block\"><\/div>\n\n\n\n<p>Vous trouverez d&rsquo;autres aventures passionnantes dans notre <a href=\"https:\/\/walderlebnispfade.de\/fr\/experiences-en-foret\/\" data-type=\"page\" data-id=\"228\">recherche d&rsquo;exp\u00e9riences en for\u00eat<\/a> et dans notre <a href=\"https:\/\/walderlebnispfade.de\/fr\/apercu-des-hotels-de-cabanes-dans-les-arbres\/\" data-type=\"post\" data-id=\"5771\">aper\u00e7u des h\u00f4tels dans les arbres<\/a>!<\/p>\n<\/div><\/div>\n\n<hr class=\"wp-block-separator has-alpha-channel-opacity\" style=\"margin-top:var(--wp--preset--spacing--50);margin-bottom:var(--wp--preset--spacing--50)\"\/>\n","protected":false},"author":2,"featured_media":7380,"comment_status":"open","ping_status":"closed","template":"","meta":{"_kad_blocks_custom_css":"","_kad_blocks_head_custom_js":"","_kad_blocks_body_custom_js":"","_kad_blocks_footer_custom_js":"","_kad_post_transparent":"","_kad_post_title":"","_kad_post_layout":"","_kad_post_sidebar_id":"","_kad_post_content_style":"","_kad_post_vertical_padding":"","_kad_post_feature":"","_kad_post_feature_position":"","_kad_post_header":false,"_kad_post_footer":false,"_kad_post_classname":"","yasr_overall_rating":0,"yasr_post_is_review":"","yasr_auto_insert_disabled":"","yasr_review_type":""},"region":[130,136],"erlebnisart":[190,193],"class_list":["post-7381","erlebnisse","type-erlebnisse","status-publish","has-post-thumbnail","hentry","region-deutschland-fr","region-he-fr","erlebnisart-hebergement","erlebnisart-hotel-dans-les-arbres"],"yasr_visitor_votes":{"stars_attributes":{"read_only":false,"span_bottom":false},"number_of_votes":0,"sum_votes":0},"taxonomy_info":{"region":[{"value":130,"label":"Allemagne"},{"value":136,"label":"Hessen"}],"erlebnisart":[{"value":190,"label":"H\u00e9bergement"},{"value":193,"label":"H\u00f4tel dans les arbres"}]},"featured_image_src_large":["https:\/\/walderlebnispfade.de\/wp-content\/uploads\/2025\/10\/Baumhaushotel_Odenwald-1024x576.jpg",1024,576,true],"author_info":{"display_name":"Moni","author_link":"https:\/\/walderlebnispfade.de\/fr\/author\/moni\/"},"comment_info":0,"_links":{"self":[{"href":"https:\/\/walderlebnispfade.de\/fr\/wp-json\/wp\/v2\/erlebnisse\/7381","targetHints":{"allow":["GET"]}}],"collection":[{"href":"https:\/\/walderlebnispfade.de\/fr\/wp-json\/wp\/v2\/erlebnisse"}],"about":[{"href":"https:\/\/walderlebnispfade.de\/fr\/wp-json\/wp\/v2\/types\/erlebnisse"}],"author":[{"embeddable":true,"href":"https:\/\/walderlebnispfade.de\/fr\/wp-json\/wp\/v2\/users\/2"}],"replies":[{"embeddable":true,"href":"https:\/\/walderlebnispfade.de\/fr\/wp-json\/wp\/v2\/comments?post=7381"}],"wp:featuredmedia":[{"embeddable":true,"href":"https:\/\/walderlebnispfade.de\/fr\/wp-json\/wp\/v2\/media\/7380"}],"wp:attachment":[{"href":"https:\/\/walderlebnispfade.de\/fr\/wp-json\/wp\/v2\/media?parent=7381"}],"wp:term":[{"taxonomy":"region","embeddable":true,"href":"https:\/\/walderlebnispfade.de\/fr\/wp-json\/wp\/v2\/region?post=7381"},{"taxonomy":"erlebnisart","embeddable":true,"href":"https:\/\/walderlebnispfade.de\/fr\/wp-json\/wp\/v2\/erlebnisart?post=7381"}],"curies":[{"name":"wp","href":"https:\/\/api.w.org\/{rel}","templated":true}]}}