{"id":7387,"date":"2025-10-30T18:57:56","date_gmt":"2025-10-30T17:57:56","guid":{"rendered":"https:\/\/walderlebnispfade.de\/erlebnisse\/hotel-cabane-dans-les-arbres-uckermark\/"},"modified":"2026-04-22T09:18:03","modified_gmt":"2026-04-22T07:18:03","slug":"hotel-cabane-dans-les-arbres-uckermark","status":"publish","type":"erlebnisse","link":"https:\/\/walderlebnispfade.de\/fr\/erlebnisse\/hotel-cabane-dans-les-arbres-uckermark\/","title":{"rendered":"H\u00f4tel cabane dans les arbres Uckermark"},"content":{"rendered":"<style>.wp-block-kadence-advancedheading.kt-adv-heading7353_e197b1-5b, .wp-block-kadence-advancedheading.kt-adv-heading7353_e197b1-5b[data-kb-block=\"kb-adv-heading7353_e197b1-5b\"]{font-style:normal;}.wp-block-kadence-advancedheading.kt-adv-heading7353_e197b1-5b mark.kt-highlight, .wp-block-kadence-advancedheading.kt-adv-heading7353_e197b1-5b[data-kb-block=\"kb-adv-heading7353_e197b1-5b\"] mark.kt-highlight{font-style:normal;color:#f76a0c;-webkit-box-decoration-break:clone;box-decoration-break:clone;padding-top:0px;padding-right:0px;padding-bottom:0px;padding-left:0px;}.wp-block-kadence-advancedheading.kt-adv-heading7353_e197b1-5b img.kb-inline-image, .wp-block-kadence-advancedheading.kt-adv-heading7353_e197b1-5b[data-kb-block=\"kb-adv-heading7353_e197b1-5b\"] img.kb-inline-image{width:150px;vertical-align:baseline;}<\/style>\n<h2 class=\"kt-adv-heading7353_e197b1-5b wp-block-kadence-advancedheading\" data-kb-block=\"kb-adv-heading7353_e197b1-5b\">Cabanes dans les arbres d\u2019exception en Uckermark<\/h2>\n\n<p>L&rsquo;h\u00f4tel Baumhaus Uckermark est situ\u00e9 sur le domaine de Gollin dans la r\u00e9serve de biosph\u00e8re de Schorfheide-Chorin, \u00e0 environ 60 kilom\u00e8tres au nord-est de Berlin. Les six cabanes dans les arbres exceptionnelles ont \u00e9t\u00e9 construites en 2017 au c\u0153ur de l&rsquo;une des plus grandes zones foresti\u00e8res contigu\u00ebs d&rsquo;Allemagne. Chacune des six cabanes dans les arbres, con\u00e7ues individuellement, est am\u00e9nag\u00e9e de mani\u00e8re confortable et rustique et dispose d&rsquo;une v\u00e9randa avec des si\u00e8ges. Vous pouvez choisir entre diff\u00e9rentes tailles : Les cabanes dans les arbres peuvent accueillir de 2 \u00e0 6 personnes.   <\/p>\n<style>.kb-table-of-content-nav.kb-table-of-content-id7353_f9bfd8-38 .kb-table-of-content-wrap{padding-top:var(--global-kb-spacing-sm, 1.5rem);padding-right:var(--global-kb-spacing-sm, 1.5rem);padding-bottom:var(--global-kb-spacing-sm, 1.5rem);padding-left:var(--global-kb-spacing-sm, 1.5rem);background-color:var(--global-palette8, #F7FAFC);box-shadow:inset 0px 0px 14px 0px rgba(0, 0, 0, 0.2);}.kb-table-of-content-nav.kb-table-of-content-id7353_f9bfd8-38 .kb-table-of-contents-title-wrap{padding-top:0px;padding-right:0px;padding-bottom:0px;padding-left:0px;}.kb-table-of-content-nav.kb-table-of-content-id7353_f9bfd8-38 .kb-table-of-contents-title{font-weight:regular;font-style:normal;}.kb-table-of-content-nav.kb-table-of-content-id7353_f9bfd8-38 .kb-table-of-content-wrap .kb-table-of-content-list{font-weight:regular;font-style:normal;margin-top:var(--global-kb-spacing-sm, 1.5rem);margin-right:0px;margin-bottom:0px;margin-left:0px;}.kb-table-of-content-nav.kb-table-of-content-id7353_f9bfd8-38 .kb-toggle-icon-style-basiccircle .kb-table-of-contents-icon-trigger:after, .kb-table-of-content-nav.kb-table-of-content-id7353_f9bfd8-38 .kb-toggle-icon-style-basiccircle .kb-table-of-contents-icon-trigger:before, .kb-table-of-content-nav.kb-table-of-content-id7353_f9bfd8-38 .kb-toggle-icon-style-arrowcircle .kb-table-of-contents-icon-trigger:after, .kb-table-of-content-nav.kb-table-of-content-id7353_f9bfd8-38 .kb-toggle-icon-style-arrowcircle .kb-table-of-contents-icon-trigger:before, .kb-table-of-content-nav.kb-table-of-content-id7353_f9bfd8-38 .kb-toggle-icon-style-xclosecircle .kb-table-of-contents-icon-trigger:after, .kb-table-of-content-nav.kb-table-of-content-id7353_f9bfd8-38 .kb-toggle-icon-style-xclosecircle .kb-table-of-contents-icon-trigger:before{background-color:var(--global-palette8, #F7FAFC);}<\/style>\n<p>La cabane dans les arbres \u00ab\u00a0Entenstrich\u00a0\u00bb est petite, calme et rustique et donc id\u00e9ale pour deux personnes avec une belle vue sur la verdure. Contrairement aux cinq autres, elle ne dispose pas d&rsquo;\u00e9lectricit\u00e9 ni de chauffage. Elle n&rsquo;est donc pas utilisable en hiver. La \u00ab\u00a0Hexenhaus\u00a0\u00bb s&rsquo;\u00e9tend sur deux niveaux et peut accueillir jusqu&rsquo;\u00e0 4 personnes avec deux lits simples en haut et un lit double en bas. La \u00ab\u00a0Haselburg\u00a0\u00bb est la plus grande cabane dans les arbres et peut accueillir jusqu&rsquo;\u00e0 6 personnes.      <\/p>\n\n<h2 class=\"wp-block-heading\">Baumhaushotel Uckermark : \u00e9quipement et confort<\/h2>\n\n<p>Chaque cabane dans les arbres est \u00e9quip\u00e9e de toilettes s\u00e8ches bio sur place. Des installations modernes de douche et de lavage sont \u00e0 votre disposition \u00e0 une courte distance, environ 200 \u00e0 350 m\u00e8tres. Gr\u00e2ce au chauffage et \u00e0 l&rsquo;\u00e9lectricit\u00e9, presque tous les h\u00e9bergements peuvent \u00eatre r\u00e9serv\u00e9s toute l&rsquo;ann\u00e9e. La vaisselle, les couverts et l&rsquo;eau en bouteille sont disponibles. Un compartiment r\u00e9frig\u00e9rateur se trouve dans la maison principale. Des couvertures et des oreillers suppl\u00e9mentaires sont \u00e9galement disponibles, ainsi que des si\u00e8ges \u00e0 l&rsquo;int\u00e9rieur et \u00e0 l&rsquo;ext\u00e9rieur.     <\/p>\n<style>.kb-row-layout-id7353_b0dcfc-74 > .kt-row-column-wrap{align-content:start;}:where(.kb-row-layout-id7353_b0dcfc-74 > .kt-row-column-wrap) > .wp-block-kadence-column{justify-content:start;}.kb-row-layout-id7353_b0dcfc-74 > .kt-row-column-wrap{column-gap:var(--global-kb-gap-md, 2rem);row-gap:var(--global-kb-gap-md, 2rem);padding-top:var(--global-kb-spacing-sm, 1.5rem);padding-bottom:var(--global-kb-spacing-sm, 1.5rem);grid-template-columns:repeat(2, minmax(0, 1fr));}.kb-row-layout-id7353_b0dcfc-74 > .kt-row-layout-overlay{opacity:0.30;}@media all and (max-width: 1024px){.kb-row-layout-id7353_b0dcfc-74 > .kt-row-column-wrap{grid-template-columns:repeat(2, minmax(0, 1fr));}}@media all and (max-width: 767px){.kb-row-layout-id7353_b0dcfc-74 > .kt-row-column-wrap{grid-template-columns:minmax(0, 1fr);}}<\/style><div class=\"kb-row-layout-wrap kb-row-layout-id7353_b0dcfc-74 alignnone wp-block-kadence-rowlayout\"><div class=\"kt-row-column-wrap kt-has-2-columns kt-row-layout-equal kt-tab-layout-inherit kt-mobile-layout-row kt-row-valign-top\">\n<style>.kadence-column7353_d36c45-aa > .kt-inside-inner-col,.kadence-column7353_d36c45-aa > .kt-inside-inner-col:before{border-top-left-radius:0px;border-top-right-radius:0px;border-bottom-right-radius:0px;border-bottom-left-radius:0px;}.kadence-column7353_d36c45-aa > .kt-inside-inner-col{column-gap:var(--global-kb-gap-sm, 1rem);}.kadence-column7353_d36c45-aa > .kt-inside-inner-col{flex-direction:column;}.kadence-column7353_d36c45-aa > .kt-inside-inner-col > .aligncenter{width:100%;}.kadence-column7353_d36c45-aa > .kt-inside-inner-col:before{opacity:0.3;}.kadence-column7353_d36c45-aa{position:relative;}@media all and (max-width: 1024px){.kadence-column7353_d36c45-aa > .kt-inside-inner-col{flex-direction:column;justify-content:center;}}@media all and (max-width: 767px){.kadence-column7353_d36c45-aa > .kt-inside-inner-col{flex-direction:column;justify-content:center;}}<\/style>\n<div class=\"wp-block-kadence-column kadence-column7353_d36c45-aa\"><div class=\"kt-inside-inner-col\">\n<h3 class=\"wp-block-heading\">Culinaire et extras<\/h3>\n\n\n\n<p>Vous pouvez vous faire servir un petit-d\u00e9jeuner fait maison avec les meilleurs ingr\u00e9dients directement dans la canop\u00e9e, sur votre v\u00e9randa. Le petit-d\u00e9jeuner pour adultes co\u00fbte 15 euros et 10 euros pour les enfants. Un petit-d\u00e9jeuner enti\u00e8rement v\u00e9g\u00e9tarien ou v\u00e9g\u00e9talien est possible sur r\u00e9servation.  <\/p>\n\n\n\n<p>Pour les soir\u00e9es agr\u00e9ables, vous avez \u00e0 votre disposition un foyer avec barbecue et un sauna en tonneau chauff\u00e9 au feu. <span style=\"box-sizing: border-box; margin: 0px; padding: 0px;\">Le domaine de Gollin dispose d&rsquo;un caf\u00e9 et d&rsquo;un <a href=\"https:\/\/www.gut-gollin.de\/hofladen\" target=\"_blank\" rel=\"noopener\">magasin \u00e0 la ferme<\/a> proposant de nombreux produits maison<\/span>, notamment de la viande de b\u0153uf, de gibier ou de porc. Vous trouverez \u00e9galement plusieurs restaurants dans les environs, comme <a href=\"https:\/\/www.villa-toscana-templin.de\/\" target=\"_blank\" rel=\"noreferrer noopener\">la Villa Toscana<\/a> et le <a href=\"https:\/\/www.seegaststaette-shanty-templin.de\/\" target=\"_blank\" rel=\"noreferrer noopener\">Shanty Seegastst\u00e4tte<\/a>. <\/p>\n<\/div><\/div>\n\n\n<style>.kadence-column7353_cca960-d1 > .kt-inside-inner-col,.kadence-column7353_cca960-d1 > .kt-inside-inner-col:before{border-top-left-radius:0px;border-top-right-radius:0px;border-bottom-right-radius:0px;border-bottom-left-radius:0px;}.kadence-column7353_cca960-d1 > .kt-inside-inner-col{column-gap:var(--global-kb-gap-sm, 1rem);}.kadence-column7353_cca960-d1 > .kt-inside-inner-col{flex-direction:column;}.kadence-column7353_cca960-d1 > .kt-inside-inner-col > .aligncenter{width:100%;}.kadence-column7353_cca960-d1 > .kt-inside-inner-col:before{opacity:0.3;}.kadence-column7353_cca960-d1{position:relative;}@media all and (max-width: 1024px){.kadence-column7353_cca960-d1 > .kt-inside-inner-col{flex-direction:column;justify-content:center;}}@media all and (max-width: 767px){.kadence-column7353_cca960-d1 > .kt-inside-inner-col{flex-direction:column;justify-content:center;}}<\/style>\n<div class=\"wp-block-kadence-column kadence-column7353_cca960-d1\"><div class=\"kt-inside-inner-col\"><style>.wp-block-kadence-advancedheading.kt-adv-heading7353_736c1b-5a, .wp-block-kadence-advancedheading.kt-adv-heading7353_736c1b-5a[data-kb-block=\"kb-adv-heading7353_736c1b-5a\"]{text-align:center;font-style:normal;}.wp-block-kadence-advancedheading.kt-adv-heading7353_736c1b-5a mark.kt-highlight, .wp-block-kadence-advancedheading.kt-adv-heading7353_736c1b-5a[data-kb-block=\"kb-adv-heading7353_736c1b-5a\"] mark.kt-highlight{font-style:normal;color:#f76a0c;-webkit-box-decoration-break:clone;box-decoration-break:clone;padding-top:0px;padding-right:0px;padding-bottom:0px;padding-left:0px;}.wp-block-kadence-advancedheading.kt-adv-heading7353_736c1b-5a img.kb-inline-image, .wp-block-kadence-advancedheading.kt-adv-heading7353_736c1b-5a[data-kb-block=\"kb-adv-heading7353_736c1b-5a\"] img.kb-inline-image{width:150px;vertical-align:baseline;}<\/style>\n<h3 class=\"kt-adv-heading7353_736c1b-5a wp-block-kadence-advancedheading\" data-kb-block=\"kb-adv-heading7353_736c1b-5a\">Aper\u00e7u des \u00e9quipements :<\/h3>\n\n\n<style>.kb-table-container7353_9fc393-1d{overflow-x:auto;}.kb-table-container .kb-table7353_9fc393-1d th{padding-top:var(--global-kb-spacing-xxs, 0.5rem);padding-right:var(--global-kb-spacing-xxs, 0.5rem);padding-bottom:var(--global-kb-spacing-xxs, 0.5rem);padding-left:var(--global-kb-spacing-xxs, 0.5rem);text-align:center;}.kb-table-container .kb-table7353_9fc393-1d caption{text-align:center;}.kb-table-container .kb-table7353_9fc393-1d td{padding-top:var(--global-kb-spacing-xxs, 0.5rem);padding-right:var(--global-kb-spacing-xxs, 0.5rem);padding-bottom:var(--global-kb-spacing-xxs, 0.5rem);padding-left:var(--global-kb-spacing-xxs, 0.5rem);text-align:left;}<\/style><div class=\"kb-table-container kb-table-container7353_9fc393-1d wp-block-kadence-table\"><table class=\"kb-table kb-table7353_9fc393-1d\">\n<tr class=\"kb-table-row kb-table-row7353_72955e-62\">\n<td class=\"kb-table-data kb-table-data7353_2b4f94-27\">\n<style>.kb-image7353_4f45c5-bb.kb-image-is-ratio-size, .kb-image7353_4f45c5-bb .kb-image-is-ratio-size{max-width:100px;width:100%;}.wp-block-kadence-column > .kt-inside-inner-col > .kb-image7353_4f45c5-bb.kb-image-is-ratio-size, .wp-block-kadence-column > .kt-inside-inner-col > .kb-image7353_4f45c5-bb .kb-image-is-ratio-size{align-self:unset;}.kb-image7353_4f45c5-bb figure{max-width:100px;}.kb-image7353_4f45c5-bb .image-is-svg, .kb-image7353_4f45c5-bb .image-is-svg img{width:100%;}.kb-image7353_4f45c5-bb .kb-image-has-overlay:after{opacity:0.3;}<\/style>\n<div class=\"wp-block-kadence-image kb-image7353_4f45c5-bb\"><figure class=\"aligncenter size-full\"><img loading=\"lazy\" decoding=\"async\" width=\"100\" height=\"100\" src=\"https:\/\/walderlebnispfade.de\/wp-content\/uploads\/2026\/04\/Strom.png\" alt=\"Strom-Symbol\" class=\"kb-img wp-image-7715\"\/><\/figure><\/div>\n\n<\/td>\n\n<td class=\"kb-table-data kb-table-data7353_c769b0-71\">\n<style>.kb-image7353_36f945-cd .kb-image-has-overlay:after{opacity:0.3;}<\/style>\n<div class=\"wp-block-kadence-image kb-image7353_36f945-cd\"><figure class=\"aligncenter size-full\"><img loading=\"lazy\" decoding=\"async\" width=\"100\" height=\"100\" src=\"https:\/\/walderlebnispfade.de\/wp-content\/uploads\/2026\/04\/Heizung.png\" alt=\"Heizungs-Symbol\" class=\"kb-img wp-image-7712\"\/><\/figure><\/div>\n\n<\/td>\n<\/tr>\n\n<tr class=\"kb-table-row kb-table-row7353_5eaa23-ce\">\n<td class=\"kb-table-data kb-table-data7353_9ad1e8-5c\">\n<style>.kb-image7353_6ecf06-e7 .kb-image-has-overlay:after{opacity:0.3;}<\/style>\n<div class=\"wp-block-kadence-image kb-image7353_6ecf06-e7\"><figure class=\"aligncenter size-full\"><img loading=\"lazy\" decoding=\"async\" width=\"100\" height=\"100\" src=\"https:\/\/walderlebnispfade.de\/wp-content\/uploads\/2026\/04\/WC.png\" alt=\"WC-Symbol\" class=\"kb-img wp-image-7716\"\/><\/figure><\/div>\n\n<\/td>\n\n<td class=\"kb-table-data kb-table-data7353_3b74c0-82\">\n\n<p><\/p>\n\n<\/td>\n<\/tr>\n<\/table><\/div><\/div><\/div>\n\n<\/div><\/div>\n<h3 class=\"wp-block-heading\">Situation et possibilit\u00e9s de loisirs<\/h3>\n\n<p>L\u2019Uckermark et la r\u00e9serve de biosph\u00e8re de Schorfheide-Chorin, avec leurs collines douces, leurs lacs cristallins et leurs vastes for\u00eats, sont une invitation aux randonn\u00e9es \u00e0 pied ou \u00e0 v\u00e9lo. <span style=\"box-sizing: border-box; margin: 0px; padding: 0px;\">Il est m<\/span>ossible de louer des v\u00e9los et des v\u00e9los \u00e9lectriques chez <a href=\"https:\/\/www.fahrradservice-winkler.de\/leihraeder\/\" data-type=\"link\" data-id=\"https:\/\/www.fahrradservice-winkler.de\/leihraeder\/\" target=\"_blank\" rel=\"noreferrer noopener\">Fahrradservice Winkler<\/a>. Un petit \u00ab safari sauvage \u00bb vous permet d\u2019observer de pr\u00e8s des animaux tels que les cerfs \u00e9laphes et les daims. Des lacs de baignade se trouvent \u00e9galement \u00e0 proximit\u00e9.   L\u2019\u00e9tablissement dispose d\u2019une piscine ouverte de fin avril \u00e0 fin septembre. <\/p>\n<style>.wp-block-kadence-advancedheading.kt-adv-heading7353_f18fb0-58, .wp-block-kadence-advancedheading.kt-adv-heading7353_f18fb0-58[data-kb-block=\"kb-adv-heading7353_f18fb0-58\"]{font-style:normal;}.wp-block-kadence-advancedheading.kt-adv-heading7353_f18fb0-58 mark.kt-highlight, .wp-block-kadence-advancedheading.kt-adv-heading7353_f18fb0-58[data-kb-block=\"kb-adv-heading7353_f18fb0-58\"] mark.kt-highlight{font-style:normal;color:#f76a0c;-webkit-box-decoration-break:clone;box-decoration-break:clone;padding-top:0px;padding-right:0px;padding-bottom:0px;padding-left:0px;}.wp-block-kadence-advancedheading.kt-adv-heading7353_f18fb0-58 img.kb-inline-image, .wp-block-kadence-advancedheading.kt-adv-heading7353_f18fb0-58[data-kb-block=\"kb-adv-heading7353_f18fb0-58\"] img.kb-inline-image{width:150px;vertical-align:baseline;}<\/style>\n<h2 class=\"kt-adv-heading7353_f18fb0-58 wp-block-kadence-advancedheading\" data-kb-block=\"kb-adv-heading7353_f18fb0-58\">Vid\u00e9o de la cabane dans les arbres de l&rsquo;h\u00f4tel Uckermark<\/h2>\n\n<figure class=\"wp-block-embed is-type-video is-provider-youtube wp-block-embed-youtube wp-embed-aspect-16-9 wp-has-aspect-ratio\"><div class=\"wp-block-embed__wrapper\">\n<iframe loading=\"lazy\" hcb-fetch-image-from=\"https:\/\/youtu.be\/FSuguWvcnqE?si=d94ZPmPNV8UwNKkF\" title=\"Kindheitstraum im Baumhaus \u00fcbernachten Vlog 2023 - Baumhaushotel Uckermark\" width=\"720\" height=\"405\" src=\"https:\/\/www.youtube.com\/embed\/FSuguWvcnqE?feature=oembed\" frameborder=\"0\" allow=\"accelerometer; autoplay; clipboard-write; encrypted-media; gyroscope; picture-in-picture; web-share\" referrerpolicy=\"strict-origin-when-cross-origin\" allowfullscreen><\/iframe>\n<\/div><\/figure>\n\n<h2 class=\"wp-block-heading\">Informations sur l&rsquo;h\u00f4tel Baumhaus Uckermark<\/h2>\n\n<figure class=\"wp-block-table\"><table class=\"has-fixed-layout\"><tbody><tr><td>Nombre de cabanes dans les arbres :<\/td><td>6 cabanes dans les arbres<\/td><\/tr><tr><td>Hauteur de vie :<\/td><td>environ 4m<\/td><\/tr><tr><td>Capacit\u00e9 :<\/td><td>2-6 personnes<\/td><\/tr><tr><td>R\u00e9servable :<\/td><td>5 sur 6 toute l&rsquo;ann\u00e9e  <\/td><\/tr><tr><td>Chauffage :<\/td><td>Oui<\/td><\/tr><tr><td>\u00e9lectricit\u00e9 :<\/td><td>Oui<\/td><\/tr><tr><td>Cuisine :<\/td><td>Bouilloire, thermos, machine \u00e0 caf\u00e9 French Press<\/td><\/tr><tr><td>les installations sanitaires:<\/td><td>Toilettes s\u00e8ches bio<\/td><\/tr><tr><td>Accessible aux personnes handicap\u00e9es :<\/td><td>Non, car l&rsquo;acc\u00e8s n&rsquo;est possible que par des escaliers.<\/td><\/tr><tr><td>Chiens admis:<\/td><td>Non<\/td><\/tr><\/tbody><\/table><figcaption class=\"wp-element-caption\">D\u00e9tails sur Baumhaushotel Uckermark<\/figcaption><\/figure>\n\n<hr class=\"wp-block-separator has-alpha-channel-opacity\" style=\"margin-top:var(--wp--preset--spacing--50);margin-bottom:var(--wp--preset--spacing--50)\"\/>\n<style>.kadence-column7353_4dd937-77 > .kt-inside-inner-col{display:flex;}.kadence-column7353_4dd937-77 > .kt-inside-inner-col{padding-top:var(--global-kb-spacing-xs, 1rem);padding-right:var(--global-kb-spacing-xs, 1rem);padding-bottom:var(--global-kb-spacing-xs, 1rem);padding-left:var(--global-kb-spacing-xs, 1rem);}.kadence-column7353_4dd937-77 > .kt-inside-inner-col{box-shadow:0px 0px 14px 0px rgba(0, 0, 0, 0.2);}.kadence-column7353_4dd937-77 > .kt-inside-inner-col,.kadence-column7353_4dd937-77 > .kt-inside-inner-col:before{border-top-left-radius:0px;border-top-right-radius:0px;border-bottom-right-radius:0px;border-bottom-left-radius:0px;}.kadence-column7353_4dd937-77 > .kt-inside-inner-col{column-gap:var(--global-kb-gap-sm, 1rem);}.kadence-column7353_4dd937-77 > .kt-inside-inner-col{flex-direction:column;align-items:center;}.kadence-column7353_4dd937-77 > .kt-inside-inner-col > .kb-image-is-ratio-size{align-self:stretch;}.kadence-column7353_4dd937-77 > .kt-inside-inner-col > .wp-block-kadence-advancedgallery{align-self:stretch;}.kadence-column7353_4dd937-77 > .kt-inside-inner-col > .aligncenter{width:100%;}.kadence-column7353_4dd937-77 > .kt-inside-inner-col{background-color:var(--global-palette8, #F7FAFC);}.kadence-column7353_4dd937-77 > .kt-inside-inner-col:before{opacity:0.3;}.kadence-column7353_4dd937-77{position:relative;}@media all and (max-width: 1024px){.kadence-column7353_4dd937-77 > .kt-inside-inner-col{flex-direction:column;justify-content:center;align-items:center;}}@media all and (max-width: 767px){.kadence-column7353_4dd937-77 > .kt-inside-inner-col{flex-direction:column;justify-content:center;align-items:center;}}<\/style>\n<div class=\"wp-block-kadence-column kadence-column7353_4dd937-77\"><div class=\"kt-inside-inner-col\">\n<p class=\"has-text-align-center\">Comment trouvez-vous l\u2019h\u00f4tel cabane perch\u00e9e Uckermark ? Laissez-nous une \u00e9valuation, s&rsquo;il vous pla\u00eet.  <br\/>Vous nous aidez ainsi que d&rsquo;autres amoureux de la nature. Merci beaucoup \ud83d\ude42 !<\/p>\n\n\n\n<div class=\"wp-block-yet-another-stars-rating-visitor-votes aligncenter yasr-vv-block\"><\/div>\n\n\n\n<p>Vous trouverez d&rsquo;autres aventures passionnantes dans notre <a href=\"https:\/\/walderlebnispfade.de\/fr\/experiences-en-foret\/\" data-type=\"page\" data-id=\"228\">recherche d&rsquo;exp\u00e9riences en for\u00eat<\/a> et dans notre <a href=\"https:\/\/walderlebnispfade.de\/fr\/apercu-des-hotels-de-cabanes-dans-les-arbres\/\" data-type=\"post\" data-id=\"5771\">aper\u00e7u des h\u00f4tels dans les arbres<\/a>!<\/p>\n<\/div><\/div>\n\n<hr class=\"wp-block-separator has-alpha-channel-opacity\" style=\"margin-top:var(--wp--preset--spacing--50);margin-bottom:var(--wp--preset--spacing--50)\"\/>\n\n<p><\/p>\n","protected":false},"author":2,"featured_media":7386,"comment_status":"open","ping_status":"closed","template":"","meta":{"_kad_blocks_custom_css":"","_kad_blocks_head_custom_js":"","_kad_blocks_body_custom_js":"","_kad_blocks_footer_custom_js":"","_kad_post_transparent":"","_kad_post_title":"","_kad_post_layout":"","_kad_post_sidebar_id":"","_kad_post_content_style":"","_kad_post_vertical_padding":"","_kad_post_feature":"","_kad_post_feature_position":"","_kad_post_header":false,"_kad_post_footer":false,"_kad_post_classname":"","yasr_overall_rating":0,"yasr_post_is_review":"","yasr_auto_insert_disabled":"","yasr_review_type":""},"region":[130,148],"erlebnisart":[190,193],"class_list":["post-7387","erlebnisse","type-erlebnisse","status-publish","has-post-thumbnail","hentry","region-deutschland-fr","region-bb-fr","erlebnisart-hebergement","erlebnisart-hotel-dans-les-arbres"],"yasr_visitor_votes":{"stars_attributes":{"read_only":false,"span_bottom":false},"number_of_votes":0,"sum_votes":0},"taxonomy_info":{"region":[{"value":130,"label":"Allemagne"},{"value":148,"label":"Brandenburg"}],"erlebnisart":[{"value":190,"label":"H\u00e9bergement"},{"value":193,"label":"H\u00f4tel dans les arbres"}]},"featured_image_src_large":["https:\/\/walderlebnispfade.de\/wp-content\/uploads\/2025\/10\/Baumhaushotel_Uckermark-1024x576.jpg",1024,576,true],"author_info":{"display_name":"Moni","author_link":"https:\/\/walderlebnispfade.de\/fr\/author\/moni\/"},"comment_info":0,"_links":{"self":[{"href":"https:\/\/walderlebnispfade.de\/fr\/wp-json\/wp\/v2\/erlebnisse\/7387","targetHints":{"allow":["GET"]}}],"collection":[{"href":"https:\/\/walderlebnispfade.de\/fr\/wp-json\/wp\/v2\/erlebnisse"}],"about":[{"href":"https:\/\/walderlebnispfade.de\/fr\/wp-json\/wp\/v2\/types\/erlebnisse"}],"author":[{"embeddable":true,"href":"https:\/\/walderlebnispfade.de\/fr\/wp-json\/wp\/v2\/users\/2"}],"replies":[{"embeddable":true,"href":"https:\/\/walderlebnispfade.de\/fr\/wp-json\/wp\/v2\/comments?post=7387"}],"wp:featuredmedia":[{"embeddable":true,"href":"https:\/\/walderlebnispfade.de\/fr\/wp-json\/wp\/v2\/media\/7386"}],"wp:attachment":[{"href":"https:\/\/walderlebnispfade.de\/fr\/wp-json\/wp\/v2\/media?parent=7387"}],"wp:term":[{"taxonomy":"region","embeddable":true,"href":"https:\/\/walderlebnispfade.de\/fr\/wp-json\/wp\/v2\/region?post=7387"},{"taxonomy":"erlebnisart","embeddable":true,"href":"https:\/\/walderlebnispfade.de\/fr\/wp-json\/wp\/v2\/erlebnisart?post=7387"}],"curies":[{"name":"wp","href":"https:\/\/api.w.org\/{rel}","templated":true}]}}