{"id":7438,"date":"2025-11-01T15:21:32","date_gmt":"2025-11-01T14:21:32","guid":{"rendered":"https:\/\/walderlebnispfade.de\/erlebnisse\/hotel-kenners-avec-cabane-dans-les-arbres\/"},"modified":"2026-04-22T09:16:46","modified_gmt":"2026-04-22T07:16:46","slug":"hotel-kenners-avec-cabane-dans-les-arbres","status":"publish","type":"erlebnisse","link":"https:\/\/walderlebnispfade.de\/fr\/erlebnisse\/hotel-kenners-avec-cabane-dans-les-arbres\/","title":{"rendered":"H\u00f4tel Kenners avec cabane dans les arbres"},"content":{"rendered":"<style>.wp-block-kadence-advancedheading.kt-adv-heading7430_50de5f-b0, .wp-block-kadence-advancedheading.kt-adv-heading7430_50de5f-b0[data-kb-block=\"kb-adv-heading7430_50de5f-b0\"]{font-style:normal;}.wp-block-kadence-advancedheading.kt-adv-heading7430_50de5f-b0 mark.kt-highlight, .wp-block-kadence-advancedheading.kt-adv-heading7430_50de5f-b0[data-kb-block=\"kb-adv-heading7430_50de5f-b0\"] mark.kt-highlight{font-style:normal;color:#f76a0c;-webkit-box-decoration-break:clone;box-decoration-break:clone;padding-top:0px;padding-right:0px;padding-bottom:0px;padding-left:0px;}.wp-block-kadence-advancedheading.kt-adv-heading7430_50de5f-b0 img.kb-inline-image, .wp-block-kadence-advancedheading.kt-adv-heading7430_50de5f-b0[data-kb-block=\"kb-adv-heading7430_50de5f-b0\"] img.kb-inline-image{width:150px;vertical-align:baseline;}<\/style>\n<h2 class=\"kt-adv-heading7430_50de5f-b0 wp-block-kadence-advancedheading\" data-kb-block=\"kb-adv-heading7430_50de5f-b0\">H\u00e9bergements confortables en hauteur<\/h2>\n\n<p>Dans le Wendland, au nord de la Basse-Saxe, se trouve le BIO-H\u00f4tel Kenners LandLust, dans la commune de G\u00f6hrde. En s\u00e9journant ici, vous avez le choix entre diff\u00e9rentes chambres dans le b\u00e2timent principal et le village de cabanes BIO en lisi\u00e8re de for\u00eat. Les cabanes dans les arbres allient une architecture moderne \u00e0 la sensation de vivre directement dans la canop\u00e9e. Grands balcons, vue sur le ciel \u00e9toil\u00e9 et pi\u00e8ces baign\u00e9es de lumi\u00e8re font de ce s\u00e9jour bien plus qu\u2019une simple nuit\u00e9e.    <\/p>\n<style>.kb-table-of-content-nav.kb-table-of-content-id7430_757d20-71 .kb-table-of-content-wrap{padding-top:var(--global-kb-spacing-sm, 1.5rem);padding-right:var(--global-kb-spacing-sm, 1.5rem);padding-bottom:var(--global-kb-spacing-sm, 1.5rem);padding-left:var(--global-kb-spacing-sm, 1.5rem);background-color:var(--global-palette8, #F7FAFC);box-shadow:inset 0px 0px 14px 0px rgba(0, 0, 0, 0.2);}.kb-table-of-content-nav.kb-table-of-content-id7430_757d20-71 .kb-table-of-contents-title-wrap{padding-top:0px;padding-right:0px;padding-bottom:0px;padding-left:0px;}.kb-table-of-content-nav.kb-table-of-content-id7430_757d20-71 .kb-table-of-contents-title{font-weight:regular;font-style:normal;}.kb-table-of-content-nav.kb-table-of-content-id7430_757d20-71 .kb-table-of-content-wrap .kb-table-of-content-list{font-weight:regular;font-style:normal;margin-top:var(--global-kb-spacing-sm, 1.5rem);margin-right:0px;margin-bottom:0px;margin-left:0px;}.kb-table-of-content-nav.kb-table-of-content-id7430_757d20-71 .kb-toggle-icon-style-basiccircle .kb-table-of-contents-icon-trigger:after, .kb-table-of-content-nav.kb-table-of-content-id7430_757d20-71 .kb-toggle-icon-style-basiccircle .kb-table-of-contents-icon-trigger:before, .kb-table-of-content-nav.kb-table-of-content-id7430_757d20-71 .kb-toggle-icon-style-arrowcircle .kb-table-of-contents-icon-trigger:after, .kb-table-of-content-nav.kb-table-of-content-id7430_757d20-71 .kb-toggle-icon-style-arrowcircle .kb-table-of-contents-icon-trigger:before, .kb-table-of-content-nav.kb-table-of-content-id7430_757d20-71 .kb-toggle-icon-style-xclosecircle .kb-table-of-contents-icon-trigger:after, .kb-table-of-content-nav.kb-table-of-content-id7430_757d20-71 .kb-toggle-icon-style-xclosecircle .kb-table-of-contents-icon-trigger:before{background-color:var(--global-palette8, #F7FAFC);}<\/style>\n<p>Les h\u00e9bergements sont r\u00e9servables toute l\u2019ann\u00e9e et chauff\u00e9s, de sorte qu\u2019un s\u00e9jour en hiver ne pose aucun probl\u00e8me. Les enfants \u00e0 partir de six ans sont les bienvenus. En tant que partie int\u00e9grante de l\u2019h\u00f4tel bio, vous profitez de la cuisine bio attenante ainsi que de l\u2019espace bien-\u00eatre de l\u2019\u00e9tablissement. Le petit-d\u00e9jeuner et les menus du soir sont pr\u00e9par\u00e9s en qualit\u00e9 bio. La situation dans la G\u00f6hrde, une vaste zone foresti\u00e8re riche en nature entre Hambourg et Hanovre, est id\u00e9ale pour des randonn\u00e9es et des sorties \u00e0 v\u00e9lo dans les environs.    <\/p>\n<style>.kb-row-layout-id7430_ecfd68-74 > .kt-row-column-wrap{align-content:start;}:where(.kb-row-layout-id7430_ecfd68-74 > .kt-row-column-wrap) > .wp-block-kadence-column{justify-content:start;}.kb-row-layout-id7430_ecfd68-74 > .kt-row-column-wrap{column-gap:var(--global-kb-gap-md, 2rem);row-gap:var(--global-kb-gap-md, 2rem);padding-top:var(--global-kb-spacing-sm, 1.5rem);padding-bottom:var(--global-kb-spacing-sm, 1.5rem);grid-template-columns:repeat(2, minmax(0, 1fr));}.kb-row-layout-id7430_ecfd68-74 > .kt-row-layout-overlay{opacity:0.30;}@media all and (max-width: 1024px){.kb-row-layout-id7430_ecfd68-74 > .kt-row-column-wrap{grid-template-columns:repeat(2, minmax(0, 1fr));}}@media all and (max-width: 767px){.kb-row-layout-id7430_ecfd68-74 > .kt-row-column-wrap{grid-template-columns:minmax(0, 1fr);}}<\/style><div class=\"kb-row-layout-wrap kb-row-layout-id7430_ecfd68-74 alignnone wp-block-kadence-rowlayout\"><div class=\"kt-row-column-wrap kt-has-2-columns kt-row-layout-equal kt-tab-layout-inherit kt-mobile-layout-row kt-row-valign-top\">\n<style>.kadence-column7430_e0506b-da > .kt-inside-inner-col,.kadence-column7430_e0506b-da > .kt-inside-inner-col:before{border-top-left-radius:0px;border-top-right-radius:0px;border-bottom-right-radius:0px;border-bottom-left-radius:0px;}.kadence-column7430_e0506b-da > .kt-inside-inner-col{column-gap:var(--global-kb-gap-sm, 1rem);}.kadence-column7430_e0506b-da > .kt-inside-inner-col{flex-direction:column;}.kadence-column7430_e0506b-da > .kt-inside-inner-col > .aligncenter{width:100%;}.kadence-column7430_e0506b-da > .kt-inside-inner-col:before{opacity:0.3;}.kadence-column7430_e0506b-da{position:relative;}@media all and (max-width: 1024px){.kadence-column7430_e0506b-da > .kt-inside-inner-col{flex-direction:column;justify-content:center;}}@media all and (max-width: 767px){.kadence-column7430_e0506b-da > .kt-inside-inner-col{flex-direction:column;justify-content:center;}}<\/style>\n<div class=\"wp-block-kadence-column kadence-column7430_e0506b-da\"><div class=\"kt-inside-inner-col\">\n<p>Le Kenners Baumhaushotel moderne vous propose un h\u00e9bergement confortable en hauteur avec une architecture bien pens\u00e9e. Toutes les <strong>suites bio de la cabane dans les arbres<\/strong> ont un grand balcon, un lit double en fr\u00eane et, derri\u00e8re, un salon. Les suites de la cabane dans les arbres sont accessibles par un ascenseur et donc <strong>sans barri\u00e8re<\/strong> !  <\/p>\n\n\n\n<p><span style=\"box-sizing: border-box; margin: 0px; padding: 0px;\">Les <strong>cabanes bio dans les arbres<\/strong> en chambres doubles sont am\u00e9nag\u00e9es avec soin et \u00e9quip\u00e9es d\u2019un lit, d\u2019un canap\u00e9 ainsi que d\u2019une salle de douche.<\/span> Les petites cabanes BIO dans les arbres disposent d\u2019un petit balcon fran\u00e7ais pour se d\u00e9tendre sous le feuillage. Les enfants ne peuvent y dormir qu\u2019\u00e0 partir de 6 ans. <\/p>\n<\/div><\/div>\n\n\n<style>.kadence-column7430_2a68d4-e0 > .kt-inside-inner-col,.kadence-column7430_2a68d4-e0 > .kt-inside-inner-col:before{border-top-left-radius:0px;border-top-right-radius:0px;border-bottom-right-radius:0px;border-bottom-left-radius:0px;}.kadence-column7430_2a68d4-e0 > .kt-inside-inner-col{column-gap:var(--global-kb-gap-sm, 1rem);}.kadence-column7430_2a68d4-e0 > .kt-inside-inner-col{flex-direction:column;}.kadence-column7430_2a68d4-e0 > .kt-inside-inner-col > .aligncenter{width:100%;}.kadence-column7430_2a68d4-e0 > .kt-inside-inner-col:before{opacity:0.3;}.kadence-column7430_2a68d4-e0{position:relative;}@media all and (max-width: 1024px){.kadence-column7430_2a68d4-e0 > .kt-inside-inner-col{flex-direction:column;justify-content:center;}}@media all and (max-width: 767px){.kadence-column7430_2a68d4-e0 > .kt-inside-inner-col{flex-direction:column;justify-content:center;}}<\/style>\n<div class=\"wp-block-kadence-column kadence-column7430_2a68d4-e0\"><div class=\"kt-inside-inner-col\"><style>.wp-block-kadence-advancedheading.kt-adv-heading7430_e5bf69-82, .wp-block-kadence-advancedheading.kt-adv-heading7430_e5bf69-82[data-kb-block=\"kb-adv-heading7430_e5bf69-82\"]{text-align:center;font-style:normal;}.wp-block-kadence-advancedheading.kt-adv-heading7430_e5bf69-82 mark.kt-highlight, .wp-block-kadence-advancedheading.kt-adv-heading7430_e5bf69-82[data-kb-block=\"kb-adv-heading7430_e5bf69-82\"] mark.kt-highlight{font-style:normal;color:#f76a0c;-webkit-box-decoration-break:clone;box-decoration-break:clone;padding-top:0px;padding-right:0px;padding-bottom:0px;padding-left:0px;}.wp-block-kadence-advancedheading.kt-adv-heading7430_e5bf69-82 img.kb-inline-image, .wp-block-kadence-advancedheading.kt-adv-heading7430_e5bf69-82[data-kb-block=\"kb-adv-heading7430_e5bf69-82\"] img.kb-inline-image{width:150px;vertical-align:baseline;}<\/style>\n<h3 class=\"kt-adv-heading7430_e5bf69-82 wp-block-kadence-advancedheading\" data-kb-block=\"kb-adv-heading7430_e5bf69-82\">Aper\u00e7u des \u00e9quipements :<\/h3>\n\n\n<style>.kb-table-container7430_3496ca-a8{overflow-x:auto;}.kb-table-container .kb-table7430_3496ca-a8 th{padding-top:var(--global-kb-spacing-xxs, 0.5rem);padding-right:var(--global-kb-spacing-xxs, 0.5rem);padding-bottom:var(--global-kb-spacing-xxs, 0.5rem);padding-left:var(--global-kb-spacing-xxs, 0.5rem);text-align:center;}.kb-table-container .kb-table7430_3496ca-a8 caption{text-align:center;}.kb-table-container .kb-table7430_3496ca-a8 td{padding-top:var(--global-kb-spacing-xxs, 0.5rem);padding-right:var(--global-kb-spacing-xxs, 0.5rem);padding-bottom:var(--global-kb-spacing-xxs, 0.5rem);padding-left:var(--global-kb-spacing-xxs, 0.5rem);text-align:left;}<\/style><div class=\"kb-table-container kb-table-container7430_3496ca-a8 wp-block-kadence-table\"><table class=\"kb-table kb-table7430_3496ca-a8\">\n<tr class=\"kb-table-row kb-table-row7430_a041b8-92\">\n<td class=\"kb-table-data kb-table-data7430_135f86-af\">\n<style>.kb-image7430_f7cb12-15 .kb-image-has-overlay:after{opacity:0.3;}<\/style>\n<div class=\"wp-block-kadence-image kb-image7430_f7cb12-15\"><figure class=\"aligncenter size-full\"><img loading=\"lazy\" decoding=\"async\" width=\"100\" height=\"100\" src=\"https:\/\/walderlebnispfade.de\/wp-content\/uploads\/2026\/04\/WC.png\" alt=\"WC-Symbol\" class=\"kb-img wp-image-7716\"\/><\/figure><\/div>\n\n<\/td>\n\n<td class=\"kb-table-data kb-table-data7430_917ac3-1d\">\n<style>.kb-image7430_298a65-4c .kb-image-has-overlay:after{opacity:0.3;}<\/style>\n<div class=\"wp-block-kadence-image kb-image7430_298a65-4c\"><figure class=\"aligncenter size-full\"><img loading=\"lazy\" decoding=\"async\" width=\"100\" height=\"100\" src=\"https:\/\/walderlebnispfade.de\/wp-content\/uploads\/2026\/04\/Dusche.png\" alt=\"Dusch-Symbol\" class=\"kb-img wp-image-7711\"\/><\/figure><\/div>\n\n<\/td>\n<\/tr>\n\n<tr class=\"kb-table-row kb-table-row7430_073825-b3\">\n<td class=\"kb-table-data kb-table-data7430_9cf1ec-2c\">\n<style>.kb-image7430_d2779a-0c.kb-image-is-ratio-size, .kb-image7430_d2779a-0c .kb-image-is-ratio-size{max-width:100px;width:100%;}.wp-block-kadence-column > .kt-inside-inner-col > .kb-image7430_d2779a-0c.kb-image-is-ratio-size, .wp-block-kadence-column > .kt-inside-inner-col > .kb-image7430_d2779a-0c .kb-image-is-ratio-size{align-self:unset;}.kb-image7430_d2779a-0c figure{max-width:100px;}.kb-image7430_d2779a-0c .image-is-svg, .kb-image7430_d2779a-0c .image-is-svg img{width:100%;}.kb-image7430_d2779a-0c .kb-image-has-overlay:after{opacity:0.3;}<\/style>\n<div class=\"wp-block-kadence-image kb-image7430_d2779a-0c\"><figure class=\"aligncenter size-full\"><img loading=\"lazy\" decoding=\"async\" width=\"100\" height=\"100\" src=\"https:\/\/walderlebnispfade.de\/wp-content\/uploads\/2026\/04\/Strom.png\" alt=\"Strom-Symbol\" class=\"kb-img wp-image-7715\"\/><\/figure><\/div>\n\n<\/td>\n\n<td class=\"kb-table-data kb-table-data7430_f8e74e-3a\">\n<style>.kb-image7430_110627-15 .kb-image-has-overlay:after{opacity:0.3;}<\/style>\n<div class=\"wp-block-kadence-image kb-image7430_110627-15\"><figure class=\"aligncenter size-full\"><img loading=\"lazy\" decoding=\"async\" width=\"100\" height=\"100\" src=\"https:\/\/walderlebnispfade.de\/wp-content\/uploads\/2026\/04\/Heizung.png\" alt=\"Heizungs-Symbol\" class=\"kb-img wp-image-7712\"\/><\/figure><\/div>\n\n<\/td>\n<\/tr>\n\n<tr class=\"kb-table-row kb-table-row7430_2ca2f5-bb\">\n<td class=\"kb-table-data kb-table-data7430_229727-d8\">\n<style>.kb-image7430_75db89-ed .kb-image-has-overlay:after{opacity:0.3;}<\/style>\n<div class=\"wp-block-kadence-image kb-image7430_75db89-ed\"><figure class=\"aligncenter size-full\"><img loading=\"lazy\" decoding=\"async\" width=\"100\" height=\"100\" src=\"https:\/\/walderlebnispfade.de\/wp-content\/uploads\/2026\/04\/Barrierefrei.png\" alt=\"Barrierefrei-Symbol\" class=\"kb-img wp-image-7710\"\/><\/figure><\/div>\n\n<\/td>\n\n<td class=\"kb-table-data kb-table-data7430_a3cf8f-53\">\n\n<p><\/p>\n\n<\/td>\n<\/tr>\n<\/table><\/div><\/div><\/div>\n\n<\/div><\/div><style>.wp-block-kadence-advancedheading.kt-adv-heading7430_6366d4-2b, .wp-block-kadence-advancedheading.kt-adv-heading7430_6366d4-2b[data-kb-block=\"kb-adv-heading7430_6366d4-2b\"]{font-style:normal;}.wp-block-kadence-advancedheading.kt-adv-heading7430_6366d4-2b mark.kt-highlight, .wp-block-kadence-advancedheading.kt-adv-heading7430_6366d4-2b[data-kb-block=\"kb-adv-heading7430_6366d4-2b\"] mark.kt-highlight{font-style:normal;color:#f76a0c;-webkit-box-decoration-break:clone;box-decoration-break:clone;padding-top:0px;padding-right:0px;padding-bottom:0px;padding-left:0px;}.wp-block-kadence-advancedheading.kt-adv-heading7430_6366d4-2b img.kb-inline-image, .wp-block-kadence-advancedheading.kt-adv-heading7430_6366d4-2b[data-kb-block=\"kb-adv-heading7430_6366d4-2b\"] img.kb-inline-image{width:150px;vertical-align:baseline;}<\/style>\n<h2 class=\"kt-adv-heading7430_6366d4-2b wp-block-kadence-advancedheading\" data-kb-block=\"kb-adv-heading7430_6366d4-2b\">Les environs de l\u2019h\u00f4tel-cabane Kenners<\/h2>\n\n<p>Sur le site, vous trouverez \u00e9galement<\/p>\n\n<ul class=\"wp-block-list\">\n<li>La ferme de 160 ans avec des chambres \u00e0 th\u00e8me r\u00e9nov\u00e9es de fa\u00e7on \u00e9cologique, comme le nid de l&rsquo;aigle, la tani\u00e8re du loup, le terrier du castor<\/li>\n\n\n\n<li>Le tout jeune village de cabanes dans les arbres \u2013 cabanes pentagonales douillettes, immenses baies vitr\u00e9es, douche\/WC, chauffage mural, nid douillet sur le plateau et balcon.<\/li>\n\n\n\n<li>Le bien-\u00eatre avec sauna avec bancs de peupliers indig\u00e8nes, floatarium, 2 salles de massage, salle de repos, bar \u00e0 th\u00e9 et terrasse.<\/li>\n\n\n\n<li>Massages, traitements craniosacraux, shiatsu, cosm\u00e9tiques naturels, travail \u00e9nerg\u00e9tique, &#8230;<\/li>\n\n\n\n<li>Promenades en for\u00eat et avec les loups, soir\u00e9es vid\u00e9o sur les loups, lectures et menus lus, \u00ab\u00a0WaldZeit\u00a0\u00bb pour les enfants pendant les vacances &#8230;<\/li>\n\n\n\n<li>Buffets bio avec ingr\u00e9dients 100% bio et cueillette sauvage<\/li>\n\n\n\n<li>La tisanerie \u2013 24 heures sur 24 avec des boissons en libre-service<\/li>\n<\/ul>\n\n<p>Vous pouvez faire de belles <a href=\"https:\/\/wendland-elbe.de\/de\/kategorie\/aktiv-unterwegs\/zu-rad\/fahrradtouren\/\" data-type=\"link\" data-id=\"https:\/\/wendland-elbe.de\/de\/kategorie\/aktiv-unterwegs\/zu-rad\/fahrradtouren\/\" target=\"_blank\" rel=\"noreferrer noopener\">promenades \u00e0 v\u00e9lo<\/a> dans les environs. Vous pouvez louer des v\u00e9los \u00e9lectriques sur place. <span style=\"box-sizing: border-box; margin: 0px; padding: 0px;\">Avec l&rsquo;entreprise <a href=\"https:\/\/feuer-sprung.de\/kanu-und-floss\/\" target=\"_blank\" rel=\"noopener\">Feuersprung <\/a>et ses cano\u00ebs, vous pouvez d\u00e9couvrir la nature sous un angle tout \u00e0 fait nouveau en pagayant avec plaisir.<\/span> <\/p>\n<style>.wp-block-kadence-advancedheading.kt-adv-heading7430_7ce088-7d, .wp-block-kadence-advancedheading.kt-adv-heading7430_7ce088-7d[data-kb-block=\"kb-adv-heading7430_7ce088-7d\"]{font-style:normal;}.wp-block-kadence-advancedheading.kt-adv-heading7430_7ce088-7d mark.kt-highlight, .wp-block-kadence-advancedheading.kt-adv-heading7430_7ce088-7d[data-kb-block=\"kb-adv-heading7430_7ce088-7d\"] mark.kt-highlight{font-style:normal;color:#f76a0c;-webkit-box-decoration-break:clone;box-decoration-break:clone;padding-top:0px;padding-right:0px;padding-bottom:0px;padding-left:0px;}.wp-block-kadence-advancedheading.kt-adv-heading7430_7ce088-7d img.kb-inline-image, .wp-block-kadence-advancedheading.kt-adv-heading7430_7ce088-7d[data-kb-block=\"kb-adv-heading7430_7ce088-7d\"] img.kb-inline-image{width:150px;vertical-align:baseline;}<\/style>\n<h2 class=\"kt-adv-heading7430_7ce088-7d wp-block-kadence-advancedheading\" data-kb-block=\"kb-adv-heading7430_7ce088-7d\">Vid\u00e9o de la cabane dans les arbres de l&rsquo;h\u00f4tel Kenners<\/h2>\n\n<figure class=\"wp-block-embed is-type-video is-provider-youtube wp-block-embed-youtube wp-embed-aspect-16-9 wp-has-aspect-ratio\"><div class=\"wp-block-embed__wrapper\">\n<iframe loading=\"lazy\" hcb-fetch-image-from=\"https:\/\/youtu.be\/4BxPxE8Qa3c?si=bA0zkMvMsShXCl89\" title=\"Bio-Hotel Kenners LandLust im Wendland\" width=\"720\" height=\"405\" src=\"https:\/\/www.youtube.com\/embed\/4BxPxE8Qa3c?feature=oembed\" frameborder=\"0\" allow=\"accelerometer; autoplay; clipboard-write; encrypted-media; gyroscope; picture-in-picture; web-share\" referrerpolicy=\"strict-origin-when-cross-origin\" allowfullscreen><\/iframe>\n<\/div><\/figure>\n\n<h2 class=\"wp-block-heading\">Informations sur la cabane dans les arbres de l&rsquo;h\u00f4tel Kenners Landlust<\/h2>\n\n<figure class=\"wp-block-table\"><table class=\"has-fixed-layout\"><tbody><tr><td>Nombre de cabanes dans les arbres :<\/td><td>Plusieurs suites dans les arbres \/ chambres doubles dans les arbres<\/td><\/tr><tr><td>Hauteur de vie :<\/td><td>environ 4 m\u00e8tres<\/td><\/tr><tr><td>Capacit\u00e9 :<\/td><td>2-6 personnes<\/td><\/tr><tr><td>R\u00e9servable :<\/td><td>toute l&rsquo;ann\u00e9e<\/td><\/tr><tr><td>Chauffage :<\/td><td>Oui<\/td><\/tr><tr><td>\u00e9lectricit\u00e9 :<\/td><td>Oui<\/td><\/tr><tr><td>Cuisine :<\/td><td>Non<\/td><\/tr><tr><td>les installations sanitaires:<\/td><td>Salle de bain avec douche et WC<\/td><\/tr><tr><td>Accessible aux personnes handicap\u00e9es :<\/td><td>Oui<\/td><\/tr><tr><td>Chiens admis:<\/td><td>Non<\/td><\/tr><\/tbody><\/table><figcaption class=\"wp-element-caption\">D\u00e9tails sur la cabane dans les arbres de l&rsquo;h\u00f4tel Kenners Landlust<\/figcaption><\/figure>\n\n<hr class=\"wp-block-separator has-alpha-channel-opacity\" style=\"margin-top:var(--wp--preset--spacing--50);margin-bottom:var(--wp--preset--spacing--50)\"\/>\n<style>.kadence-column7430_140745-21 > .kt-inside-inner-col{display:flex;}.kadence-column7430_140745-21 > .kt-inside-inner-col{padding-top:var(--global-kb-spacing-xs, 1rem);padding-right:var(--global-kb-spacing-xs, 1rem);padding-bottom:var(--global-kb-spacing-xs, 1rem);padding-left:var(--global-kb-spacing-xs, 1rem);}.kadence-column7430_140745-21 > .kt-inside-inner-col{box-shadow:0px 0px 14px 0px rgba(0, 0, 0, 0.2);}.kadence-column7430_140745-21 > .kt-inside-inner-col,.kadence-column7430_140745-21 > .kt-inside-inner-col:before{border-top-left-radius:0px;border-top-right-radius:0px;border-bottom-right-radius:0px;border-bottom-left-radius:0px;}.kadence-column7430_140745-21 > .kt-inside-inner-col{column-gap:var(--global-kb-gap-sm, 1rem);}.kadence-column7430_140745-21 > .kt-inside-inner-col{flex-direction:column;align-items:center;}.kadence-column7430_140745-21 > .kt-inside-inner-col > .kb-image-is-ratio-size{align-self:stretch;}.kadence-column7430_140745-21 > .kt-inside-inner-col > .wp-block-kadence-advancedgallery{align-self:stretch;}.kadence-column7430_140745-21 > .kt-inside-inner-col > .aligncenter{width:100%;}.kadence-column7430_140745-21 > .kt-inside-inner-col{background-color:var(--global-palette8, #F7FAFC);}.kadence-column7430_140745-21 > .kt-inside-inner-col:before{opacity:0.3;}.kadence-column7430_140745-21{position:relative;}@media all and (max-width: 1024px){.kadence-column7430_140745-21 > .kt-inside-inner-col{flex-direction:column;justify-content:center;align-items:center;}}@media all and (max-width: 767px){.kadence-column7430_140745-21 > .kt-inside-inner-col{flex-direction:column;justify-content:center;align-items:center;}}<\/style>\n<div class=\"wp-block-kadence-column kadence-column7430_140745-21\"><div class=\"kt-inside-inner-col\">\n<p class=\"has-text-align-center\">Que pensez-vous du Baumhaushotel Kenners ? Laissez-nous une \u00e9valuation, s&rsquo;il vous pla\u00eet.  <br\/>Vous nous aidez ainsi que d&rsquo;autres amoureux de la nature. Merci beaucoup \ud83d\ude42 !<\/p>\n\n\n\n<div class=\"wp-block-yet-another-stars-rating-visitor-votes aligncenter yasr-vv-block\"><\/div>\n\n\n\n<p>Vous trouverez d&rsquo;autres aventures passionnantes dans notre <a href=\"https:\/\/walderlebnispfade.de\/fr\/experiences-en-foret\/\" data-type=\"page\" data-id=\"228\">recherche d&rsquo;exp\u00e9riences en for\u00eat<\/a> et dans notre <a href=\"https:\/\/walderlebnispfade.de\/fr\/apercu-des-hotels-de-cabanes-dans-les-arbres\/\" data-type=\"post\" data-id=\"5771\">aper\u00e7u des h\u00f4tels dans les arbres<\/a>!<\/p>\n<\/div><\/div>\n\n<hr class=\"wp-block-separator has-alpha-channel-opacity\" style=\"margin-top:var(--wp--preset--spacing--50);margin-bottom:var(--wp--preset--spacing--50)\"\/>\n","protected":false},"author":2,"featured_media":7437,"comment_status":"open","ping_status":"closed","template":"","meta":{"_kad_blocks_custom_css":"","_kad_blocks_head_custom_js":"","_kad_blocks_body_custom_js":"","_kad_blocks_footer_custom_js":"","_kad_post_transparent":"","_kad_post_title":"","_kad_post_layout":"","_kad_post_sidebar_id":"","_kad_post_content_style":"","_kad_post_vertical_padding":"","_kad_post_feature":"","_kad_post_feature_position":"","_kad_post_header":false,"_kad_post_footer":false,"_kad_post_classname":"","yasr_overall_rating":0,"yasr_post_is_review":"","yasr_auto_insert_disabled":"","yasr_review_type":""},"region":[130,215],"erlebnisart":[190,193],"class_list":["post-7438","erlebnisse","type-erlebnisse","status-publish","has-post-thumbnail","hentry","region-deutschland-fr","region-basse-saxe","erlebnisart-hebergement","erlebnisart-hotel-dans-les-arbres"],"yasr_visitor_votes":{"stars_attributes":{"read_only":false,"span_bottom":false},"number_of_votes":0,"sum_votes":0},"taxonomy_info":{"region":[{"value":130,"label":"Allemagne"},{"value":215,"label":"Basse-Saxe"}],"erlebnisart":[{"value":190,"label":"H\u00e9bergement"},{"value":193,"label":"H\u00f4tel dans les arbres"}]},"featured_image_src_large":["https:\/\/walderlebnispfade.de\/wp-content\/uploads\/2025\/11\/Baumhaushotel_Kenners-1024x576.jpg",1024,576,true],"author_info":{"display_name":"Moni","author_link":"https:\/\/walderlebnispfade.de\/fr\/author\/moni\/"},"comment_info":0,"_links":{"self":[{"href":"https:\/\/walderlebnispfade.de\/fr\/wp-json\/wp\/v2\/erlebnisse\/7438","targetHints":{"allow":["GET"]}}],"collection":[{"href":"https:\/\/walderlebnispfade.de\/fr\/wp-json\/wp\/v2\/erlebnisse"}],"about":[{"href":"https:\/\/walderlebnispfade.de\/fr\/wp-json\/wp\/v2\/types\/erlebnisse"}],"author":[{"embeddable":true,"href":"https:\/\/walderlebnispfade.de\/fr\/wp-json\/wp\/v2\/users\/2"}],"replies":[{"embeddable":true,"href":"https:\/\/walderlebnispfade.de\/fr\/wp-json\/wp\/v2\/comments?post=7438"}],"wp:featuredmedia":[{"embeddable":true,"href":"https:\/\/walderlebnispfade.de\/fr\/wp-json\/wp\/v2\/media\/7437"}],"wp:attachment":[{"href":"https:\/\/walderlebnispfade.de\/fr\/wp-json\/wp\/v2\/media?parent=7438"}],"wp:term":[{"taxonomy":"region","embeddable":true,"href":"https:\/\/walderlebnispfade.de\/fr\/wp-json\/wp\/v2\/region?post=7438"},{"taxonomy":"erlebnisart","embeddable":true,"href":"https:\/\/walderlebnispfade.de\/fr\/wp-json\/wp\/v2\/erlebnisart?post=7438"}],"curies":[{"name":"wp","href":"https:\/\/api.w.org\/{rel}","templated":true}]}}