{"id":7470,"date":"2025-11-01T17:14:45","date_gmt":"2025-11-01T16:14:45","guid":{"rendered":"https:\/\/walderlebnispfade.de\/erlebnisse\/hotel-cabane-dans-les-arbres-zoo-de-schwerin\/"},"modified":"2026-04-22T09:16:13","modified_gmt":"2026-04-22T07:16:13","slug":"hotel-cabane-dans-les-arbres-zoo-de-schwerin","status":"publish","type":"erlebnisse","link":"https:\/\/walderlebnispfade.de\/fr\/erlebnisse\/hotel-cabane-dans-les-arbres-zoo-de-schwerin\/","title":{"rendered":"H\u00f4tel cabane dans les arbres Zoo de Schwerin"},"content":{"rendered":"<style>.wp-block-kadence-advancedheading.kt-adv-heading7455_d320ba-98, .wp-block-kadence-advancedheading.kt-adv-heading7455_d320ba-98[data-kb-block=\"kb-adv-heading7455_d320ba-98\"]{font-style:normal;}.wp-block-kadence-advancedheading.kt-adv-heading7455_d320ba-98 mark.kt-highlight, .wp-block-kadence-advancedheading.kt-adv-heading7455_d320ba-98[data-kb-block=\"kb-adv-heading7455_d320ba-98\"] mark.kt-highlight{font-style:normal;color:#f76a0c;-webkit-box-decoration-break:clone;box-decoration-break:clone;padding-top:0px;padding-right:0px;padding-bottom:0px;padding-left:0px;}.wp-block-kadence-advancedheading.kt-adv-heading7455_d320ba-98 img.kb-inline-image, .wp-block-kadence-advancedheading.kt-adv-heading7455_d320ba-98[data-kb-block=\"kb-adv-heading7455_d320ba-98\"] img.kb-inline-image{width:150px;vertical-align:baseline;}<\/style>\n<h2 class=\"kt-adv-heading7455_d320ba-98 wp-block-kadence-advancedheading\" data-kb-block=\"kb-adv-heading7455_d320ba-98\">Passer la nuit au zoo<\/h2>\n\n<p>Le Baumhaushotel Zoo Schwerin est un h\u00e9bergement exceptionnel : une cabane dans les arbres qui rappelle la cabane historique des explorateurs d&rsquo;Alexander von Humboldt. Cette construction en bois rustique est situ\u00e9e au milieu du zoo, entour\u00e9e de singes capucins, de coatis et d&rsquo;autres animaux. <\/p>\n\n<p>Vous acc\u00e9dez \u00e0 la cabane par des marches en bois. Sur la porte se trouve l&rsquo;inscription \u00ab\u00a0A. v. Humboldt\u00a0\u00bb. A l&rsquo;int\u00e9rieur, des meubles rustiques, des lampes, des rideaux et divers accessoires cr\u00e9ent une atmosph\u00e8re chaleureuse. Une photo du c\u00e9l\u00e8bre explorateur sur le mur et des d\u00e9tails soign\u00e9s donnent l&rsquo;impression qu&rsquo;il peut revenir \u00e0 tout moment.    <\/p>\n<style>.kb-table-of-content-nav.kb-table-of-content-id7455_d2b04c-e9 .kb-table-of-content-wrap{padding-top:var(--global-kb-spacing-sm, 1.5rem);padding-right:var(--global-kb-spacing-sm, 1.5rem);padding-bottom:var(--global-kb-spacing-sm, 1.5rem);padding-left:var(--global-kb-spacing-sm, 1.5rem);background-color:var(--global-palette8, #F7FAFC);box-shadow:inset 0px 0px 14px 0px rgba(0, 0, 0, 0.2);}.kb-table-of-content-nav.kb-table-of-content-id7455_d2b04c-e9 .kb-table-of-contents-title-wrap{padding-top:0px;padding-right:0px;padding-bottom:0px;padding-left:0px;}.kb-table-of-content-nav.kb-table-of-content-id7455_d2b04c-e9 .kb-table-of-contents-title{font-weight:regular;font-style:normal;}.kb-table-of-content-nav.kb-table-of-content-id7455_d2b04c-e9 .kb-table-of-content-wrap .kb-table-of-content-list{font-weight:regular;font-style:normal;margin-top:var(--global-kb-spacing-sm, 1.5rem);margin-right:0px;margin-bottom:0px;margin-left:0px;}.kb-table-of-content-nav.kb-table-of-content-id7455_d2b04c-e9 .kb-toggle-icon-style-basiccircle .kb-table-of-contents-icon-trigger:after, .kb-table-of-content-nav.kb-table-of-content-id7455_d2b04c-e9 .kb-toggle-icon-style-basiccircle .kb-table-of-contents-icon-trigger:before, .kb-table-of-content-nav.kb-table-of-content-id7455_d2b04c-e9 .kb-toggle-icon-style-arrowcircle .kb-table-of-contents-icon-trigger:after, .kb-table-of-content-nav.kb-table-of-content-id7455_d2b04c-e9 .kb-toggle-icon-style-arrowcircle .kb-table-of-contents-icon-trigger:before, .kb-table-of-content-nav.kb-table-of-content-id7455_d2b04c-e9 .kb-toggle-icon-style-xclosecircle .kb-table-of-contents-icon-trigger:after, .kb-table-of-content-nav.kb-table-of-content-id7455_d2b04c-e9 .kb-toggle-icon-style-xclosecircle .kb-table-of-contents-icon-trigger:before{background-color:var(--global-palette8, #F7FAFC);}<\/style>\n<p>Le matin, vous ne serez pas r\u00e9veill\u00e9 par le r\u00e9veil, mais par les cris des paons, les hurlements des singes ou le rugissement des lions. Vous pouvez observer les animaux de toutes les fen\u00eatres, m\u00eame de la salle de bain. Vous trouverez ici un <a href=\"https:\/\/www.zoo-schwerin.de\/media\/1129\/download?attachment\" target=\"_blank\" rel=\"noreferrer noopener\">plan actualis\u00e9 du zoo<\/a>.  <\/p>\n\n<h2 class=\"wp-block-heading\">\u00c9quipement de la cabane-h\u00f4tel Zoo de Schwerin<\/h2>\n<style>.kb-row-layout-id7455_725494-b6 > .kt-row-column-wrap{align-content:start;}:where(.kb-row-layout-id7455_725494-b6 > .kt-row-column-wrap) > .wp-block-kadence-column{justify-content:start;}.kb-row-layout-id7455_725494-b6 > .kt-row-column-wrap{column-gap:var(--global-kb-gap-md, 2rem);row-gap:var(--global-kb-gap-md, 2rem);padding-top:var(--global-kb-spacing-sm, 1.5rem);padding-bottom:var(--global-kb-spacing-sm, 1.5rem);grid-template-columns:repeat(2, minmax(0, 1fr));}.kb-row-layout-id7455_725494-b6 > .kt-row-layout-overlay{opacity:0.30;}@media all and (max-width: 1024px){.kb-row-layout-id7455_725494-b6 > .kt-row-column-wrap{grid-template-columns:repeat(2, minmax(0, 1fr));}}@media all and (max-width: 767px){.kb-row-layout-id7455_725494-b6 > .kt-row-column-wrap{grid-template-columns:minmax(0, 1fr);}}<\/style><div class=\"kb-row-layout-wrap kb-row-layout-id7455_725494-b6 alignnone wp-block-kadence-rowlayout\"><div class=\"kt-row-column-wrap kt-has-2-columns kt-row-layout-equal kt-tab-layout-inherit kt-mobile-layout-row kt-row-valign-top\">\n<style>.kadence-column7455_7b4b5b-05 > .kt-inside-inner-col,.kadence-column7455_7b4b5b-05 > .kt-inside-inner-col:before{border-top-left-radius:0px;border-top-right-radius:0px;border-bottom-right-radius:0px;border-bottom-left-radius:0px;}.kadence-column7455_7b4b5b-05 > .kt-inside-inner-col{column-gap:var(--global-kb-gap-sm, 1rem);}.kadence-column7455_7b4b5b-05 > .kt-inside-inner-col{flex-direction:column;}.kadence-column7455_7b4b5b-05 > .kt-inside-inner-col > .aligncenter{width:100%;}.kadence-column7455_7b4b5b-05 > .kt-inside-inner-col:before{opacity:0.3;}.kadence-column7455_7b4b5b-05{position:relative;}@media all and (max-width: 1024px){.kadence-column7455_7b4b5b-05 > .kt-inside-inner-col{flex-direction:column;justify-content:center;}}@media all and (max-width: 767px){.kadence-column7455_7b4b5b-05 > .kt-inside-inner-col{flex-direction:column;justify-content:center;}}<\/style>\n<div class=\"wp-block-kadence-column kadence-column7455_7b4b5b-05\"><div class=\"kt-inside-inner-col\">\n<p>La cabane dans les arbres peut accueillir jusqu&rsquo;\u00e0 6 personnes sur 40 m\u00e8tres carr\u00e9s. Trois niches de couchage sont r\u00e9parties sur deux niveaux : <\/p>\n\n\n\n<ul class=\"wp-block-list\">\n<li>Une chambre pour les lecteurs<\/li>\n\n\n\n<li>Une chambre d&rsquo;enfant avec des poup\u00e9es et des nounours<\/li>\n\n\n\n<li>Le \u00ab\u00a0pigeonnier\u00a0\u00bb pour les couples<\/li>\n<\/ul>\n<\/div><\/div>\n\n\n<style>.kadence-column7455_46ff3d-a7 > .kt-inside-inner-col,.kadence-column7455_46ff3d-a7 > .kt-inside-inner-col:before{border-top-left-radius:0px;border-top-right-radius:0px;border-bottom-right-radius:0px;border-bottom-left-radius:0px;}.kadence-column7455_46ff3d-a7 > .kt-inside-inner-col{column-gap:var(--global-kb-gap-sm, 1rem);}.kadence-column7455_46ff3d-a7 > .kt-inside-inner-col{flex-direction:column;}.kadence-column7455_46ff3d-a7 > .kt-inside-inner-col > .aligncenter{width:100%;}.kadence-column7455_46ff3d-a7 > .kt-inside-inner-col:before{opacity:0.3;}.kadence-column7455_46ff3d-a7{position:relative;}@media all and (max-width: 1024px){.kadence-column7455_46ff3d-a7 > .kt-inside-inner-col{flex-direction:column;justify-content:center;}}@media all and (max-width: 767px){.kadence-column7455_46ff3d-a7 > .kt-inside-inner-col{flex-direction:column;justify-content:center;}}<\/style>\n<div class=\"wp-block-kadence-column kadence-column7455_46ff3d-a7\"><div class=\"kt-inside-inner-col\"><style>.wp-block-kadence-advancedheading.kt-adv-heading7455_9d8fda-65, .wp-block-kadence-advancedheading.kt-adv-heading7455_9d8fda-65[data-kb-block=\"kb-adv-heading7455_9d8fda-65\"]{text-align:center;font-style:normal;}.wp-block-kadence-advancedheading.kt-adv-heading7455_9d8fda-65 mark.kt-highlight, .wp-block-kadence-advancedheading.kt-adv-heading7455_9d8fda-65[data-kb-block=\"kb-adv-heading7455_9d8fda-65\"] mark.kt-highlight{font-style:normal;color:#f76a0c;-webkit-box-decoration-break:clone;box-decoration-break:clone;padding-top:0px;padding-right:0px;padding-bottom:0px;padding-left:0px;}.wp-block-kadence-advancedheading.kt-adv-heading7455_9d8fda-65 img.kb-inline-image, .wp-block-kadence-advancedheading.kt-adv-heading7455_9d8fda-65[data-kb-block=\"kb-adv-heading7455_9d8fda-65\"] img.kb-inline-image{width:150px;vertical-align:baseline;}<\/style>\n<h3 class=\"kt-adv-heading7455_9d8fda-65 wp-block-kadence-advancedheading\" data-kb-block=\"kb-adv-heading7455_9d8fda-65\">Aper\u00e7u des \u00e9quipements :<\/h3>\n\n\n<style>.kb-table-container7455_afcc1c-8d{overflow-x:auto;}.kb-table-container .kb-table7455_afcc1c-8d th{padding-top:var(--global-kb-spacing-xxs, 0.5rem);padding-right:var(--global-kb-spacing-xxs, 0.5rem);padding-bottom:var(--global-kb-spacing-xxs, 0.5rem);padding-left:var(--global-kb-spacing-xxs, 0.5rem);text-align:center;}.kb-table-container .kb-table7455_afcc1c-8d caption{text-align:center;}.kb-table-container .kb-table7455_afcc1c-8d td{padding-top:var(--global-kb-spacing-xxs, 0.5rem);padding-right:var(--global-kb-spacing-xxs, 0.5rem);padding-bottom:var(--global-kb-spacing-xxs, 0.5rem);padding-left:var(--global-kb-spacing-xxs, 0.5rem);text-align:left;}<\/style><div class=\"kb-table-container kb-table-container7455_afcc1c-8d wp-block-kadence-table\"><table class=\"kb-table kb-table7455_afcc1c-8d\">\n<tr class=\"kb-table-row kb-table-row7455_ce5c44-94\">\n<td class=\"kb-table-data kb-table-data7455_149256-1d\">\n<style>.kb-image7455_481675-8d .kb-image-has-overlay:after{opacity:0.3;}<\/style>\n<div class=\"wp-block-kadence-image kb-image7455_481675-8d\"><figure class=\"aligncenter size-full\"><img loading=\"lazy\" decoding=\"async\" width=\"100\" height=\"100\" src=\"https:\/\/walderlebnispfade.de\/wp-content\/uploads\/2026\/04\/WC.png\" alt=\"WC-Symbol\" class=\"kb-img wp-image-7716\"\/><\/figure><\/div>\n\n<\/td>\n\n<td class=\"kb-table-data kb-table-data7455_f773ed-92\">\n<style>.kb-image7455_41d10c-83 .kb-image-has-overlay:after{opacity:0.3;}<\/style>\n<div class=\"wp-block-kadence-image kb-image7455_41d10c-83\"><figure class=\"aligncenter size-full\"><img loading=\"lazy\" decoding=\"async\" width=\"100\" height=\"100\" src=\"https:\/\/walderlebnispfade.de\/wp-content\/uploads\/2026\/04\/Dusche.png\" alt=\"Dusch-Symbol\" class=\"kb-img wp-image-7711\"\/><\/figure><\/div>\n\n<\/td>\n<\/tr>\n\n<tr class=\"kb-table-row kb-table-row7455_1baefd-75\">\n<td class=\"kb-table-data kb-table-data7455_ea584e-77\">\n<style>.kb-image7455_faecaa-84.kb-image-is-ratio-size, .kb-image7455_faecaa-84 .kb-image-is-ratio-size{max-width:100px;width:100%;}.wp-block-kadence-column > .kt-inside-inner-col > .kb-image7455_faecaa-84.kb-image-is-ratio-size, .wp-block-kadence-column > .kt-inside-inner-col > .kb-image7455_faecaa-84 .kb-image-is-ratio-size{align-self:unset;}.kb-image7455_faecaa-84 figure{max-width:100px;}.kb-image7455_faecaa-84 .image-is-svg, .kb-image7455_faecaa-84 .image-is-svg img{width:100%;}.kb-image7455_faecaa-84 .kb-image-has-overlay:after{opacity:0.3;}<\/style>\n<div class=\"wp-block-kadence-image kb-image7455_faecaa-84\"><figure class=\"aligncenter size-full\"><img loading=\"lazy\" decoding=\"async\" width=\"100\" height=\"100\" src=\"https:\/\/walderlebnispfade.de\/wp-content\/uploads\/2026\/04\/Strom.png\" alt=\"Strom-Symbol\" class=\"kb-img wp-image-7715\"\/><\/figure><\/div>\n\n<\/td>\n\n<td class=\"kb-table-data kb-table-data7455_ae8d0a-72\">\n<style>.kb-image7455_3f1064-fc .kb-image-has-overlay:after{opacity:0.3;}<\/style>\n<div class=\"wp-block-kadence-image kb-image7455_3f1064-fc\"><figure class=\"aligncenter size-full\"><img loading=\"lazy\" decoding=\"async\" width=\"100\" height=\"100\" src=\"https:\/\/walderlebnispfade.de\/wp-content\/uploads\/2026\/04\/Kueche.png\" alt=\"K\u00fcchen-Symbol\" class=\"kb-img wp-image-7714\"\/><\/figure><\/div>\n\n<\/td>\n<\/tr>\n<\/table><\/div><\/div><\/div>\n\n<\/div><\/div>\n<p>La petite cuisine au premier \u00e9tage dispose d&rsquo;une plaque de cuisson, d&rsquo;un r\u00e9frig\u00e9rateur, d&rsquo;une bouilloire et d&rsquo;un grille-pain. Le coin repas adjacent est id\u00e9al pour manger ensemble. La salle de bains avec douche et toilettes se trouve directement dans la cabane dans les arbres.  <\/p>\n\n<p>Un escalier raide m\u00e8ne \u00e0 la terrasse sur le toit. L\u00e0, vous pourrez contempler le ciel \u00e9toil\u00e9 et \u00e9couter les craquements du bois. \u00c0 la tomb\u00e9e de la nuit, il est \u00e9galement possible de d\u00e9couvrir des animaux nocturnes comme des blaireaux et des ratons laveurs.  <\/p>\n\n<h3 class=\"wp-block-heading\">Le sentier des chercheurs<\/h3>\n\n<p>Une passerelle \u2013 le sentier des explorateurs \u2013 fait le tour de la cabane. Quatre stations interactives vous permettent d&rsquo;apprendre des choses int\u00e9ressantes sur la flore et la faune d&rsquo;Am\u00e9rique du Sud, les for\u00eats tropicales humides et l&rsquo;\u0153uvre d&rsquo;Alexander von Humboldt. La passerelle permet \u00e9galement un acc\u00e8s sans barri\u00e8re \u00e0 la \u00ab\u00a0Maison de Humboldt\u00a0\u00bb avec ses aras, ses fourmiliers, ses paresseux et ses singes \u00e0 griffes.  <\/p>\n\n<h3 class=\"wp-block-heading\">Activit\u00e9s<\/h3>\n\n<p>Vous pouvez visiter le zoo de l&rsquo;ouverture \u00e0 la fermeture. Ensuite, vous vous retirez dans la cabane dans les arbres et continuez \u00e0 observer les animaux depuis la terrasse. Pour une exp\u00e9rience particuli\u00e8re, vous pouvez r\u00e9server un <a href=\"https:\/\/www.zoo-schwerin.de\/erlebnisse\/fuehrungen\" target=\"_blank\" data-type=\"link\" data-id=\"https:\/\/www.zoo-schwerin.de\/erlebnisse\/fuehrungen\" rel=\"noreferrer noopener\">safari nocturne<\/a>. D&rsquo;une dur\u00e9e de 90 minutes, il permet de voir des animaux nocturnes comme les loups et les chiens rouges en train de se nourrir. Le co\u00fbt est de 60 euros par groupe.    <\/p>\n\n<p>Si vous avez envie de vous distraire, le parc d&rsquo;escalade de Schwerin se trouve \u00e0 proximit\u00e9.<\/p>\n\n<h3 class=\"wp-block-heading\">Informations pratiques<\/h3>\n\n<p>Le prix forfaitaire comprend :<\/p>\n\n<ul class=\"wp-block-list\">\n<li>Linge de lit et de toilette<\/li>\n\n\n\n<li>Chaussons<\/li>\n\n\n\n<li>Nettoyage final<\/li>\n\n\n\n<li>Entr\u00e9e au zoo pour tous les jours r\u00e9serv\u00e9s<\/li>\n<\/ul>\n\n<p>L&rsquo;enregistrement est possible \u00e0 12h00 ou 16h00. La cabane dans les arbres doit \u00eatre lib\u00e9r\u00e9e avant 10h00. Les animaux domestiques ne sont pas autoris\u00e9s.  <\/p>\n<style>.wp-block-kadence-advancedheading.kt-adv-heading7455_725634-16, .wp-block-kadence-advancedheading.kt-adv-heading7455_725634-16[data-kb-block=\"kb-adv-heading7455_725634-16\"]{font-style:normal;}.wp-block-kadence-advancedheading.kt-adv-heading7455_725634-16 mark.kt-highlight, .wp-block-kadence-advancedheading.kt-adv-heading7455_725634-16[data-kb-block=\"kb-adv-heading7455_725634-16\"] mark.kt-highlight{font-style:normal;color:#f76a0c;-webkit-box-decoration-break:clone;box-decoration-break:clone;padding-top:0px;padding-right:0px;padding-bottom:0px;padding-left:0px;}.wp-block-kadence-advancedheading.kt-adv-heading7455_725634-16 img.kb-inline-image, .wp-block-kadence-advancedheading.kt-adv-heading7455_725634-16[data-kb-block=\"kb-adv-heading7455_725634-16\"] img.kb-inline-image{width:150px;vertical-align:baseline;}<\/style>\n<h2 class=\"kt-adv-heading7455_725634-16 wp-block-kadence-advancedheading\" data-kb-block=\"kb-adv-heading7455_725634-16\">Vid\u00e9o de la cabane-h\u00f4tel du zoo de Schwerin<\/h2>\n\n<figure class=\"wp-block-embed is-type-video is-provider-youtube wp-block-embed-youtube wp-embed-aspect-16-9 wp-has-aspect-ratio\"><div class=\"wp-block-embed__wrapper\">\n<iframe loading=\"lazy\" hcb-fetch-image-from=\"https:\/\/youtu.be\/WaeWka-uMLI?si=90CJZzxtEF2oGuiS\" title=\"Baumhaus Zoo Schwerin, Baumhaus, \u00dcbernachtung im Zoo Schwerin, eine tierisch gute \u00dcbernachtung\" width=\"720\" height=\"405\" src=\"https:\/\/www.youtube.com\/embed\/WaeWka-uMLI?feature=oembed\" frameborder=\"0\" allow=\"accelerometer; autoplay; clipboard-write; encrypted-media; gyroscope; picture-in-picture; web-share\" referrerpolicy=\"strict-origin-when-cross-origin\" allowfullscreen><\/iframe>\n<\/div><\/figure>\n\n<h2 class=\"wp-block-heading\">Informations sur la maison-h\u00f4tel dans les arbres du zoo de Schwerin<\/h2>\n\n<figure class=\"wp-block-table\"><table class=\"has-fixed-layout\"><tbody><tr><td>Nombre de cabanes dans les arbres :<\/td><td>1 cabane dans les arbres<\/td><\/tr><tr><td>Hauteur de vie :<\/td><td>environ 4 m\u00e8tres<\/td><\/tr><tr><td>Capacit\u00e9 :<\/td><td>6 personnes<\/td><\/tr><tr><td>R\u00e9servable :<\/td><td>De mars \u00e0 octobre<\/td><\/tr><tr><td>Chauffage :<\/td><td>Non<\/td><\/tr><tr><td>\u00e9lectricit\u00e9 :<\/td><td>Oui<\/td><\/tr><tr><td>Cuisine :<\/td><td>Petite kitchenette<\/td><\/tr><tr><td>les installations sanitaires:<\/td><td>Salle de bain avec douche et WC.<\/td><\/tr><tr><td>Accessible aux personnes handicap\u00e9es :<\/td><td>Non, car l&rsquo;acc\u00e8s n&rsquo;est possible que par des escaliers.<\/td><\/tr><tr><td>Chiens admis:<\/td><td>Non<\/td><\/tr><\/tbody><\/table><figcaption class=\"wp-element-caption\">D\u00e9tails de l&rsquo;h\u00f4tel cabane dans les arbres Zoo Schwerin<\/figcaption><\/figure>\n\n<hr class=\"wp-block-separator has-alpha-channel-opacity\" style=\"margin-top:var(--wp--preset--spacing--50);margin-bottom:var(--wp--preset--spacing--50)\"\/>\n<style>.kadence-column7455_0d5c7d-64 > .kt-inside-inner-col{display:flex;}.kadence-column7455_0d5c7d-64 > .kt-inside-inner-col{padding-top:var(--global-kb-spacing-xs, 1rem);padding-right:var(--global-kb-spacing-xs, 1rem);padding-bottom:var(--global-kb-spacing-xs, 1rem);padding-left:var(--global-kb-spacing-xs, 1rem);}.kadence-column7455_0d5c7d-64 > .kt-inside-inner-col{box-shadow:0px 0px 14px 0px rgba(0, 0, 0, 0.2);}.kadence-column7455_0d5c7d-64 > .kt-inside-inner-col,.kadence-column7455_0d5c7d-64 > .kt-inside-inner-col:before{border-top-left-radius:0px;border-top-right-radius:0px;border-bottom-right-radius:0px;border-bottom-left-radius:0px;}.kadence-column7455_0d5c7d-64 > .kt-inside-inner-col{column-gap:var(--global-kb-gap-sm, 1rem);}.kadence-column7455_0d5c7d-64 > .kt-inside-inner-col{flex-direction:column;align-items:center;}.kadence-column7455_0d5c7d-64 > .kt-inside-inner-col > .kb-image-is-ratio-size{align-self:stretch;}.kadence-column7455_0d5c7d-64 > .kt-inside-inner-col > .wp-block-kadence-advancedgallery{align-self:stretch;}.kadence-column7455_0d5c7d-64 > .kt-inside-inner-col > .aligncenter{width:100%;}.kadence-column7455_0d5c7d-64 > .kt-inside-inner-col{background-color:var(--global-palette8, #F7FAFC);}.kadence-column7455_0d5c7d-64 > .kt-inside-inner-col:before{opacity:0.3;}.kadence-column7455_0d5c7d-64{position:relative;}@media all and (max-width: 1024px){.kadence-column7455_0d5c7d-64 > .kt-inside-inner-col{flex-direction:column;justify-content:center;align-items:center;}}@media all and (max-width: 767px){.kadence-column7455_0d5c7d-64 > .kt-inside-inner-col{flex-direction:column;justify-content:center;align-items:center;}}<\/style>\n<div class=\"wp-block-kadence-column kadence-column7455_0d5c7d-64\"><div class=\"kt-inside-inner-col\">\n<p class=\"has-text-align-center\">Que pensez-vous de l\u2019h\u00f4tel dans les arbres Zoo Schwerin ? Laissez-nous une \u00e9valuation, s&rsquo;il vous pla\u00eet.  <br\/>Vous nous aidez ainsi que d&rsquo;autres amoureux de la nature. Merci beaucoup \ud83d\ude42 !<\/p>\n\n\n\n<div class=\"wp-block-yet-another-stars-rating-visitor-votes aligncenter yasr-vv-block\"><\/div>\n\n\n\n<p>Vous trouverez d&rsquo;autres aventures passionnantes dans notre <a href=\"https:\/\/walderlebnispfade.de\/fr\/experiences-en-foret\/\" data-type=\"page\" data-id=\"228\">recherche d&rsquo;exp\u00e9riences en for\u00eat<\/a> et dans notre <a href=\"https:\/\/walderlebnispfade.de\/fr\/apercu-des-hotels-de-cabanes-dans-les-arbres\/\" data-type=\"post\" data-id=\"5771\">aper\u00e7u des h\u00f4tels dans les arbres<\/a>!<\/p>\n<\/div><\/div>\n\n<hr class=\"wp-block-separator has-alpha-channel-opacity\" style=\"margin-top:var(--wp--preset--spacing--50);margin-bottom:var(--wp--preset--spacing--50)\"\/>\n\n<p><\/p>\n","protected":false},"author":2,"featured_media":7469,"comment_status":"open","ping_status":"closed","template":"","meta":{"_kad_blocks_custom_css":"","_kad_blocks_head_custom_js":"","_kad_blocks_body_custom_js":"","_kad_blocks_footer_custom_js":"","_kad_post_transparent":"","_kad_post_title":"","_kad_post_layout":"","_kad_post_sidebar_id":"","_kad_post_content_style":"","_kad_post_vertical_padding":"","_kad_post_feature":"","_kad_post_feature_position":"","_kad_post_header":false,"_kad_post_footer":false,"_kad_post_classname":"","yasr_overall_rating":0,"yasr_post_is_review":"","yasr_auto_insert_disabled":"","yasr_review_type":""},"region":[130,218],"erlebnisart":[190,193],"class_list":["post-7470","erlebnisse","type-erlebnisse","status-publish","has-post-thumbnail","hentry","region-deutschland-fr","region-mecklembourg-pomeranie-occidentale","erlebnisart-hebergement","erlebnisart-hotel-dans-les-arbres"],"yasr_visitor_votes":{"stars_attributes":{"read_only":false,"span_bottom":false},"number_of_votes":0,"sum_votes":0},"taxonomy_info":{"region":[{"value":130,"label":"Allemagne"},{"value":218,"label":"Mecklembourg-Pom\u00e9ranie occidentale"}],"erlebnisart":[{"value":190,"label":"H\u00e9bergement"},{"value":193,"label":"H\u00f4tel dans les arbres"}]},"featured_image_src_large":["https:\/\/walderlebnispfade.de\/wp-content\/uploads\/2025\/11\/Baumhaushotel_Zoo_Schwerin-1024x576.jpg",1024,576,true],"author_info":{"display_name":"Moni","author_link":"https:\/\/walderlebnispfade.de\/fr\/author\/moni\/"},"comment_info":0,"_links":{"self":[{"href":"https:\/\/walderlebnispfade.de\/fr\/wp-json\/wp\/v2\/erlebnisse\/7470","targetHints":{"allow":["GET"]}}],"collection":[{"href":"https:\/\/walderlebnispfade.de\/fr\/wp-json\/wp\/v2\/erlebnisse"}],"about":[{"href":"https:\/\/walderlebnispfade.de\/fr\/wp-json\/wp\/v2\/types\/erlebnisse"}],"author":[{"embeddable":true,"href":"https:\/\/walderlebnispfade.de\/fr\/wp-json\/wp\/v2\/users\/2"}],"replies":[{"embeddable":true,"href":"https:\/\/walderlebnispfade.de\/fr\/wp-json\/wp\/v2\/comments?post=7470"}],"wp:featuredmedia":[{"embeddable":true,"href":"https:\/\/walderlebnispfade.de\/fr\/wp-json\/wp\/v2\/media\/7469"}],"wp:attachment":[{"href":"https:\/\/walderlebnispfade.de\/fr\/wp-json\/wp\/v2\/media?parent=7470"}],"wp:term":[{"taxonomy":"region","embeddable":true,"href":"https:\/\/walderlebnispfade.de\/fr\/wp-json\/wp\/v2\/region?post=7470"},{"taxonomy":"erlebnisart","embeddable":true,"href":"https:\/\/walderlebnispfade.de\/fr\/wp-json\/wp\/v2\/erlebnisart?post=7470"}],"curies":[{"name":"wp","href":"https:\/\/api.w.org\/{rel}","templated":true}]}}