{"id":7967,"date":"2026-04-27T11:17:28","date_gmt":"2026-04-27T09:17:28","guid":{"rendered":"https:\/\/walderlebnispfade.de\/erlebnisse\/hotel-de-cabanes-dans-les-arbres-land-of-green\/"},"modified":"2026-04-27T11:32:58","modified_gmt":"2026-04-27T09:32:58","slug":"hotel-de-cabanes-dans-les-arbres-land-of-green","status":"publish","type":"erlebnisse","link":"https:\/\/walderlebnispfade.de\/fr\/erlebnisse\/hotel-de-cabanes-dans-les-arbres-land-of-green\/","title":{"rendered":"H\u00f4tel de cabanes dans les arbres Land of Green"},"content":{"rendered":"<style>.wp-block-kadence-advancedheading.kt-adv-heading7941_a0f9b2-d0, .wp-block-kadence-advancedheading.kt-adv-heading7941_a0f9b2-d0[data-kb-block=\"kb-adv-heading7941_a0f9b2-d0\"]{font-style:normal;}.wp-block-kadence-advancedheading.kt-adv-heading7941_a0f9b2-d0 mark.kt-highlight, .wp-block-kadence-advancedheading.kt-adv-heading7941_a0f9b2-d0[data-kb-block=\"kb-adv-heading7941_a0f9b2-d0\"] mark.kt-highlight{font-style:normal;color:#f76a0c;-webkit-box-decoration-break:clone;box-decoration-break:clone;padding-top:0px;padding-right:0px;padding-bottom:0px;padding-left:0px;}.wp-block-kadence-advancedheading.kt-adv-heading7941_a0f9b2-d0 img.kb-inline-image, .wp-block-kadence-advancedheading.kt-adv-heading7941_a0f9b2-d0[data-kb-block=\"kb-adv-heading7941_a0f9b2-d0\"] img.kb-inline-image{width:150px;vertical-align:baseline;}<\/style>\n<h2 class=\"kt-adv-heading7941_a0f9b2-d0 wp-block-kadence-advancedheading\" data-kb-block=\"kb-adv-heading7941_a0f9b2-d0\">Cabane dans les arbres \u00e0 Worpswede<\/h2>\n\n<p>Au milieu du Teufelsmoor, au sud du village d&rsquo;artistes de Worpswede, se trouve l&rsquo;h\u00f4tel de cabanes dans les arbres Land of Green : un petit centre de vill\u00e9giature naturel qui allie confort et sensation de for\u00eat d&rsquo;une mani\u00e8re particuli\u00e8re. Les trois cabanes dans les arbres \u00ab\u00a0Otto\u00a0\u00bb, \u00ab\u00a0Hermine\u00a0\u00bb et \u00ab\u00a0Clara\u00a0\u00bb s&rsquo;\u00e9l\u00e8vent jusqu&rsquo;\u00e0 sept m\u00e8tres dans les vieux pins et ch\u00eanes et vous offrent une retraite idyllique juste \u00e0 la limite de la r\u00e9serve naturelle. Les noms des maisons ne sont pas le fruit du hasard : elles portent les noms d&rsquo;importants peintres de la colonie d&rsquo;artistes de Worpswede, qui a rendu ce paysage de marais c\u00e9l\u00e8bre autrefois.  <\/p>\n<style>.kb-table-of-content-nav.kb-table-of-content-id7941_6e8dec-a4 .kb-table-of-content-wrap{padding-top:var(--global-kb-spacing-sm, 1.5rem);padding-right:var(--global-kb-spacing-sm, 1.5rem);padding-bottom:var(--global-kb-spacing-sm, 1.5rem);padding-left:var(--global-kb-spacing-sm, 1.5rem);background-color:var(--global-palette8, #F7FAFC);box-shadow:inset 0px 0px 14px 0px rgba(0, 0, 0, 0.2);}.kb-table-of-content-nav.kb-table-of-content-id7941_6e8dec-a4 .kb-table-of-contents-title-wrap{padding-top:0px;padding-right:0px;padding-bottom:0px;padding-left:0px;}.kb-table-of-content-nav.kb-table-of-content-id7941_6e8dec-a4 .kb-table-of-contents-title{font-weight:regular;font-style:normal;}.kb-table-of-content-nav.kb-table-of-content-id7941_6e8dec-a4 .kb-table-of-content-wrap .kb-table-of-content-list{font-weight:regular;font-style:normal;margin-top:var(--global-kb-spacing-sm, 1.5rem);margin-right:0px;margin-bottom:0px;margin-left:0px;}.kb-table-of-content-nav.kb-table-of-content-id7941_6e8dec-a4 .kb-toggle-icon-style-basiccircle .kb-table-of-contents-icon-trigger:after, .kb-table-of-content-nav.kb-table-of-content-id7941_6e8dec-a4 .kb-toggle-icon-style-basiccircle .kb-table-of-contents-icon-trigger:before, .kb-table-of-content-nav.kb-table-of-content-id7941_6e8dec-a4 .kb-toggle-icon-style-arrowcircle .kb-table-of-contents-icon-trigger:after, .kb-table-of-content-nav.kb-table-of-content-id7941_6e8dec-a4 .kb-toggle-icon-style-arrowcircle .kb-table-of-contents-icon-trigger:before, .kb-table-of-content-nav.kb-table-of-content-id7941_6e8dec-a4 .kb-toggle-icon-style-xclosecircle .kb-table-of-contents-icon-trigger:after, .kb-table-of-content-nav.kb-table-of-content-id7941_6e8dec-a4 .kb-toggle-icon-style-xclosecircle .kb-table-of-contents-icon-trigger:before{background-color:var(--global-palette8, #F7FAFC);}<\/style><style>.kb-row-layout-id7941_ee2ee1-20 > .kt-row-column-wrap{align-content:start;}:where(.kb-row-layout-id7941_ee2ee1-20 > .kt-row-column-wrap) > .wp-block-kadence-column{justify-content:start;}.kb-row-layout-id7941_ee2ee1-20 > .kt-row-column-wrap{column-gap:var(--global-kb-gap-md, 2rem);row-gap:var(--global-kb-gap-md, 2rem);padding-top:var(--global-kb-spacing-sm, 1.5rem);padding-bottom:var(--global-kb-spacing-sm, 1.5rem);grid-template-columns:repeat(2, minmax(0, 1fr));}.kb-row-layout-id7941_ee2ee1-20 > .kt-row-layout-overlay{opacity:0.30;}@media all and (max-width: 1024px){.kb-row-layout-id7941_ee2ee1-20 > .kt-row-column-wrap{grid-template-columns:repeat(2, minmax(0, 1fr));}}@media all and (max-width: 767px){.kb-row-layout-id7941_ee2ee1-20 > .kt-row-column-wrap{grid-template-columns:minmax(0, 1fr);}}<\/style><div class=\"kb-row-layout-wrap kb-row-layout-id7941_ee2ee1-20 alignnone wp-block-kadence-rowlayout\"><div class=\"kt-row-column-wrap kt-has-2-columns kt-row-layout-equal kt-tab-layout-inherit kt-mobile-layout-row kt-row-valign-top\">\n<style>.kadence-column7941_d4702f-e9 > .kt-inside-inner-col,.kadence-column7941_d4702f-e9 > .kt-inside-inner-col:before{border-top-left-radius:0px;border-top-right-radius:0px;border-bottom-right-radius:0px;border-bottom-left-radius:0px;}.kadence-column7941_d4702f-e9 > .kt-inside-inner-col{column-gap:var(--global-kb-gap-sm, 1rem);}.kadence-column7941_d4702f-e9 > .kt-inside-inner-col{flex-direction:column;}.kadence-column7941_d4702f-e9 > .kt-inside-inner-col > .aligncenter{width:100%;}.kadence-column7941_d4702f-e9 > .kt-inside-inner-col:before{opacity:0.3;}.kadence-column7941_d4702f-e9{position:relative;}@media all and (max-width: 1024px){.kadence-column7941_d4702f-e9 > .kt-inside-inner-col{flex-direction:column;justify-content:center;}}@media all and (max-width: 767px){.kadence-column7941_d4702f-e9 > .kt-inside-inner-col{flex-direction:column;justify-content:center;}}<\/style>\n<div class=\"wp-block-kadence-column kadence-column7941_d4702f-e9\"><div class=\"kt-inside-inner-col\">\n<p>Chaque cabane offre environ 27 m\u00e8tres carr\u00e9s d&rsquo;espace de vie sur deux niveaux, plus 20 m\u00e8tres carr\u00e9s d&rsquo;espace ext\u00e9rieur. Au rez-de-chauss\u00e9e, vous trouverez un lit double confortable, un salon avec un canap\u00e9 d&rsquo;angle et un po\u00eale \u00e0 bois, ainsi qu&rsquo;une salle de bains enti\u00e8rement \u00e9quip\u00e9e avec douche. La cuisine est \u00e9quip\u00e9e d&rsquo;une plaque \u00e0 induction, d&rsquo;un lave-vaisselle, d&rsquo;un r\u00e9frig\u00e9rateur, d&rsquo;une machine \u00e0 caf\u00e9 et de tous les accessoires n\u00e9cessaires. Un escalier int\u00e9rieur m\u00e8ne \u00e0 la partie sup\u00e9rieure de la chambre \u00e0 coucher, qui offre une vue magnifique sur la verdure. De grandes fen\u00eatres \u00e0 croisillons laissent entrer beaucoup de lumi\u00e8re et offrent une vue sur la for\u00eat.    <\/p>\n\n\n\n<p>Le point fort est la terrasse de 15 m\u00e8tres carr\u00e9s sur le toit avec une baignoire en plein air. En \u00e9t\u00e9, vous pourrez vous y d\u00e9tendre en plein air, tandis qu&rsquo;en hiver, le po\u00eale \u00e0 bois en bas de la maison vous r\u00e9chauffera. Une terrasse de cinq m\u00e8tres carr\u00e9s au premier niveau offre une belle vue sur les paysages prot\u00e9g\u00e9s.    <\/p>\n<\/div><\/div>\n\n\n<style>.kadence-column7941_5fb06c-44 > .kt-inside-inner-col,.kadence-column7941_5fb06c-44 > .kt-inside-inner-col:before{border-top-left-radius:0px;border-top-right-radius:0px;border-bottom-right-radius:0px;border-bottom-left-radius:0px;}.kadence-column7941_5fb06c-44 > .kt-inside-inner-col{column-gap:var(--global-kb-gap-sm, 1rem);}.kadence-column7941_5fb06c-44 > .kt-inside-inner-col{flex-direction:column;}.kadence-column7941_5fb06c-44 > .kt-inside-inner-col > .aligncenter{width:100%;}.kadence-column7941_5fb06c-44 > .kt-inside-inner-col:before{opacity:0.3;}.kadence-column7941_5fb06c-44{position:relative;}@media all and (max-width: 1024px){.kadence-column7941_5fb06c-44 > .kt-inside-inner-col{flex-direction:column;justify-content:center;}}@media all and (max-width: 767px){.kadence-column7941_5fb06c-44 > .kt-inside-inner-col{flex-direction:column;justify-content:center;}}<\/style>\n<div class=\"wp-block-kadence-column kadence-column7941_5fb06c-44\"><div class=\"kt-inside-inner-col\"><style>.wp-block-kadence-advancedheading.kt-adv-heading7941_1e076e-1e, .wp-block-kadence-advancedheading.kt-adv-heading7941_1e076e-1e[data-kb-block=\"kb-adv-heading7941_1e076e-1e\"]{text-align:center;font-style:normal;}.wp-block-kadence-advancedheading.kt-adv-heading7941_1e076e-1e mark.kt-highlight, .wp-block-kadence-advancedheading.kt-adv-heading7941_1e076e-1e[data-kb-block=\"kb-adv-heading7941_1e076e-1e\"] mark.kt-highlight{font-style:normal;color:#f76a0c;-webkit-box-decoration-break:clone;box-decoration-break:clone;padding-top:0px;padding-right:0px;padding-bottom:0px;padding-left:0px;}.wp-block-kadence-advancedheading.kt-adv-heading7941_1e076e-1e img.kb-inline-image, .wp-block-kadence-advancedheading.kt-adv-heading7941_1e076e-1e[data-kb-block=\"kb-adv-heading7941_1e076e-1e\"] img.kb-inline-image{width:150px;vertical-align:baseline;}<\/style>\n<h3 class=\"kt-adv-heading7941_1e076e-1e wp-block-kadence-advancedheading\" data-kb-block=\"kb-adv-heading7941_1e076e-1e\">Aper\u00e7u des \u00e9quipements :<\/h3>\n\n\n<style>.kb-table-container7941_345e2c-2a{overflow-x:auto;}.kb-table-container .kb-table7941_345e2c-2a th{padding-top:var(--global-kb-spacing-xxs, 0.5rem);padding-right:var(--global-kb-spacing-xxs, 0.5rem);padding-bottom:var(--global-kb-spacing-xxs, 0.5rem);padding-left:var(--global-kb-spacing-xxs, 0.5rem);text-align:center;}.kb-table-container .kb-table7941_345e2c-2a caption{text-align:center;}.kb-table-container .kb-table7941_345e2c-2a td{padding-top:var(--global-kb-spacing-xxs, 0.5rem);padding-right:var(--global-kb-spacing-xxs, 0.5rem);padding-bottom:var(--global-kb-spacing-xxs, 0.5rem);padding-left:var(--global-kb-spacing-xxs, 0.5rem);text-align:left;}<\/style><div class=\"kb-table-container kb-table-container7941_345e2c-2a wp-block-kadence-table\"><table class=\"kb-table kb-table7941_345e2c-2a\">\n<tr class=\"kb-table-row kb-table-row7941_61fb0b-28\">\n<td class=\"kb-table-data kb-table-data7941_43b42e-c6\">\n<style>.kb-image7941_620802-1a .kb-image-has-overlay:after{opacity:0.3;}<\/style>\n<div class=\"wp-block-kadence-image kb-image7941_620802-1a\"><figure class=\"aligncenter size-full\"><img loading=\"lazy\" decoding=\"async\" width=\"100\" height=\"100\" src=\"https:\/\/walderlebnispfade.de\/wp-content\/uploads\/2026\/04\/WC.png\" alt=\"WC-Symbol\" class=\"kb-img wp-image-7716\"\/><\/figure><\/div>\n\n<\/td>\n\n<td class=\"kb-table-data kb-table-data7941_ddf55a-2e\">\n<style>.kb-image7941_ec000d-52 .kb-image-has-overlay:after{opacity:0.3;}<\/style>\n<div class=\"wp-block-kadence-image kb-image7941_ec000d-52\"><figure class=\"aligncenter size-full\"><img loading=\"lazy\" decoding=\"async\" width=\"100\" height=\"100\" src=\"https:\/\/walderlebnispfade.de\/wp-content\/uploads\/2026\/04\/Dusche.png\" alt=\"Dusch-Symbol\" class=\"kb-img wp-image-7711\"\/><\/figure><\/div>\n\n<\/td>\n<\/tr>\n\n<tr class=\"kb-table-row kb-table-row7941_cee486-bc\">\n<td class=\"kb-table-data kb-table-data7941_6cdf6b-74\">\n<style>.kb-image7941_fb5241-79.kb-image-is-ratio-size, .kb-image7941_fb5241-79 .kb-image-is-ratio-size{max-width:100px;width:100%;}.wp-block-kadence-column > .kt-inside-inner-col > .kb-image7941_fb5241-79.kb-image-is-ratio-size, .wp-block-kadence-column > .kt-inside-inner-col > .kb-image7941_fb5241-79 .kb-image-is-ratio-size{align-self:unset;}.kb-image7941_fb5241-79 figure{max-width:100px;}.kb-image7941_fb5241-79 .image-is-svg, .kb-image7941_fb5241-79 .image-is-svg img{width:100%;}.kb-image7941_fb5241-79 .kb-image-has-overlay:after{opacity:0.3;}<\/style>\n<div class=\"wp-block-kadence-image kb-image7941_fb5241-79\"><figure class=\"aligncenter size-full\"><img loading=\"lazy\" decoding=\"async\" width=\"100\" height=\"100\" src=\"https:\/\/walderlebnispfade.de\/wp-content\/uploads\/2026\/04\/Strom.png\" alt=\"Strom-Symbol\" class=\"kb-img wp-image-7715\"\/><\/figure><\/div>\n\n<\/td>\n\n<td class=\"kb-table-data kb-table-data7941_afc4e5-1f\">\n<style>.kb-image7941_ac7a10-13 .kb-image-has-overlay:after{opacity:0.3;}<\/style>\n<div class=\"wp-block-kadence-image kb-image7941_ac7a10-13\"><figure class=\"aligncenter size-full\"><img loading=\"lazy\" decoding=\"async\" width=\"100\" height=\"100\" src=\"https:\/\/walderlebnispfade.de\/wp-content\/uploads\/2026\/04\/Heizung.png\" alt=\"Heizungs-Symbol\" class=\"kb-img wp-image-7712\"\/><\/figure><\/div>\n\n<\/td>\n<\/tr>\n\n<tr class=\"kb-table-row kb-table-row7941_8b9529-e9\">\n<td class=\"kb-table-data kb-table-data7941_982998-bd\">\n<style>.kb-image7941_2cc6b1-c6 .kb-image-has-overlay:after{opacity:0.3;}<\/style>\n<div class=\"wp-block-kadence-image kb-image7941_2cc6b1-c6\"><figure class=\"aligncenter size-full\"><img loading=\"lazy\" decoding=\"async\" width=\"100\" height=\"100\" src=\"https:\/\/walderlebnispfade.de\/wp-content\/uploads\/2026\/04\/WLAN.png\" alt=\"WLAN-Symbol\" class=\"kb-img wp-image-7717\"\/><\/figure><\/div>\n\n<\/td>\n\n<td class=\"kb-table-data kb-table-data7941_83ba9d-43\">\n<style>.kb-image7941_792d56-25 .kb-image-has-overlay:after{opacity:0.3;}<\/style>\n<div class=\"wp-block-kadence-image kb-image7941_792d56-25\"><figure class=\"aligncenter size-full\"><img loading=\"lazy\" decoding=\"async\" width=\"100\" height=\"100\" src=\"https:\/\/walderlebnispfade.de\/wp-content\/uploads\/2026\/04\/Hunde_Erlaubt.png\" alt=\"Hunde erlaubt Symbol\" class=\"kb-img wp-image-7713\"\/><\/figure><\/div>\n\n<\/td>\n<\/tr>\n<\/table><\/div><\/div><\/div>\n\n<\/div><\/div>\n<p>Pour ceux qui souhaitent aller plus loin apr\u00e8s leur journ\u00e9e dans une cabane dans les arbres, vous pouvez r\u00e9server directement sur le site le hot tub chauff\u00e9 au bois ou le tonneau sauna. En \u00e9t\u00e9, vous pouvez pagayer dans la Hamme en cano\u00eb depuis le port de l&rsquo;\u00e9tablissement. Au <a href=\"https:\/\/www.landofgreen.de\/hafencafe\" target=\"_blank\" data-type=\"link\" data-id=\"https:\/\/www.landofgreen.de\/hafencafe\" rel=\"noreferrer noopener\">caf\u00e9 du port <\/a>, le barista vous attend pour vous servir des sp\u00e9cialit\u00e9s de caf\u00e9 de luxe, de d\u00e9licieux g\u00e2teaux et quelques plats chauds pr\u00e9par\u00e9s par vos soins. La cabane dans les arbres \u00ab\u00a0Otto\u00a0\u00bb est adapt\u00e9e aux chiens et les deux autres maisons n&rsquo;acceptent pas les animaux.   <\/p>\n<style>.wp-block-kadence-advancedheading.kt-adv-heading7941_3cc014-05, .wp-block-kadence-advancedheading.kt-adv-heading7941_3cc014-05[data-kb-block=\"kb-adv-heading7941_3cc014-05\"]{font-style:normal;}.wp-block-kadence-advancedheading.kt-adv-heading7941_3cc014-05 mark.kt-highlight, .wp-block-kadence-advancedheading.kt-adv-heading7941_3cc014-05[data-kb-block=\"kb-adv-heading7941_3cc014-05\"] mark.kt-highlight{font-style:normal;color:#f76a0c;-webkit-box-decoration-break:clone;box-decoration-break:clone;padding-top:0px;padding-right:0px;padding-bottom:0px;padding-left:0px;}.wp-block-kadence-advancedheading.kt-adv-heading7941_3cc014-05 img.kb-inline-image, .wp-block-kadence-advancedheading.kt-adv-heading7941_3cc014-05[data-kb-block=\"kb-adv-heading7941_3cc014-05\"] img.kb-inline-image{width:150px;vertical-align:baseline;}<\/style>\n<h2 class=\"kt-adv-heading7941_3cc014-05 wp-block-kadence-advancedheading\" data-kb-block=\"kb-adv-heading7941_3cc014-05\">Vid\u00e9o de l&rsquo;h\u00f4tel de cabanes dans les arbres Land of Green<\/h2>\n\n<figure class=\"wp-block-embed is-type-video is-provider-youtube wp-block-embed-youtube wp-embed-aspect-16-9 wp-has-aspect-ratio\"><div class=\"wp-block-embed__wrapper\">\n<iframe loading=\"lazy\" hcb-fetch-image-from=\"https:\/\/youtu.be\/td0B2sGVBpk?si=N4joOBssB8u2EEwd\" title=\"Baumhaus &quot;Hermine&quot; bald im Land of Green Naturresort\" width=\"720\" height=\"405\" src=\"https:\/\/www.youtube.com\/embed\/td0B2sGVBpk?feature=oembed\" frameborder=\"0\" allow=\"accelerometer; autoplay; clipboard-write; encrypted-media; gyroscope; picture-in-picture; web-share\" referrerpolicy=\"strict-origin-when-cross-origin\" allowfullscreen><\/iframe>\n<\/div><\/figure>\n\n<h2 class=\"wp-block-heading\">Informations sur l&rsquo;h\u00f4tel de cabanes dans les arbres Land of Green<\/h2>\n\n<figure class=\"wp-block-table\"><table class=\"has-fixed-layout\"><tbody><tr><td>Nombre de cabanes dans les arbres :<\/td><td>3 cabanes dans les arbres<\/td><\/tr><tr><td>Hauteur de vie :<\/td><td>3 m\u00e8tres au-dessus du sol<\/td><\/tr><tr><td>Capacit\u00e9 :<\/td><td>2 \u00e0 5 personnes par maison<\/td><\/tr><tr><td>R\u00e9servable :<\/td><td>toute l&rsquo;ann\u00e9e<\/td><\/tr><tr><td>Chauffage :<\/td><td>Oui<\/td><\/tr><tr><td>\u00e9lectricit\u00e9 :<\/td><td>Oui<\/td><\/tr><tr><td>Cuisine :<\/td><td>Oui, une cuisine compl\u00e8te est disponible.<\/td><\/tr><tr><td>les installations sanitaires:<\/td><td>Douche, WC et baignoire ext\u00e9rieure<\/td><\/tr><tr><td>Accessible aux personnes handicap\u00e9es :<\/td><td>Non, car l&rsquo;acc\u00e8s n&rsquo;est possible que par un escalier ext\u00e9rieur.<\/td><\/tr><tr><td>Chiens admis:<\/td><td>Oui, les chiens sont autoris\u00e9s dans Baumhaus Otto.<\/td><\/tr><\/tbody><\/table><figcaption class=\"wp-element-caption\">D\u00e9tails de la maison-h\u00f4tel dans les arbres Land of Green<\/figcaption><\/figure>\n\n<hr class=\"wp-block-separator has-alpha-channel-opacity\" style=\"margin-top:var(--wp--preset--spacing--50);margin-bottom:var(--wp--preset--spacing--50)\"\/>\n<style>.kadence-column7941_b48fbc-0d > .kt-inside-inner-col{display:flex;}.kadence-column7941_b48fbc-0d > .kt-inside-inner-col{padding-top:var(--global-kb-spacing-xs, 1rem);padding-right:var(--global-kb-spacing-xs, 1rem);padding-bottom:var(--global-kb-spacing-xs, 1rem);padding-left:var(--global-kb-spacing-xs, 1rem);}.kadence-column7941_b48fbc-0d > .kt-inside-inner-col{box-shadow:0px 0px 14px 0px rgba(0, 0, 0, 0.2);}.kadence-column7941_b48fbc-0d > .kt-inside-inner-col,.kadence-column7941_b48fbc-0d > .kt-inside-inner-col:before{border-top-left-radius:0px;border-top-right-radius:0px;border-bottom-right-radius:0px;border-bottom-left-radius:0px;}.kadence-column7941_b48fbc-0d > .kt-inside-inner-col{column-gap:var(--global-kb-gap-sm, 1rem);}.kadence-column7941_b48fbc-0d > .kt-inside-inner-col{flex-direction:column;align-items:center;}.kadence-column7941_b48fbc-0d > .kt-inside-inner-col > .kb-image-is-ratio-size{align-self:stretch;}.kadence-column7941_b48fbc-0d > .kt-inside-inner-col > .wp-block-kadence-advancedgallery{align-self:stretch;}.kadence-column7941_b48fbc-0d > .kt-inside-inner-col > .aligncenter{width:100%;}.kadence-column7941_b48fbc-0d > .kt-inside-inner-col{background-color:var(--global-palette8, #F7FAFC);}.kadence-column7941_b48fbc-0d > .kt-inside-inner-col:before{opacity:0.3;}.kadence-column7941_b48fbc-0d{position:relative;}@media all and (max-width: 1024px){.kadence-column7941_b48fbc-0d > .kt-inside-inner-col{flex-direction:column;justify-content:center;align-items:center;}}@media all and (max-width: 767px){.kadence-column7941_b48fbc-0d > .kt-inside-inner-col{flex-direction:column;justify-content:center;align-items:center;}}<\/style>\n<div class=\"wp-block-kadence-column kadence-column7941_b48fbc-0d\"><div class=\"kt-inside-inner-col\">\n<p class=\"has-text-align-center\">Que pensez-vous de l&rsquo;h\u00f4tel de cabanes dans les arbres Land of Green ? Laissez-nous une \u00e9valuation, s&rsquo;il vous pla\u00eet.  <br\/>Vous nous aidez ainsi que d&rsquo;autres amoureux de la nature. Merci beaucoup \ud83d\ude42 !<\/p>\n\n\n\n<div class=\"wp-block-yet-another-stars-rating-visitor-votes aligncenter yasr-vv-block\"><\/div>\n\n\n\n<p>Vous trouverez d&rsquo;autres aventures passionnantes dans notre <a href=\"https:\/\/walderlebnispfade.de\/fr\/experiences-en-foret\/\" data-type=\"page\" data-id=\"228\">recherche d&rsquo;exp\u00e9riences en for\u00eat<\/a> et dans notre <a href=\"https:\/\/walderlebnispfade.de\/fr\/apercu-des-hotels-de-cabanes-dans-les-arbres\/\" data-type=\"post\" data-id=\"5771\">aper\u00e7u des h\u00f4tels dans les arbres<\/a>!<\/p>\n<\/div><\/div>\n\n<hr class=\"wp-block-separator has-alpha-channel-opacity\" style=\"margin-top:var(--wp--preset--spacing--50);margin-bottom:var(--wp--preset--spacing--50)\"\/>\n\n<p><\/p>\n","protected":false},"author":2,"featured_media":7955,"comment_status":"open","ping_status":"closed","template":"","meta":{"_kad_blocks_custom_css":"","_kad_blocks_head_custom_js":"","_kad_blocks_body_custom_js":"","_kad_blocks_footer_custom_js":"","_kad_post_transparent":"","_kad_post_title":"","_kad_post_layout":"","_kad_post_sidebar_id":"","_kad_post_content_style":"","_kad_post_vertical_padding":"","_kad_post_feature":"","_kad_post_feature_position":"","_kad_post_header":false,"_kad_post_footer":false,"_kad_post_classname":"","yasr_overall_rating":0,"yasr_post_is_review":"","yasr_auto_insert_disabled":"","yasr_review_type":""},"region":[130,215],"erlebnisart":[190,193],"class_list":["post-7967","erlebnisse","type-erlebnisse","status-publish","has-post-thumbnail","hentry","region-deutschland-fr","region-basse-saxe","erlebnisart-hebergement","erlebnisart-hotel-dans-les-arbres"],"yasr_visitor_votes":{"stars_attributes":{"read_only":false,"span_bottom":false},"number_of_votes":0,"sum_votes":0},"taxonomy_info":{"region":[{"value":130,"label":"Allemagne"},{"value":215,"label":"Basse-Saxe"}],"erlebnisart":[{"value":190,"label":"H\u00e9bergement"},{"value":193,"label":"H\u00f4tel dans les arbres"}]},"featured_image_src_large":["https:\/\/walderlebnispfade.de\/wp-content\/uploads\/2026\/04\/Baumhaushotel_Worpswede-1024x576.jpg",1024,576,true],"author_info":{"display_name":"Moni","author_link":"https:\/\/walderlebnispfade.de\/fr\/author\/moni\/"},"comment_info":0,"_links":{"self":[{"href":"https:\/\/walderlebnispfade.de\/fr\/wp-json\/wp\/v2\/erlebnisse\/7967","targetHints":{"allow":["GET"]}}],"collection":[{"href":"https:\/\/walderlebnispfade.de\/fr\/wp-json\/wp\/v2\/erlebnisse"}],"about":[{"href":"https:\/\/walderlebnispfade.de\/fr\/wp-json\/wp\/v2\/types\/erlebnisse"}],"author":[{"embeddable":true,"href":"https:\/\/walderlebnispfade.de\/fr\/wp-json\/wp\/v2\/users\/2"}],"replies":[{"embeddable":true,"href":"https:\/\/walderlebnispfade.de\/fr\/wp-json\/wp\/v2\/comments?post=7967"}],"wp:featuredmedia":[{"embeddable":true,"href":"https:\/\/walderlebnispfade.de\/fr\/wp-json\/wp\/v2\/media\/7955"}],"wp:attachment":[{"href":"https:\/\/walderlebnispfade.de\/fr\/wp-json\/wp\/v2\/media?parent=7967"}],"wp:term":[{"taxonomy":"region","embeddable":true,"href":"https:\/\/walderlebnispfade.de\/fr\/wp-json\/wp\/v2\/region?post=7967"},{"taxonomy":"erlebnisart","embeddable":true,"href":"https:\/\/walderlebnispfade.de\/fr\/wp-json\/wp\/v2\/erlebnisart?post=7967"}],"curies":[{"name":"wp","href":"https:\/\/api.w.org\/{rel}","templated":true}]}}