{"id":7973,"date":"2026-04-27T17:34:54","date_gmt":"2026-04-27T15:34:54","guid":{"rendered":"https:\/\/walderlebnispfade.de\/erlebnisse\/sky-chalets-buehlertal\/"},"modified":"2026-04-27T17:40:12","modified_gmt":"2026-04-27T15:40:12","slug":"sky-chalets-buehlertal","status":"publish","type":"erlebnisse","link":"https:\/\/walderlebnispfade.de\/fr\/erlebnisse\/sky-chalets-buehlertal\/","title":{"rendered":"Sky Chalets B\u00fchlertal"},"content":{"rendered":"<style>.wp-block-kadence-advancedheading.kt-adv-heading7969_372f94-1d, .wp-block-kadence-advancedheading.kt-adv-heading7969_372f94-1d[data-kb-block=\"kb-adv-heading7969_372f94-1d\"]{font-style:normal;}.wp-block-kadence-advancedheading.kt-adv-heading7969_372f94-1d mark.kt-highlight, .wp-block-kadence-advancedheading.kt-adv-heading7969_372f94-1d[data-kb-block=\"kb-adv-heading7969_372f94-1d\"] mark.kt-highlight{font-style:normal;color:#f76a0c;-webkit-box-decoration-break:clone;box-decoration-break:clone;padding-top:0px;padding-right:0px;padding-bottom:0px;padding-left:0px;}.wp-block-kadence-advancedheading.kt-adv-heading7969_372f94-1d img.kb-inline-image, .wp-block-kadence-advancedheading.kt-adv-heading7969_372f94-1d[data-kb-block=\"kb-adv-heading7969_372f94-1d\"] img.kb-inline-image{width:150px;vertical-align:baseline;}<\/style>\n<h2 class=\"kt-adv-heading7969_372f94-1d wp-block-kadence-advancedheading\" data-kb-block=\"kb-adv-heading7969_372f94-1d\">H\u00f4tel de luxe dans les arbres avec vue panoramique<\/h2>\n\n<p>Les Sky Chalets B\u00fchlertal sont situ\u00e9s sur une colline dans la vall\u00e9e sup\u00e9rieure de B\u00fchler, l&rsquo;une des vall\u00e9es les plus authentiques du Bade-Wurtemberg. Si vous vous imaginez vous r\u00e9veiller dans une cabane dans les arbres luxueusement am\u00e9nag\u00e9e, avec vue sur de douces collines, de vastes champs et d&rsquo;\u00e9paisses for\u00eats, alors vous \u00eates au bon endroit. Ce qui est particulier : Les chalets ont \u00e9t\u00e9 con\u00e7us avec le plus grand soin pour la nature. Aucun arbre n&rsquo;a \u00e9t\u00e9 abattu, plus de 100 nouveaux arbres ont \u00e9t\u00e9 plant\u00e9s et chaque d\u00e9tail a \u00e9t\u00e9 approuv\u00e9 par les autorit\u00e9s de protection de la nature.   <\/p>\n<style>.kb-table-of-content-nav.kb-table-of-content-id7969_3a411b-d5 .kb-table-of-content-wrap{padding-top:var(--global-kb-spacing-sm, 1.5rem);padding-right:var(--global-kb-spacing-sm, 1.5rem);padding-bottom:var(--global-kb-spacing-sm, 1.5rem);padding-left:var(--global-kb-spacing-sm, 1.5rem);background-color:var(--global-palette8, #F7FAFC);box-shadow:inset 0px 0px 14px 0px rgba(0, 0, 0, 0.2);}.kb-table-of-content-nav.kb-table-of-content-id7969_3a411b-d5 .kb-table-of-contents-title-wrap{padding-top:0px;padding-right:0px;padding-bottom:0px;padding-left:0px;}.kb-table-of-content-nav.kb-table-of-content-id7969_3a411b-d5 .kb-table-of-contents-title{font-weight:regular;font-style:normal;}.kb-table-of-content-nav.kb-table-of-content-id7969_3a411b-d5 .kb-table-of-content-wrap .kb-table-of-content-list{font-weight:regular;font-style:normal;margin-top:var(--global-kb-spacing-sm, 1.5rem);margin-right:0px;margin-bottom:0px;margin-left:0px;}.kb-table-of-content-nav.kb-table-of-content-id7969_3a411b-d5 .kb-toggle-icon-style-basiccircle .kb-table-of-contents-icon-trigger:after, .kb-table-of-content-nav.kb-table-of-content-id7969_3a411b-d5 .kb-toggle-icon-style-basiccircle .kb-table-of-contents-icon-trigger:before, .kb-table-of-content-nav.kb-table-of-content-id7969_3a411b-d5 .kb-toggle-icon-style-arrowcircle .kb-table-of-contents-icon-trigger:after, .kb-table-of-content-nav.kb-table-of-content-id7969_3a411b-d5 .kb-toggle-icon-style-arrowcircle .kb-table-of-contents-icon-trigger:before, .kb-table-of-content-nav.kb-table-of-content-id7969_3a411b-d5 .kb-toggle-icon-style-xclosecircle .kb-table-of-contents-icon-trigger:after, .kb-table-of-content-nav.kb-table-of-content-id7969_3a411b-d5 .kb-toggle-icon-style-xclosecircle .kb-table-of-contents-icon-trigger:before{background-color:var(--global-palette8, #F7FAFC);}<\/style><style>.kb-row-layout-id7969_c9944a-c8 > .kt-row-column-wrap{align-content:start;}:where(.kb-row-layout-id7969_c9944a-c8 > .kt-row-column-wrap) > .wp-block-kadence-column{justify-content:start;}.kb-row-layout-id7969_c9944a-c8 > .kt-row-column-wrap{column-gap:var(--global-kb-gap-md, 2rem);row-gap:var(--global-kb-gap-md, 2rem);padding-top:var(--global-kb-spacing-sm, 1.5rem);padding-bottom:var(--global-kb-spacing-sm, 1.5rem);grid-template-columns:repeat(2, minmax(0, 1fr));}.kb-row-layout-id7969_c9944a-c8 > .kt-row-layout-overlay{opacity:0.30;}@media all and (max-width: 1024px){.kb-row-layout-id7969_c9944a-c8 > .kt-row-column-wrap{grid-template-columns:repeat(2, minmax(0, 1fr));}}@media all and (max-width: 767px){.kb-row-layout-id7969_c9944a-c8 > .kt-row-column-wrap{grid-template-columns:minmax(0, 1fr);}}<\/style><div class=\"kb-row-layout-wrap kb-row-layout-id7969_c9944a-c8 alignnone wp-block-kadence-rowlayout\"><div class=\"kt-row-column-wrap kt-has-2-columns kt-row-layout-equal kt-tab-layout-inherit kt-mobile-layout-row kt-row-valign-top\">\n<style>.kadence-column7969_11e306-c9 > .kt-inside-inner-col,.kadence-column7969_11e306-c9 > .kt-inside-inner-col:before{border-top-left-radius:0px;border-top-right-radius:0px;border-bottom-right-radius:0px;border-bottom-left-radius:0px;}.kadence-column7969_11e306-c9 > .kt-inside-inner-col{column-gap:var(--global-kb-gap-sm, 1rem);}.kadence-column7969_11e306-c9 > .kt-inside-inner-col{flex-direction:column;}.kadence-column7969_11e306-c9 > .kt-inside-inner-col > .aligncenter{width:100%;}.kadence-column7969_11e306-c9 > .kt-inside-inner-col:before{opacity:0.3;}.kadence-column7969_11e306-c9{position:relative;}@media all and (max-width: 1024px){.kadence-column7969_11e306-c9 > .kt-inside-inner-col{flex-direction:column;justify-content:center;}}@media all and (max-width: 767px){.kadence-column7969_11e306-c9 > .kt-inside-inner-col{flex-direction:column;justify-content:center;}}<\/style>\n<div class=\"wp-block-kadence-column kadence-column7969_11e306-c9\"><div class=\"kt-inside-inner-col\">\n<p>Chaque chalet dispose d&rsquo;un espace de vie confortable de 30 m\u00b2 et d&rsquo;une terrasse panoramique priv\u00e9e d&rsquo;environ 30 m\u00b2, o\u00f9 vous pourrez admirer le coucher de soleil avec un verre de vin. \u00c0 l&rsquo;int\u00e9rieur, vous trouverez du bois de qualit\u00e9, de grandes baies vitr\u00e9es, un lit boxspring (2 \u00d7 1,80 m) avec vue sur la nature, une chemin\u00e9e \u00e0 flammes en 3D et la technologie smart home. Le petit-d\u00e9jeuner est inclus dans le prix de la nuit\u00e9e et la cuisine enti\u00e8rement \u00e9quip\u00e9e avec lave-vaisselle, cuisini\u00e8re \u00e0 induction, four et machine \u00e0 caf\u00e9 \u00e0 capsules vous rend totalement ind\u00e9pendant.  <\/p>\n\n\n\n<p>Pour les amoureux de la nature, l&#8217;emplacement est id\u00e9al : le sentier de randonn\u00e9e de la vall\u00e9e de B\u00fchler d\u00e9marre directement devant la porte, et la station de loisirs reconnue par l&rsquo;\u00c9tat de B\u00fchlertann, avec ses restaurants, ses caf\u00e9s et sa piscine couverte, n&rsquo;est qu&rsquo;\u00e0 quelques centaines de m\u00e8tres. Schw\u00e4bisch Hall, avec ses c\u00e9l\u00e8bres bains d&rsquo;eau sal\u00e9e, est \u00e0 environ 20 minutes. Les Sky Chalets B\u00fchlertal seront ouverts \u00e0 partir du 30 avril 2026 et <a href=\"https:\/\/w21.zimmersoftware.de\/luxus-baumhaushotel\" target=\"_blank\" data-type=\"link\" data-id=\"https:\/\/w21.zimmersoftware.de\/luxus-baumhaushotel\" rel=\"noreferrer noopener\">peuvent \u00eatre r\u00e9serv\u00e9s<\/a> d\u00e8s maintenant.  <\/p>\n<\/div><\/div>\n\n\n<style>.kadence-column7969_c2a556-c6 > .kt-inside-inner-col,.kadence-column7969_c2a556-c6 > .kt-inside-inner-col:before{border-top-left-radius:0px;border-top-right-radius:0px;border-bottom-right-radius:0px;border-bottom-left-radius:0px;}.kadence-column7969_c2a556-c6 > .kt-inside-inner-col{column-gap:var(--global-kb-gap-sm, 1rem);}.kadence-column7969_c2a556-c6 > .kt-inside-inner-col{flex-direction:column;}.kadence-column7969_c2a556-c6 > .kt-inside-inner-col > .aligncenter{width:100%;}.kadence-column7969_c2a556-c6 > .kt-inside-inner-col:before{opacity:0.3;}.kadence-column7969_c2a556-c6{position:relative;}@media all and (max-width: 1024px){.kadence-column7969_c2a556-c6 > .kt-inside-inner-col{flex-direction:column;justify-content:center;}}@media all and (max-width: 767px){.kadence-column7969_c2a556-c6 > .kt-inside-inner-col{flex-direction:column;justify-content:center;}}<\/style>\n<div class=\"wp-block-kadence-column kadence-column7969_c2a556-c6\"><div class=\"kt-inside-inner-col\"><style>.wp-block-kadence-advancedheading.kt-adv-heading7969_24f5fe-47, .wp-block-kadence-advancedheading.kt-adv-heading7969_24f5fe-47[data-kb-block=\"kb-adv-heading7969_24f5fe-47\"]{text-align:center;font-style:normal;}.wp-block-kadence-advancedheading.kt-adv-heading7969_24f5fe-47 mark.kt-highlight, .wp-block-kadence-advancedheading.kt-adv-heading7969_24f5fe-47[data-kb-block=\"kb-adv-heading7969_24f5fe-47\"] mark.kt-highlight{font-style:normal;color:#f76a0c;-webkit-box-decoration-break:clone;box-decoration-break:clone;padding-top:0px;padding-right:0px;padding-bottom:0px;padding-left:0px;}.wp-block-kadence-advancedheading.kt-adv-heading7969_24f5fe-47 img.kb-inline-image, .wp-block-kadence-advancedheading.kt-adv-heading7969_24f5fe-47[data-kb-block=\"kb-adv-heading7969_24f5fe-47\"] img.kb-inline-image{width:150px;vertical-align:baseline;}<\/style>\n<h3 class=\"kt-adv-heading7969_24f5fe-47 wp-block-kadence-advancedheading\" data-kb-block=\"kb-adv-heading7969_24f5fe-47\">Aper\u00e7u des \u00e9quipements :<\/h3>\n\n\n<style>.kb-table-container7969_945f7e-e4{overflow-x:auto;}.kb-table-container .kb-table7969_945f7e-e4 th{padding-top:var(--global-kb-spacing-xxs, 0.5rem);padding-right:var(--global-kb-spacing-xxs, 0.5rem);padding-bottom:var(--global-kb-spacing-xxs, 0.5rem);padding-left:var(--global-kb-spacing-xxs, 0.5rem);text-align:center;}.kb-table-container .kb-table7969_945f7e-e4 caption{text-align:center;}.kb-table-container .kb-table7969_945f7e-e4 td{padding-top:var(--global-kb-spacing-xxs, 0.5rem);padding-right:var(--global-kb-spacing-xxs, 0.5rem);padding-bottom:var(--global-kb-spacing-xxs, 0.5rem);padding-left:var(--global-kb-spacing-xxs, 0.5rem);text-align:left;}<\/style><div class=\"kb-table-container kb-table-container7969_945f7e-e4 wp-block-kadence-table\"><table class=\"kb-table kb-table7969_945f7e-e4\">\n<tr class=\"kb-table-row kb-table-row7969_b35d9e-40\">\n<td class=\"kb-table-data kb-table-data7969_5cabee-8c\">\n<style>.kb-image7969_116ac7-c0 .kb-image-has-overlay:after{opacity:0.3;}<\/style>\n<div class=\"wp-block-kadence-image kb-image7969_116ac7-c0\"><figure class=\"aligncenter size-full\"><img loading=\"lazy\" decoding=\"async\" width=\"100\" height=\"100\" src=\"https:\/\/walderlebnispfade.de\/wp-content\/uploads\/2026\/04\/WC.png\" alt=\"WC-Symbol\" class=\"kb-img wp-image-7716\"\/><\/figure><\/div>\n\n<\/td>\n\n<td class=\"kb-table-data kb-table-data7969_6dc6ff-37\">\n<style>.kb-image7969_efec98-ac .kb-image-has-overlay:after{opacity:0.3;}<\/style>\n<div class=\"wp-block-kadence-image kb-image7969_efec98-ac\"><figure class=\"aligncenter size-full\"><img loading=\"lazy\" decoding=\"async\" width=\"100\" height=\"100\" src=\"https:\/\/walderlebnispfade.de\/wp-content\/uploads\/2026\/04\/Dusche.png\" alt=\"Dusch-Symbol\" class=\"kb-img wp-image-7711\"\/><\/figure><\/div>\n\n<\/td>\n<\/tr>\n\n<tr class=\"kb-table-row kb-table-row7969_c0d2a2-94\">\n<td class=\"kb-table-data kb-table-data7969_f45c7d-45\">\n<style>.kb-image7969_f4da34-13.kb-image-is-ratio-size, .kb-image7969_f4da34-13 .kb-image-is-ratio-size{max-width:100px;width:100%;}.wp-block-kadence-column > .kt-inside-inner-col > .kb-image7969_f4da34-13.kb-image-is-ratio-size, .wp-block-kadence-column > .kt-inside-inner-col > .kb-image7969_f4da34-13 .kb-image-is-ratio-size{align-self:unset;}.kb-image7969_f4da34-13 figure{max-width:100px;}.kb-image7969_f4da34-13 .image-is-svg, .kb-image7969_f4da34-13 .image-is-svg img{width:100%;}.kb-image7969_f4da34-13 .kb-image-has-overlay:after{opacity:0.3;}<\/style>\n<div class=\"wp-block-kadence-image kb-image7969_f4da34-13\"><figure class=\"aligncenter size-full\"><img loading=\"lazy\" decoding=\"async\" width=\"100\" height=\"100\" src=\"https:\/\/walderlebnispfade.de\/wp-content\/uploads\/2026\/04\/Strom.png\" alt=\"Strom-Symbol\" class=\"kb-img wp-image-7715\"\/><\/figure><\/div>\n\n<\/td>\n\n<td class=\"kb-table-data kb-table-data7969_3d7fef-2d\">\n<style>.kb-image7969_130d2e-8e .kb-image-has-overlay:after{opacity:0.3;}<\/style>\n<div class=\"wp-block-kadence-image kb-image7969_130d2e-8e\"><figure class=\"aligncenter size-full\"><img loading=\"lazy\" decoding=\"async\" width=\"100\" height=\"100\" src=\"https:\/\/walderlebnispfade.de\/wp-content\/uploads\/2026\/04\/Heizung.png\" alt=\"Heizungs-Symbol\" class=\"kb-img wp-image-7712\"\/><\/figure><\/div>\n\n<\/td>\n<\/tr>\n\n<tr class=\"kb-table-row kb-table-row7969_8c7852-71\">\n<td class=\"kb-table-data kb-table-data7969_c8b48c-5f\">\n<style>.kb-image7969_783979-75 .kb-image-has-overlay:after{opacity:0.3;}<\/style>\n<div class=\"wp-block-kadence-image kb-image7969_783979-75\"><figure class=\"aligncenter size-full\"><img loading=\"lazy\" decoding=\"async\" width=\"100\" height=\"100\" src=\"https:\/\/walderlebnispfade.de\/wp-content\/uploads\/2026\/04\/Kueche.png\" alt=\"K\u00fcchen-Symbol\" class=\"kb-img wp-image-7714\"\/><\/figure><\/div>\n\n<\/td>\n\n<td class=\"kb-table-data kb-table-data7969_bf9fe8-cb\">\n<style>.kb-image7969_91cc50-e9 .kb-image-has-overlay:after{opacity:0.3;}<\/style>\n<div class=\"wp-block-kadence-image kb-image7969_91cc50-e9\"><figure class=\"aligncenter size-full\"><img loading=\"lazy\" decoding=\"async\" width=\"100\" height=\"100\" src=\"https:\/\/walderlebnispfade.de\/wp-content\/uploads\/2026\/04\/WLAN.png\" alt=\"WLAN-Symbol\" class=\"kb-img wp-image-7717\"\/><\/figure><\/div>\n\n<\/td>\n<\/tr>\n<\/table><\/div><\/div><\/div>\n\n<\/div><\/div>\n<h3 class=\"wp-block-heading\">Chalet Neptun<\/h3>\n\n<p>Le Chalet Neptun est le point fort pour les couples : un jacuzzi priv\u00e9 vous attend sur le balcon priv\u00e9, ce qui distingue ce chalet des autres. La vue sur la vall\u00e9e, la douche \u00e0 effet pluie avec une sensation de for\u00eat et le confortable lit boxspring font de ce s\u00e9jour une retraite romantique pour deux personnes. Les enfants ne peuvent pas \u00eatre r\u00e9serv\u00e9s dans ce chalet.    <\/p>\n\n<h3 class=\"wp-block-heading\">Chalet Saturne &amp; Chalet Uranus<\/h3>\n\n<p>Les chalets Saturne et Uranus sont con\u00e7us pour les familles et les petits groupes. Les enfants \u00e0 partir de 4 ans sont les bienvenus et le canap\u00e9-lit de luxe (2,0 \u00d7 1,40 m) peut accueillir deux enfants ou une personne adulte suppl\u00e9mentaire. Il peut accueillir jusqu&rsquo;\u00e0 quatre personnes. Pour le reste, l&rsquo;\u00e9quipement est le m\u00eame que celui du chalet Neptune, mais sans le jacuzzi sur la terrasse.     <\/p>\n<style>.wp-block-kadence-advancedheading.kt-adv-heading7969_42de7f-fa, .wp-block-kadence-advancedheading.kt-adv-heading7969_42de7f-fa[data-kb-block=\"kb-adv-heading7969_42de7f-fa\"]{font-style:normal;}.wp-block-kadence-advancedheading.kt-adv-heading7969_42de7f-fa mark.kt-highlight, .wp-block-kadence-advancedheading.kt-adv-heading7969_42de7f-fa[data-kb-block=\"kb-adv-heading7969_42de7f-fa\"] mark.kt-highlight{font-style:normal;color:#f76a0c;-webkit-box-decoration-break:clone;box-decoration-break:clone;padding-top:0px;padding-right:0px;padding-bottom:0px;padding-left:0px;}.wp-block-kadence-advancedheading.kt-adv-heading7969_42de7f-fa img.kb-inline-image, .wp-block-kadence-advancedheading.kt-adv-heading7969_42de7f-fa[data-kb-block=\"kb-adv-heading7969_42de7f-fa\"] img.kb-inline-image{width:150px;vertical-align:baseline;}<\/style>\n<h2 class=\"kt-adv-heading7969_42de7f-fa wp-block-kadence-advancedheading\" data-kb-block=\"kb-adv-heading7969_42de7f-fa\">Vid\u00e9o sur la cr\u00e9ation du Sky Chalet B\u00fchlertal<\/h2>\n\n<figure class=\"wp-block-embed is-type-video is-provider-youtube wp-block-embed-youtube wp-embed-aspect-16-9 wp-has-aspect-ratio\"><div class=\"wp-block-embed__wrapper\">\n<iframe loading=\"lazy\" hcb-fetch-image-from=\"https:\/\/youtu.be\/Mup5hKy-Nds?si=3uny5uw-bFCWwYmx\" title=\"SkyChalet im Oberen B\u00fchlertal Animation\" width=\"720\" height=\"405\" src=\"https:\/\/www.youtube.com\/embed\/Mup5hKy-Nds?feature=oembed\" frameborder=\"0\" allow=\"accelerometer; autoplay; clipboard-write; encrypted-media; gyroscope; picture-in-picture; web-share\" referrerpolicy=\"strict-origin-when-cross-origin\" allowfullscreen><\/iframe>\n<\/div><\/figure>\n\n<h2 class=\"wp-block-heading\">Informations sur les Sky Chalets B\u00fchlertal<\/h2>\n\n<figure class=\"wp-block-table\"><table class=\"has-fixed-layout\"><tbody><tr><td>Nombre de cabanes dans les arbres :<\/td><td>3 cabanes sur pilotis dans les arbres (d&rsquo;autres sont pr\u00e9vues)<\/td><\/tr><tr><td>Hauteur de vie :<\/td><td>environ 4 m\u00e8tres au-dessus du sol<\/td><\/tr><tr><td>Capacit\u00e9 :<\/td><td>jusqu&rsquo;\u00e0 4 personnes  <\/td><\/tr><tr><td>R\u00e9servable :<\/td><td>toute l&rsquo;ann\u00e9e<\/td><\/tr><tr><td>Chauffage :<\/td><td>Oui<\/td><\/tr><tr><td>\u00e9lectricit\u00e9 :<\/td><td>Oui<\/td><\/tr><tr><td>Cuisine :<\/td><td>Cuisine compl\u00e8te.<\/td><\/tr><tr><td>les installations sanitaires:<\/td><td>Douche \u00e0 effet pluie, WC, s\u00e8che-cheveux et chauffe-serviettes<\/td><\/tr><tr><td>Accessible aux personnes handicap\u00e9es :<\/td><td>Non<\/td><\/tr><tr><td>Chiens admis:<\/td><td>Non Un chalet adapt\u00e9 aux animaux domestiques est encore \u00e0 l&rsquo;\u00e9tude, selon l&rsquo;exploitant.<\/td><\/tr><\/tbody><\/table><figcaption class=\"wp-element-caption\">D\u00e9tails des Sky Chalets B\u00fchlertal<\/figcaption><\/figure>\n\n<hr class=\"wp-block-separator has-alpha-channel-opacity\" style=\"margin-top:var(--wp--preset--spacing--50);margin-bottom:var(--wp--preset--spacing--50)\"\/>\n<style>.kadence-column7969_92fe43-94 > .kt-inside-inner-col{display:flex;}.kadence-column7969_92fe43-94 > .kt-inside-inner-col{padding-top:var(--global-kb-spacing-xs, 1rem);padding-right:var(--global-kb-spacing-xs, 1rem);padding-bottom:var(--global-kb-spacing-xs, 1rem);padding-left:var(--global-kb-spacing-xs, 1rem);}.kadence-column7969_92fe43-94 > .kt-inside-inner-col{box-shadow:0px 0px 14px 0px rgba(0, 0, 0, 0.2);}.kadence-column7969_92fe43-94 > .kt-inside-inner-col,.kadence-column7969_92fe43-94 > .kt-inside-inner-col:before{border-top-left-radius:0px;border-top-right-radius:0px;border-bottom-right-radius:0px;border-bottom-left-radius:0px;}.kadence-column7969_92fe43-94 > .kt-inside-inner-col{column-gap:var(--global-kb-gap-sm, 1rem);}.kadence-column7969_92fe43-94 > .kt-inside-inner-col{flex-direction:column;align-items:center;}.kadence-column7969_92fe43-94 > .kt-inside-inner-col > .kb-image-is-ratio-size{align-self:stretch;}.kadence-column7969_92fe43-94 > .kt-inside-inner-col > .wp-block-kadence-advancedgallery{align-self:stretch;}.kadence-column7969_92fe43-94 > .kt-inside-inner-col > .aligncenter{width:100%;}.kadence-column7969_92fe43-94 > .kt-inside-inner-col{background-color:var(--global-palette8, #F7FAFC);}.kadence-column7969_92fe43-94 > .kt-inside-inner-col:before{opacity:0.3;}.kadence-column7969_92fe43-94{position:relative;}@media all and (max-width: 1024px){.kadence-column7969_92fe43-94 > .kt-inside-inner-col{flex-direction:column;justify-content:center;align-items:center;}}@media all and (max-width: 767px){.kadence-column7969_92fe43-94 > .kt-inside-inner-col{flex-direction:column;justify-content:center;align-items:center;}}<\/style>\n<div class=\"wp-block-kadence-column kadence-column7969_92fe43-94\"><div class=\"kt-inside-inner-col\">\n<p class=\"has-text-align-center\">Que pensez-vous de Sky Chalets B\u00fchlertal ? Laissez-nous une \u00e9valuation, s&rsquo;il vous pla\u00eet.  <br\/>Vous nous aidez ainsi que d&rsquo;autres amoureux de la nature. Merci beaucoup \ud83d\ude42 !<\/p>\n\n\n\n<div class=\"wp-block-yet-another-stars-rating-visitor-votes aligncenter yasr-vv-block\"><\/div>\n\n\n\n<p>Vous trouverez d&rsquo;autres aventures passionnantes dans notre <a href=\"https:\/\/walderlebnispfade.de\/fr\/experiences-en-foret\/\" data-type=\"page\" data-id=\"228\">recherche d&rsquo;exp\u00e9riences en for\u00eat<\/a> et dans notre <a href=\"https:\/\/walderlebnispfade.de\/fr\/apercu-des-hotels-de-cabanes-dans-les-arbres\/\" data-type=\"post\" data-id=\"5771\">aper\u00e7u des h\u00f4tels dans les arbres<\/a>!<\/p>\n<\/div><\/div>\n","protected":false},"author":2,"featured_media":7956,"comment_status":"open","ping_status":"closed","template":"","meta":{"_kad_blocks_custom_css":"","_kad_blocks_head_custom_js":"","_kad_blocks_body_custom_js":"","_kad_blocks_footer_custom_js":"","_kad_post_transparent":"","_kad_post_title":"","_kad_post_layout":"","_kad_post_sidebar_id":"","_kad_post_content_style":"","_kad_post_vertical_padding":"","_kad_post_feature":"","_kad_post_feature_position":"","_kad_post_header":false,"_kad_post_footer":false,"_kad_post_classname":"","yasr_overall_rating":0,"yasr_post_is_review":"","yasr_auto_insert_disabled":"","yasr_review_type":""},"region":[130,139],"erlebnisart":[190,193],"class_list":["post-7973","erlebnisse","type-erlebnisse","status-publish","has-post-thumbnail","hentry","region-deutschland-fr","region-bw-fr","erlebnisart-hebergement","erlebnisart-hotel-dans-les-arbres"],"yasr_visitor_votes":{"stars_attributes":{"read_only":false,"span_bottom":false},"number_of_votes":0,"sum_votes":0},"taxonomy_info":{"region":[{"value":130,"label":"Allemagne"},{"value":139,"label":"Baden-W\u00fcrttemberg"}],"erlebnisart":[{"value":190,"label":"H\u00e9bergement"},{"value":193,"label":"H\u00f4tel dans les arbres"}]},"featured_image_src_large":["https:\/\/walderlebnispfade.de\/wp-content\/uploads\/2026\/04\/Baumhaushotel_Buehlertal-1024x576.jpg",1024,576,true],"author_info":{"display_name":"Moni","author_link":"https:\/\/walderlebnispfade.de\/fr\/author\/moni\/"},"comment_info":0,"_links":{"self":[{"href":"https:\/\/walderlebnispfade.de\/fr\/wp-json\/wp\/v2\/erlebnisse\/7973","targetHints":{"allow":["GET"]}}],"collection":[{"href":"https:\/\/walderlebnispfade.de\/fr\/wp-json\/wp\/v2\/erlebnisse"}],"about":[{"href":"https:\/\/walderlebnispfade.de\/fr\/wp-json\/wp\/v2\/types\/erlebnisse"}],"author":[{"embeddable":true,"href":"https:\/\/walderlebnispfade.de\/fr\/wp-json\/wp\/v2\/users\/2"}],"replies":[{"embeddable":true,"href":"https:\/\/walderlebnispfade.de\/fr\/wp-json\/wp\/v2\/comments?post=7973"}],"wp:featuredmedia":[{"embeddable":true,"href":"https:\/\/walderlebnispfade.de\/fr\/wp-json\/wp\/v2\/media\/7956"}],"wp:attachment":[{"href":"https:\/\/walderlebnispfade.de\/fr\/wp-json\/wp\/v2\/media?parent=7973"}],"wp:term":[{"taxonomy":"region","embeddable":true,"href":"https:\/\/walderlebnispfade.de\/fr\/wp-json\/wp\/v2\/region?post=7973"},{"taxonomy":"erlebnisart","embeddable":true,"href":"https:\/\/walderlebnispfade.de\/fr\/wp-json\/wp\/v2\/erlebnisart?post=7973"}],"curies":[{"name":"wp","href":"https:\/\/api.w.org\/{rel}","templated":true}]}}