{"id":1136,"date":"2024-03-05T22:24:22","date_gmt":"2024-03-05T21:24:22","guid":{"rendered":"https:\/\/walderlebnispfade.de\/experiences-en-foret\/"},"modified":"2026-04-21T21:25:03","modified_gmt":"2026-04-21T19:25:03","slug":"experiences-en-foret","status":"publish","type":"page","link":"https:\/\/walderlebnispfade.de\/fr\/experiences-en-foret\/","title":{"rendered":"Exp\u00e9riences en for\u00eat"},"content":{"rendered":"<div id=\"js-wpv-addon-maps-render-map-3\" style=\"width:100%; height:350px;\" class=\"wpv-addon-maps-render js-wpv-addon-maps-render js-wpv-addon-maps-render-map-3 \" data-map=\"map-3\" data-generalzoom=\"5\" data-generalcenterlat=\"0\" data-generalcenterlon=\"0\" data-fitbounds=\"on\" data-singlezoom=\"14\" data-singlecenter=\"on\" data-osmlayer=\"standard\" data-maptype=\"roadmap\" data-showlayerinterests=\"false\" data-markericon=\"\" data-markericonhover=\"\" data-draggable=\"on\" data-scrollwheel=\"on\" data-doubleclickzoom=\"off\" data-maptypecontrol=\"on\" data-fullscreencontrol=\"on\" data-zoomcontrol=\"on\" data-streetviewcontrol=\"on\" data-backgroundcolor=\"#f9f9f9\" data-cluster=\"on\" data-clustergridsize=\"60\" data-clustermaxzoom=\"14\" data-clusterclickzoom=\"1\" data-clusterminsize=\"4\" data-stylejson=\"\/\/walderlebnispfade.de\/wp-content\/plugins\/toolset-maps\/resources\/json\/Standard.json\" data-spiderfy=\"off\" data-streetview=\"off\" data-markerid=\"\" data-location=\"\" data-lat=\"0\" data-long=\"0\" data-heading=\"\" data-pitch=\"\"><\/div><div style=\"display:none\" class=\"wpv-addon-maps-marker js-wpv-addon-maps-marker js-wpv-addon-maps-marker-marker-4 js-wpv-addon-maps-markerfor-map-3\" data-marker=\"marker-4\" data-markertitle=\"\" data-markerfor=\"map-3\" data-markerlat=\"53.822174\" data-markerlon=\"8.866319\" data-markericon=\"\" data-markericonhover=\"\" data-streetview=\"no\" data-fromview=\"345\"><a href=\"https:\/\/walderlebnispfade.de\/fr\/erlebnisse\/sommet-des-arbres-de-bachledka\/\">Sentier des cimes de Bachledka<\/a><\/div><div style=\"display:none\" class=\"wpv-addon-maps-marker js-wpv-addon-maps-marker js-wpv-addon-maps-marker-marker-4-1 js-wpv-addon-maps-markerfor-map-3\" data-marker=\"marker-4-1\" data-markertitle=\"\" data-markerfor=\"map-3\" data-markerlat=\"49.041304\" data-markerlon=\"9.913156\" data-markericon=\"\" data-markericonhover=\"\" data-streetview=\"no\" data-fromview=\"345\"><a href=\"https:\/\/walderlebnispfade.de\/fr\/erlebnisse\/sentier-de-la-cime-des-arbres-de-lipno\/\">Sentier des cimes de Lipno<\/a><\/div><div style=\"display:none\" class=\"wpv-addon-maps-marker js-wpv-addon-maps-marker js-wpv-addon-maps-marker-marker-4-2 js-wpv-addon-maps-markerfor-map-3\" data-marker=\"marker-4-2\" data-markertitle=\"\" data-markerfor=\"map-3\" data-markerlat=\"53.209722\" data-markerlon=\"8.877037\" data-markericon=\"\" data-markericonhover=\"\" data-streetview=\"no\" data-fromview=\"345\"><a href=\"https:\/\/walderlebnispfade.de\/fr\/erlebnisse\/sentier-de-la-cime-des-arbres-krkonose\/\">Sentier des cimes de Krkono\u0161e<\/a><\/div><div style=\"display:none\" class=\"wpv-addon-maps-marker js-wpv-addon-maps-marker js-wpv-addon-maps-marker-marker-4-3 js-wpv-addon-maps-markerfor-map-3\" data-marker=\"marker-4-3\" data-markertitle=\"\" data-markerfor=\"map-3\" data-markerlat=\"50.39327\" data-markerlon=\"10.98956\" data-markericon=\"\" data-markericonhover=\"\" data-streetview=\"no\" data-fromview=\"345\"><a href=\"https:\/\/walderlebnispfade.de\/fr\/erlebnisse\/sentier-de-la-canopee-de-hainich\/\">Sentier des cimes de Hainich<\/a><\/div><div style=\"display:none\" class=\"wpv-addon-maps-marker js-wpv-addon-maps-marker js-wpv-addon-maps-marker-marker-4-4 js-wpv-addon-maps-markerfor-map-3\" data-marker=\"marker-4-4\" data-markertitle=\"\" data-markerfor=\"map-3\" data-markerlat=\"53.66144\" data-markerlon=\"10.751383\" data-markericon=\"\" data-markericonhover=\"\" data-streetview=\"no\" data-fromview=\"345\"><a href=\"https:\/\/walderlebnispfade.de\/fr\/erlebnisse\/sentier-de-la-canopee-du-hoherodskopf\/\">Sentier des cimes de Hoherodskopf<\/a><\/div><div style=\"display:none\" class=\"wpv-addon-maps-marker js-wpv-addon-maps-marker js-wpv-addon-maps-marker-marker-4-5 js-wpv-addon-maps-markerfor-map-3\" data-marker=\"marker-4-5\" data-markertitle=\"\" data-markerfor=\"map-3\" data-markerlat=\"51.689358\" data-markerlon=\"12.322185\" data-markericon=\"\" data-markericonhover=\"\" data-streetview=\"no\" data-fromview=\"345\"><a href=\"https:\/\/walderlebnispfade.de\/fr\/erlebnisse\/parc-daventure-de-potsdam\/\">Parc d\u2019aventures de Potsdam<\/a><\/div><div style=\"display:none\" class=\"wpv-addon-maps-marker js-wpv-addon-maps-marker js-wpv-addon-maps-marker-marker-4-6 js-wpv-addon-maps-markerfor-map-3\" data-marker=\"marker-4-6\" data-markertitle=\"\" data-markerfor=\"map-3\" data-markerlat=\"51.035581\" data-markerlon=\"13.009592\" data-markericon=\"\" data-markericonhover=\"\" data-streetview=\"no\" data-fromview=\"345\"><a href=\"https:\/\/walderlebnispfade.de\/fr\/erlebnisse\/parc-daccrobranche-jungfernheide\/\">Accrobranche de Jungfernheide<\/a><\/div><div style=\"display:none\" class=\"wpv-addon-maps-marker js-wpv-addon-maps-marker js-wpv-addon-maps-marker-marker-4-7 js-wpv-addon-maps-markerfor-map-3\" data-marker=\"marker-4-7\" data-markertitle=\"\" data-markerfor=\"map-3\" data-markerlat=\"49.297879\" data-markerlon=\"8.09522\" data-markericon=\"\" data-markericonhover=\"\" data-streetview=\"no\" data-fromview=\"345\"><a href=\"https:\/\/walderlebnispfade.de\/fr\/erlebnisse\/hotel-cabane-dans-les-arbres-turisede\/\">H\u00f4tel dans les arbres Turisede<\/a><\/div><div style=\"display:none\" class=\"wpv-addon-maps-marker js-wpv-addon-maps-marker js-wpv-addon-maps-marker-marker-4-8 js-wpv-addon-maps-markerfor-map-3\" data-marker=\"marker-4-8\" data-markertitle=\"\" data-markerfor=\"map-3\" data-markerlat=\"49.995218\" data-markerlon=\"7.769697\" data-markericon=\"\" data-markericonhover=\"\" data-streetview=\"no\" data-fromview=\"345\"><a href=\"https:\/\/walderlebnispfade.de\/fr\/erlebnisse\/parc-descalade-chemnitz-rabenstein\/\">For\u00eat de grimpe de Chemnitz-Rabenstein<\/a><\/div><div style=\"display:none\" class=\"wpv-addon-maps-marker js-wpv-addon-maps-marker js-wpv-addon-maps-marker-marker-4-9 js-wpv-addon-maps-markerfor-map-3\" data-marker=\"marker-4-9\" data-markertitle=\"\" data-markerfor=\"map-3\" data-markerlat=\"51.337473\" data-markerlon=\"7.938355\" data-markericon=\"\" data-markericonhover=\"\" data-streetview=\"no\" data-fromview=\"345\"><a href=\"https:\/\/walderlebnispfade.de\/fr\/erlebnisse\/parcours-descalade-koala\/\">For\u00eat de grimpe Koala<\/a><\/div><div style=\"display:none\" class=\"wpv-addon-maps-marker js-wpv-addon-maps-marker js-wpv-addon-maps-marker-marker-4-10 js-wpv-addon-maps-markerfor-map-3\" data-marker=\"marker-4-10\" data-markertitle=\"\" data-markerfor=\"map-3\" data-markerlat=\"53.764505\" data-markerlon=\"9.369792\" data-markericon=\"\" data-markericonhover=\"\" data-streetview=\"no\" data-fromview=\"345\"><a href=\"https:\/\/walderlebnispfade.de\/fr\/erlebnisse\/sentier-de-la-cime-des-arbres-beelitz-heilstaetten\/\">Sentier des cimes de Beelitz-Heilst\u00e4tten<\/a><\/div><div style=\"display:none\" class=\"wpv-addon-maps-marker js-wpv-addon-maps-marker js-wpv-addon-maps-marker-marker-4-11 js-wpv-addon-maps-markerfor-map-3\" data-marker=\"marker-4-11\" data-markertitle=\"\" data-markerfor=\"map-3\" data-markerlat=\"52.059078\" data-markerlon=\"9.260929\" data-markericon=\"\" data-markericonhover=\"\" data-streetview=\"no\" data-fromview=\"345\"><a href=\"https:\/\/walderlebnispfade.de\/fr\/erlebnisse\/parc-descalade-de-gera\/\">For\u00eat de grimpe de Gera<\/a><\/div><div style=\"display:none\" class=\"wpv-addon-maps-marker js-wpv-addon-maps-marker js-wpv-addon-maps-marker-marker-4-12 js-wpv-addon-maps-markerfor-map-3\" data-marker=\"marker-4-12\" data-markertitle=\"\" data-markerfor=\"map-3\" data-markerlat=\"52.826769\" data-markerlon=\"9.213779\" data-markericon=\"\" data-markericonhover=\"\" data-streetview=\"no\" data-fromview=\"345\"><a href=\"https:\/\/walderlebnispfade.de\/fr\/erlebnisse\/parcours-descalade-leipzig\/\">For\u00eat de grimpe de Leipzig<\/a><\/div><div style=\"display:none\" class=\"wpv-addon-maps-marker js-wpv-addon-maps-marker js-wpv-addon-maps-marker-marker-4-13 js-wpv-addon-maps-markerfor-map-3\" data-marker=\"marker-4-13\" data-markertitle=\"\" data-markerfor=\"map-3\" data-markerlat=\"51.698315\" data-markerlon=\"9.551771\" data-markericon=\"\" data-markericonhover=\"\" data-streetview=\"no\" data-fromview=\"345\"><a href=\"https:\/\/walderlebnispfade.de\/fr\/erlebnisse\/parc-daventure-en-foret-de-dresde\/\">Parc de cordes de Dresde<\/a><\/div><div style=\"display:none\" class=\"wpv-addon-maps-marker js-wpv-addon-maps-marker js-wpv-addon-maps-marker-marker-4-14 js-wpv-addon-maps-markerfor-map-3\" data-marker=\"marker-4-14\" data-markertitle=\"\" data-markerfor=\"map-3\" data-markerlat=\"53.203151\" data-markerlon=\"8.0713\" data-markericon=\"\" data-markericonhover=\"\" data-streetview=\"no\" data-fromview=\"345\"><a href=\"https:\/\/walderlebnispfade.de\/fr\/erlebnisse\/sentier-des-cimes-steigerwald\/\">Sentier des cimes du Steigerwald<\/a><\/div><div style=\"display:none\" class=\"wpv-addon-maps-marker js-wpv-addon-maps-marker js-wpv-addon-maps-marker-marker-4-15 js-wpv-addon-maps-markerfor-map-3\" data-marker=\"marker-4-15\" data-markertitle=\"\" data-markerfor=\"map-3\" data-markerlat=\"52.692409\" data-markerlon=\"8.985577\" data-markericon=\"\" data-markericonhover=\"\" data-streetview=\"no\" data-fromview=\"345\"><a href=\"https:\/\/walderlebnispfade.de\/fr\/erlebnisse\/parc-de-decouverte-de-la-nature-panarbora\/\">Parc de d\u00e9couverte de la nature Panarbora<\/a><\/div><div style=\"display:none\" class=\"wpv-addon-maps-marker js-wpv-addon-maps-marker js-wpv-addon-maps-marker-marker-4-16 js-wpv-addon-maps-markerfor-map-3\" data-marker=\"marker-4-16\" data-markertitle=\"\" data-markerfor=\"map-3\" data-markerlat=\"52.073069\" data-markerlon=\"10.137119\" data-markericon=\"\" data-markericonhover=\"\" data-streetview=\"no\" data-fromview=\"345\"><a href=\"https:\/\/walderlebnispfade.de\/fr\/erlebnisse\/sentier-de-la-cime-des-arbres-edersee\/\">Sentier des cimes de l\u2019Edersee<\/a><\/div><div style=\"display:none\" class=\"wpv-addon-maps-marker js-wpv-addon-maps-marker js-wpv-addon-maps-marker-marker-4-17 js-wpv-addon-maps-markerfor-map-3\" data-marker=\"marker-4-17\" data-markertitle=\"\" data-markerfor=\"map-3\" data-markerlat=\"53.607727\" data-markerlon=\"11.424947\" data-markericon=\"\" data-markericonhover=\"\" data-streetview=\"no\" data-fromview=\"345\"><a href=\"https:\/\/walderlebnispfade.de\/fr\/erlebnisse\/hotel-cabane-dans-les-arbres-nid-de-robin\/\">Baumhaushotel Robins Nest<\/a><\/div><div style=\"display:none\" class=\"wpv-addon-maps-marker js-wpv-addon-maps-marker js-wpv-addon-maps-marker-marker-4-18 js-wpv-addon-maps-markerfor-map-3\" data-marker=\"marker-4-18\" data-markertitle=\"\" data-markerfor=\"map-3\" data-markerlat=\"54.144617\" data-markerlon=\"12.567017\" data-markericon=\"\" data-markericonhover=\"\" data-streetview=\"no\" data-fromview=\"345\"><a href=\"https:\/\/walderlebnispfade.de\/fr\/erlebnisse\/sommet-des-arbres-de-la-foret-noire\/\">Baumwipfelpfad Schwarzwald<\/a><\/div><div style=\"display:none\" class=\"wpv-addon-maps-marker js-wpv-addon-maps-marker js-wpv-addon-maps-marker-marker-4-19 js-wpv-addon-maps-markerfor-map-3\" data-marker=\"marker-4-19\" data-markertitle=\"\" data-markerfor=\"map-3\" data-markerlat=\"53.147189\" data-markerlon=\"10.885424\" data-markericon=\"\" data-markericonhover=\"\" data-streetview=\"no\" data-fromview=\"345\"><a href=\"https:\/\/walderlebnispfade.de\/fr\/erlebnisse\/hotel-cabane-dans-les-arbres-uckermark\/\">H\u00f4tel dans les arbres de l\u2019Uckermark<\/a><\/div><div style=\"display:none\" class=\"wpv-addon-maps-marker js-wpv-addon-maps-marker js-wpv-addon-maps-marker-marker-4-20 js-wpv-addon-maps-markerfor-map-3\" data-marker=\"marker-4-20\" data-markertitle=\"\" data-markerfor=\"map-3\" data-markerlat=\"54.474511\" data-markerlon=\"13.147371\" data-markericon=\"\" data-markericonhover=\"\" data-streetview=\"no\" data-fromview=\"345\"><a href=\"https:\/\/walderlebnispfade.de\/fr\/erlebnisse\/hotel-de-la-maison-dans-les-arbres-mainbaumhaus\/\">Baumhaushotel Mainbaumhaus<\/a><\/div><div class=\"wpv-view-output\" data-toolset-views-view-editor=\"7a0e823f7c5ae1d1cbdf58b1d8433a0e\"><div class=\"wpv-view-wrapper\"><div class=\"wpv-custom-search-loading-overlay js-wpv-custom-search-loading-overlay\" style=\"display:none;background:rgba( 182, 218, 224, 0.7 );\">\n\t\t\t\t\t<div class=\"spinner\">\n\t\t\t\t\t\t<div class=\"icon\" style=\"background:url(https:\/\/walderlebnispfade.de\/wp-content\/plugins\/toolset-blocks\/embedded\/res\/img\/ajax-loader.svg)\"><\/div>\n\t\t\t\t\t<\/div>\n\t\t\t\t<\/div><div class=\"wp-block-toolset-views-view-editor\">\n<div class=\"wp-block-toolset-views-custom-search-container\"><form autocomplete=\"off\" name=\"wpv-filter-345\" action=\"\/fr\/wp-json\/wp\/v2\/pages\/1136?wpv_view_count=345\" method=\"get\" class=\"wpv-filter-form js-wpv-filter-form js-wpv-filter-form-345 js-wpv-form-full js-wpv-dps-enabled js-wpv-ajax-results-submit-enabled\" data-viewnumber=\"345\" data-viewid=\"345\" data-viewhash=\"eyJuYW1lIjoiZXJsZWJuaXNzdWNoZSJ9\" data-viewwidgetid=\"0\" data-orderby=\"\" data-order=\"\" data-orderbyas=\"\" data-orderbysecond=\"\" data-ordersecond=\"\" data-parametric=\"{&quot;query&quot;:&quot;normal&quot;,&quot;id&quot;:345,&quot;view_id&quot;:345,&quot;widget_id&quot;:0,&quot;view_hash&quot;:&quot;345&quot;,&quot;action&quot;:&quot;\\\/fr\\\/wp-json\\\/wp\\\/v2\\\/pages\\\/1136?wpv_view_count=345&quot;,&quot;sort&quot;:{&quot;orderby&quot;:&quot;&quot;,&quot;order&quot;:&quot;&quot;,&quot;orderby_as&quot;:&quot;&quot;,&quot;orderby_second&quot;:&quot;&quot;,&quot;order_second&quot;:&quot;&quot;},&quot;orderby&quot;:&quot;&quot;,&quot;order&quot;:&quot;&quot;,&quot;orderby_as&quot;:&quot;&quot;,&quot;orderby_second&quot;:&quot;&quot;,&quot;order_second&quot;:&quot;&quot;,&quot;ajax_form&quot;:&quot;&quot;,&quot;ajax_results&quot;:&quot;&quot;,&quot;effect&quot;:&quot;fade&quot;,&quot;prebefore&quot;:&quot;&quot;,&quot;before&quot;:&quot;&quot;,&quot;after&quot;:&quot;&quot;,&quot;attributes&quot;:[],&quot;environment&quot;:{&quot;current_post_id&quot;:1136,&quot;parent_post_id&quot;:1136,&quot;parent_term_id&quot;:0,&quot;parent_user_id&quot;:0,&quot;archive&quot;:{&quot;type&quot;:&quot;&quot;,&quot;name&quot;:&quot;&quot;,&quot;data&quot;:[]}},&quot;loop&quot;:{&quot;type&quot;:&quot;&quot;,&quot;name&quot;:&quot;&quot;,&quot;data&quot;:[],&quot;id&quot;:0}}\" data-attributes=\"[]\" data-environment=\"{&quot;current_post_id&quot;:1136,&quot;parent_post_id&quot;:1136,&quot;parent_term_id&quot;:0,&quot;parent_user_id&quot;:0,&quot;archive&quot;:{&quot;type&quot;:&quot;&quot;,&quot;name&quot;:&quot;&quot;,&quot;data&quot;:[]}}\"><input type=\"hidden\" class=\"js-wpv-dps-filter-data js-wpv-filter-data-for-this-form\" data-action=\"\/fr\/wp-json\/wp\/v2\/pages\/1136?wpv_view_count=345\" data-page=\"1\" data-ajax=\"disable\" data-effect=\"fade\" data-maxpages=\"3\" data-ajaxprebefore=\"\" data-ajaxbefore=\"\" data-ajaxafter=\"\" \/><input class=\"wpv_view_count wpv_view_count-345\" type=\"hidden\" name=\"wpv_view_count\" value=\"345\" \/> <div>\n<div class=\"wp-block-toolset-blocks-container tb-container\" data-toolset-blocks-container=\"5e260661936f202fe5c79866d9980271\">\n<div class=\"wp-block-toolset-blocks-container tb-container\" data-toolset-blocks-container=\"5f3921f1391858a18893e9342853a4df\">\n<h2 class=\"tb-heading has-text-color\" data-toolset-blocks-heading=\"b8b10730698512139068a43cbfac04a3\" data-last-update=\"1.4\">Trouve ton exp\u00e9rience en for\u00eat :<\/h2>\n<\/div>\n\n\n\n<div class=\"wp-block-toolset-blocks-grid tb-grid\" data-toolset-blocks-grid=\"02a2c756de617063e878576f8492cfb9\">\n<div class=\"wp-block-toolset-blocks-grid-column tb-grid-column tb-grid-align-top\" data-toolset-blocks-grid-column=\"3034fbe886c11054e95b46b09d3e4112\">\n<div class=\"wp-block-toolset-views-custom-search-filter wpv-custom-search-filter wpv-custom-search-filter-label-top\" data-toolset-views-custom-search-filter=\"09eea5a7678f8ff2b87821f91ceed730\"><div><div class=\"form-group\"><label class=\"wpv-custom-search-filter__label\" for=\"erlebnisart\">Types d'exp\u00e9rience<\/label><!-- ## --><span class=\"wpv-custom-search-filter__input\"><select name=\"wpv-erlebnisart\" class=\"js-wpv-filter-trigger form-control\"><option selected='selected' value=\"0\"><\/option><option value=\"klettern-fr\">Escalade<\/option><option value=\"kletterpark-fr\">&nbsp;&nbsp;-Parc d&#039;escalade<\/option><option value=\"hochseilgarten-fr\">&nbsp;&nbsp;-Parcours Accrobranche<\/option><option value=\"niedrigseilgarten-fr\">&nbsp;&nbsp;-Parcours accrobranche pour petits<\/option><option value=\"hebergement\">H\u00e9bergement<\/option><option value=\"hotel-dans-les-arbres\">&nbsp;&nbsp;-H\u00f4tel dans les arbres<\/option><option value=\"wandern-fr\">Randonn\u00e9e<\/option><option value=\"baumwipfelpfad-fr\">&nbsp;&nbsp;-Sentier des Cimes<\/option><\/select><\/span><\/div><\/div><\/div>\n<\/div>\n\n\n\n<div class=\"wp-block-toolset-blocks-grid-column tb-grid-column tb-grid-align-top\" data-toolset-blocks-grid-column=\"3034fbe886c11054e95b46b09d3e4112\">\n<div class=\"wp-block-toolset-views-custom-search-filter wpv-custom-search-filter wpv-custom-search-filter-label-top\" data-toolset-views-custom-search-filter=\"eb618a789805932996ce8077436e5d62\"><div><div class=\"form-group\"><label class=\"wpv-custom-search-filter__label\" for=\"region\">R\u00e9gions<\/label><!-- ## --><span class=\"wpv-custom-search-filter__input\"><select name=\"wpv-region\" class=\"js-wpv-filter-trigger form-control\"><option selected='selected' value=\"0\"><\/option><option value=\"deutschland-fr\">Allemagne<\/option><option value=\"bw-fr\">&nbsp;&nbsp;-Baden-W\u00fcrttemberg<\/option><option value=\"basse-saxe\">&nbsp;&nbsp;-Basse-Saxe<\/option><option value=\"by-fr\">&nbsp;&nbsp;-Bayern<\/option><option value=\"be-fr\">&nbsp;&nbsp;-Berlin<\/option><option value=\"bb-fr\">&nbsp;&nbsp;-Brandenburg<\/option><option value=\"he-fr\">&nbsp;&nbsp;-Hessen<\/option><option value=\"mecklembourg-pomeranie-occidentale\">&nbsp;&nbsp;-Mecklembourg-Pom\u00e9ranie occidentale<\/option><option value=\"nrw-fr\">&nbsp;&nbsp;-Nordrhein-Westfalen<\/option><option value=\"rhenanie-palatinat\">&nbsp;&nbsp;-Rh\u00e9nanie-Palatinat<\/option><option value=\"sn-fr\">&nbsp;&nbsp;-Sachsen<\/option><option value=\"saxe-anhalt\">&nbsp;&nbsp;-Saxe-Anhalt<\/option><option value=\"sh-fr\">&nbsp;&nbsp;-Schleswig-Holstein<\/option><option value=\"th-fr\">&nbsp;&nbsp;-Th\u00fcringen<\/option><option value=\"slowakei-fr\">Slovaquie<\/option><option value=\"slowenien-fr\">Slov\u00e9nie<\/option><option value=\"schweiz-fr\">Suisse<\/option><option value=\"tschechien-fr\">Tschechien<\/option><\/select><\/span><\/div><\/div><\/div>\n<\/div>\n\n\n\n<div class=\"wp-block-toolset-blocks-grid-column tb-grid-column tb-grid-align-top\" data-toolset-blocks-grid-column=\"3034fbe886c11054e95b46b09d3e4112\">\n<div class=\"wpv-custom-search-filter-reset\" data-toolset-views-custom-search-reset=\"ebac76c706b552dce9c58ab18c55119a\"><input type=\"button\" class=\"wpv-reset-trigger js-wpv-reset-trigger\" name=\"wpv_filter_reset\" value=\"\u00d7 Effacer tous les filtres\" \/><\/div>\n<\/div>\n\n\n\n<div class=\"wp-block-toolset-blocks-grid-column tb-grid-column tb-grid-align-top\" data-toolset-blocks-grid-column=\"3034fbe886c11054e95b46b09d3e4112\">\n<div class=\"wpv-custom-search-filter-submit\" data-toolset-views-custom-search-submit=\"7b2e043bdff9d1020c11e6547312cc8a\"><input type=\"submit\" class=\"wpv-submit-trigger js-wpv-submit-trigger\" name=\"wpv_filter_submit\" value=\"Envoyer\" \/><\/div>\n<\/div>\n<\/div>\n<\/div>\n<\/div> <\/form><\/div>\n\n\n<div id=\"wpv-view-layout-345\" class=\"js-wpv-view-layout js-wpv-layout-responsive js-wpv-view-layout-345\" data-viewnumber=\"345\" data-pagination=\"{&quot;id&quot;:345,&quot;query&quot;:&quot;normal&quot;,&quot;type&quot;:&quot;paged&quot;,&quot;effect&quot;:&quot;fade&quot;,&quot;duration&quot;:500,&quot;speed&quot;:5,&quot;pause_on_hover&quot;:&quot;disabled&quot;,&quot;stop_rollover&quot;:&quot;false&quot;,&quot;cache_pages&quot;:&quot;enabled&quot;,&quot;preload_images&quot;:&quot;enabled&quot;,&quot;preload_pages&quot;:&quot;enabled&quot;,&quot;preload_reach&quot;:1,&quot;spinner&quot;:&quot;builtin&quot;,&quot;spinner_image&quot;:&quot;https:\/\/walderlebnispfade.de\/wp-content\/plugins\/toolset-blocks\/embedded\/res\/img\/ajax-loader.svg&quot;,&quot;callback_next&quot;:&quot;&quot;,&quot;manage_history&quot;:&quot;enabled&quot;,&quot;has_controls_in_form&quot;:&quot;disabled&quot;,&quot;infinite_tolerance&quot;:&quot;0&quot;,&quot;max_pages&quot;:3,&quot;page&quot;:1,&quot;base_permalink&quot;:&quot;\/fr\/wp-json\/wp\/v2\/pages\/1136?wpv_view_count=345&amp;wpv_paged=WPV_PAGE_NUM&quot;,&quot;loop&quot;:{&quot;type&quot;:&quot;&quot;,&quot;name&quot;:&quot;&quot;,&quot;data&quot;:[],&quot;id&quot;:0}}\" data-permalink=\"\/fr\/wp-json\/wp\/v2\/pages\/1136?wpv_view_count=345\">\n\n<div class=\"js-wpv-loop-wrapper\"><div class=\"tb-grid\"><div class=\"tb-grid-column\">\n\n<div class=\"wp-block-toolset-views-view-template-block wpv-block-loop-item php-to-be-replaced-with-shortcode\" data-toolset-views-view-template-block=\"9e0b5a36d0c70bbc4671330bffdf08b1\">\n<figure class=\"wp-block-image tb-image tb-image-dynamic tb-image-frame-none\" data-toolset-blocks-image=\"560ae4b64c1d6df97bda39cc872a40ca\"><a href=\"https:\/\/walderlebnispfade.de\/fr\/erlebnisse\/hotel-de-la-maison-dans-larbre-otterndorf\/\"><img decoding=\"async\" width=\"1024\" height=\"576\" loading=\"lazy\" src=\"https:\/\/walderlebnispfade.de\/wp-content\/uploads\/2026\/04\/Baumhaushotel_Otterndorf-1024x576.jpg\" alt=\"H\u00f4tel de cabanes dans les arbres Otterndorf en Basse-Saxe.\" class=\"wp-image-7957\" srcset=\"https:\/\/walderlebnispfade.de\/wp-content\/uploads\/2026\/04\/Baumhaushotel_Otterndorf-1024x576.jpg 1024w, https:\/\/walderlebnispfade.de\/wp-content\/uploads\/2026\/04\/Baumhaushotel_Otterndorf-300x169.jpg 300w, https:\/\/walderlebnispfade.de\/wp-content\/uploads\/2026\/04\/Baumhaushotel_Otterndorf-768x432.jpg 768w, https:\/\/walderlebnispfade.de\/wp-content\/uploads\/2026\/04\/Baumhaushotel_Otterndorf.jpg 1280w\" sizes=\"auto, (max-width: 1024px) 100vw, 1024px\" \/><\/a><figcaption><div class=\"tb-image-caption\"><\/div><\/figcaption><\/figure>\n\n\n\n<h2 class=\"tb-heading\" data-toolset-blocks-heading=\"b23fe25b9a42f9f0865d788f354f57c9\" data-last-update=\"1.4\">H\u00f4tel de la Maison dans l&rsquo;arbre Otterndorf<\/h2>\n\n\n\n<div class=\"tb-field\" data-toolset-blocks-field=\"bf4f75028c3fa3b717c6982d0b468119\" data-last-update=\"1.4\">Westerwischer Weg 1, 21762 Otterndorf<\/div>\n\n\n\n<div class=\"tb-rating tb-rating--filled tb-rating--dashicons\" data-toolset-star-rating-external-css=\"\" data-toolset-blocks-star-rating=\"0c7a9f5c207036066873bc9dcd8e9611\"><span class=\"tb-rating__container\"><span class=\"tb-rating__star\"><\/span><span class=\"tb-rating__star\"><\/span><span class=\"tb-rating__star\"><\/span><span class=\"tb-rating__star\"><\/span><span class=\"tb-rating__star\"><\/span><span class=\"tb-rating__rating\" style=\"width: calc(10 * 2 * 5%);\"><\/span><\/span><span class=\"tb-screen-reader\">\"]<\/span><\/div>\n\n\n\n<div class=\"tb-field\" data-toolset-blocks-field=\"5a7f36b0f335e97d2a5589545f395d3f\" data-last-update=\"1.4\">Vacances dans une cabane-h\u00f4tel sur la mer du Nord Si vous cherchez \u00e0 vous reposer en haut de la cime...<\/div>\n\n\n\n<div class=\"tb-button\" data-toolset-blocks-button=\"3e42438d27864e9923401ffb76a40103\"><a class=\"tb-button__link\" href=\"https:\/\/walderlebnispfade.de\/fr\/erlebnisse\/hotel-de-la-maison-dans-larbre-otterndorf\/\"><i class=\"tb-button__icon\"><\/i><span class=\"tb-button__content\">Plus d'infos<\/span><\/a><\/div>\n<\/div>\n\n<\/div><div class=\"tb-grid-column\">\n\n<div class=\"wp-block-toolset-views-view-template-block wpv-block-loop-item php-to-be-replaced-with-shortcode\" data-toolset-views-view-template-block=\"9e0b5a36d0c70bbc4671330bffdf08b1\">\n<figure class=\"wp-block-image tb-image tb-image-dynamic tb-image-frame-none\" data-toolset-blocks-image=\"560ae4b64c1d6df97bda39cc872a40ca\"><a href=\"https:\/\/walderlebnispfade.de\/fr\/erlebnisse\/sky-chalets-buehlertal\/\"><img decoding=\"async\" width=\"1024\" height=\"576\" loading=\"lazy\" src=\"https:\/\/walderlebnispfade.de\/wp-content\/uploads\/2026\/04\/Baumhaushotel_Buehlertal-1024x576.jpg\" alt=\"H\u00f4tel cabane dans les arbres Sky Chalets B\u00fchlertal\" class=\"wp-image-7956\" srcset=\"https:\/\/walderlebnispfade.de\/wp-content\/uploads\/2026\/04\/Baumhaushotel_Buehlertal-1024x576.jpg 1024w, https:\/\/walderlebnispfade.de\/wp-content\/uploads\/2026\/04\/Baumhaushotel_Buehlertal-300x169.jpg 300w, https:\/\/walderlebnispfade.de\/wp-content\/uploads\/2026\/04\/Baumhaushotel_Buehlertal-768x432.jpg 768w, https:\/\/walderlebnispfade.de\/wp-content\/uploads\/2026\/04\/Baumhaushotel_Buehlertal.jpg 1280w\" sizes=\"auto, (max-width: 1024px) 100vw, 1024px\" \/><\/a><figcaption><div class=\"tb-image-caption\"><\/div><\/figcaption><\/figure>\n\n\n\n<h2 class=\"tb-heading\" data-toolset-blocks-heading=\"b23fe25b9a42f9f0865d788f354f57c9\" data-last-update=\"1.4\">Sky Chalets B\u00fchlertal<\/h2>\n\n\n\n<div class=\"tb-field\" data-toolset-blocks-field=\"bf4f75028c3fa3b717c6982d0b468119\" data-last-update=\"1.4\">Schulstr. 20, 74424 B\u00fchlertann<\/div>\n\n\n\n<div class=\"tb-rating tb-rating--filled tb-rating--dashicons\" data-toolset-star-rating-external-css=\"\" data-toolset-blocks-star-rating=\"0c7a9f5c207036066873bc9dcd8e9611\"><span class=\"tb-rating__container\"><span class=\"tb-rating__star\"><\/span><span class=\"tb-rating__star\"><\/span><span class=\"tb-rating__star\"><\/span><span class=\"tb-rating__star\"><\/span><span class=\"tb-rating__star\"><\/span><span class=\"tb-rating__rating\" style=\"width: calc(10 * 2 * 5%);\"><\/span><\/span><span class=\"tb-screen-reader\">\"]<\/span><\/div>\n\n\n\n<div class=\"tb-field\" data-toolset-blocks-field=\"5a7f36b0f335e97d2a5589545f395d3f\" data-last-update=\"1.4\">H\u00f4tel de luxe dans les arbres avec vue panoramique Les Sky Chalets B\u00fchlertal sont situ\u00e9s sur une colline dans la...<\/div>\n\n\n\n<div class=\"tb-button\" data-toolset-blocks-button=\"3e42438d27864e9923401ffb76a40103\"><a class=\"tb-button__link\" href=\"https:\/\/walderlebnispfade.de\/fr\/erlebnisse\/sky-chalets-buehlertal\/\"><i class=\"tb-button__icon\"><\/i><span class=\"tb-button__content\">Plus d'infos<\/span><\/a><\/div>\n<\/div>\n\n<\/div><div class=\"tb-grid-column\">\n\n<div class=\"wp-block-toolset-views-view-template-block wpv-block-loop-item php-to-be-replaced-with-shortcode\" data-toolset-views-view-template-block=\"9e0b5a36d0c70bbc4671330bffdf08b1\">\n<figure class=\"wp-block-image tb-image tb-image-dynamic tb-image-frame-none\" data-toolset-blocks-image=\"560ae4b64c1d6df97bda39cc872a40ca\"><a href=\"https:\/\/walderlebnispfade.de\/fr\/erlebnisse\/hotel-de-cabanes-dans-les-arbres-land-of-green\/\"><img decoding=\"async\" width=\"1024\" height=\"576\" loading=\"lazy\" src=\"https:\/\/walderlebnispfade.de\/wp-content\/uploads\/2026\/04\/Baumhaushotel_Worpswede-1024x576.jpg\" alt=\"H\u00f4tel de cabanes dans les arbres Land of Green \u00e0 Worpswede\" class=\"wp-image-7955\" srcset=\"https:\/\/walderlebnispfade.de\/wp-content\/uploads\/2026\/04\/Baumhaushotel_Worpswede-1024x576.jpg 1024w, https:\/\/walderlebnispfade.de\/wp-content\/uploads\/2026\/04\/Baumhaushotel_Worpswede-300x169.jpg 300w, https:\/\/walderlebnispfade.de\/wp-content\/uploads\/2026\/04\/Baumhaushotel_Worpswede-768x432.jpg 768w, https:\/\/walderlebnispfade.de\/wp-content\/uploads\/2026\/04\/Baumhaushotel_Worpswede.jpg 1280w\" sizes=\"auto, (max-width: 1024px) 100vw, 1024px\" \/><\/a><figcaption><div class=\"tb-image-caption\"><\/div><\/figcaption><\/figure>\n\n\n\n<h2 class=\"tb-heading\" data-toolset-blocks-heading=\"b23fe25b9a42f9f0865d788f354f57c9\" data-last-update=\"1.4\">H\u00f4tel de cabanes dans les arbres Land of Green<\/h2>\n\n\n\n<div class=\"tb-field\" data-toolset-blocks-field=\"bf4f75028c3fa3b717c6982d0b468119\" data-last-update=\"1.4\">Waakhauser Str. 20, 27726 Worpswede<\/div>\n\n\n\n<div class=\"tb-rating tb-rating--filled tb-rating--dashicons\" data-toolset-star-rating-external-css=\"\" data-toolset-blocks-star-rating=\"0c7a9f5c207036066873bc9dcd8e9611\"><span class=\"tb-rating__container\"><span class=\"tb-rating__star\"><\/span><span class=\"tb-rating__star\"><\/span><span class=\"tb-rating__star\"><\/span><span class=\"tb-rating__star\"><\/span><span class=\"tb-rating__star\"><\/span><span class=\"tb-rating__rating\" style=\"width: calc(10 * 2 * 5%);\"><\/span><\/span><span class=\"tb-screen-reader\">\"]<\/span><\/div>\n\n\n\n<div class=\"tb-field\" data-toolset-blocks-field=\"5a7f36b0f335e97d2a5589545f395d3f\" data-last-update=\"1.4\">Cabane dans les arbres \u00e0 Worpswede Au milieu du Teufelsmoor, au sud du village d'artistes de Worpswede, se trouve l'h\u00f4tel...<\/div>\n\n\n\n<div class=\"tb-button\" data-toolset-blocks-button=\"3e42438d27864e9923401ffb76a40103\"><a class=\"tb-button__link\" href=\"https:\/\/walderlebnispfade.de\/fr\/erlebnisse\/hotel-de-cabanes-dans-les-arbres-land-of-green\/\"><i class=\"tb-button__icon\"><\/i><span class=\"tb-button__content\">Plus d'infos<\/span><\/a><\/div>\n<\/div>\n\n<\/div><div class=\"tb-grid-column\">\n\n<div class=\"wp-block-toolset-views-view-template-block wpv-block-loop-item php-to-be-replaced-with-shortcode\" data-toolset-views-view-template-block=\"9e0b5a36d0c70bbc4671330bffdf08b1\">\n<figure class=\"wp-block-image tb-image tb-image-dynamic tb-image-frame-none\" data-toolset-blocks-image=\"560ae4b64c1d6df97bda39cc872a40ca\"><a href=\"https:\/\/walderlebnispfade.de\/fr\/erlebnisse\/hotel-de-la-maison-dans-les-arbres-schaumburg\/\"><img decoding=\"async\" width=\"1024\" height=\"576\" loading=\"lazy\" src=\"https:\/\/walderlebnispfade.de\/wp-content\/uploads\/2026\/04\/Baumhaushotel_Schaumburg-1024x576.jpg\" alt=\"H\u00f4tel Schaumburg dans les arbres \u00e0 Schalkau\" class=\"wp-image-7953\" srcset=\"https:\/\/walderlebnispfade.de\/wp-content\/uploads\/2026\/04\/Baumhaushotel_Schaumburg-1024x576.jpg 1024w, https:\/\/walderlebnispfade.de\/wp-content\/uploads\/2026\/04\/Baumhaushotel_Schaumburg-300x169.jpg 300w, https:\/\/walderlebnispfade.de\/wp-content\/uploads\/2026\/04\/Baumhaushotel_Schaumburg-768x432.jpg 768w, https:\/\/walderlebnispfade.de\/wp-content\/uploads\/2026\/04\/Baumhaushotel_Schaumburg.jpg 1280w\" sizes=\"auto, (max-width: 1024px) 100vw, 1024px\" \/><\/a><figcaption><div class=\"tb-image-caption\"><\/div><\/figcaption><\/figure>\n\n\n\n<h2 class=\"tb-heading\" data-toolset-blocks-heading=\"b23fe25b9a42f9f0865d788f354f57c9\" data-last-update=\"1.4\">H\u00f4tel de la maison dans les arbres Schaumburg<\/h2>\n\n\n\n<div class=\"tb-field\" data-toolset-blocks-field=\"bf4f75028c3fa3b717c6982d0b468119\" data-last-update=\"1.4\">Schaumburg 1, 96528 Schalkau<\/div>\n\n\n\n<div class=\"tb-rating tb-rating--filled tb-rating--dashicons\" data-toolset-star-rating-external-css=\"\" data-toolset-blocks-star-rating=\"0c7a9f5c207036066873bc9dcd8e9611\"><span class=\"tb-rating__container\"><span class=\"tb-rating__star\"><\/span><span class=\"tb-rating__star\"><\/span><span class=\"tb-rating__star\"><\/span><span class=\"tb-rating__star\"><\/span><span class=\"tb-rating__star\"><\/span><span class=\"tb-rating__rating\" style=\"width: calc(10 * 2 * 4%);\"><\/span><\/span><span class=\"tb-screen-reader\">\"]<\/span><\/div>\n\n\n\n<div class=\"tb-field\" data-toolset-blocks-field=\"5a7f36b0f335e97d2a5589545f395d3f\" data-last-update=\"1.4\">H\u00f4tel cabane dans les arbres dans le domaine des chevaliers Situ\u00e9 sur les hauteurs du Schaumberg, au-dessus des toits de...<\/div>\n\n\n\n<div class=\"tb-button\" data-toolset-blocks-button=\"3e42438d27864e9923401ffb76a40103\"><a class=\"tb-button__link\" href=\"https:\/\/walderlebnispfade.de\/fr\/erlebnisse\/hotel-de-la-maison-dans-les-arbres-schaumburg\/\"><i class=\"tb-button__icon\"><\/i><span class=\"tb-button__content\">Plus d'infos<\/span><\/a><\/div>\n<\/div>\n\n<\/div><div class=\"tb-grid-column\">\n\n<div class=\"wp-block-toolset-views-view-template-block wpv-block-loop-item php-to-be-replaced-with-shortcode\" data-toolset-views-view-template-block=\"9e0b5a36d0c70bbc4671330bffdf08b1\">\n<figure class=\"wp-block-image tb-image tb-image-dynamic tb-image-frame-none\" data-toolset-blocks-image=\"560ae4b64c1d6df97bda39cc872a40ca\"><a href=\"https:\/\/walderlebnispfade.de\/fr\/erlebnisse\/hotel-cabane-dans-les-arbres-ratzeburg\/\"><img decoding=\"async\" width=\"1024\" height=\"576\" loading=\"lazy\" src=\"https:\/\/walderlebnispfade.de\/wp-content\/uploads\/2026\/04\/Baumhaushotel_Ratzeburg-1024x576.jpg\" alt=\"La cabane-h\u00f4tel de Ratzeburg dans la gare de l'aventure\" class=\"wp-image-7621\" srcset=\"https:\/\/walderlebnispfade.de\/wp-content\/uploads\/2026\/04\/Baumhaushotel_Ratzeburg-1024x576.jpg 1024w, https:\/\/walderlebnispfade.de\/wp-content\/uploads\/2026\/04\/Baumhaushotel_Ratzeburg-300x169.jpg 300w, https:\/\/walderlebnispfade.de\/wp-content\/uploads\/2026\/04\/Baumhaushotel_Ratzeburg-768x432.jpg 768w, https:\/\/walderlebnispfade.de\/wp-content\/uploads\/2026\/04\/Baumhaushotel_Ratzeburg.jpg 1280w\" sizes=\"auto, (max-width: 1024px) 100vw, 1024px\" \/><\/a><figcaption><div class=\"tb-image-caption\"><\/div><\/figcaption><\/figure>\n\n\n\n<h2 class=\"tb-heading\" data-toolset-blocks-heading=\"b23fe25b9a42f9f0865d788f354f57c9\" data-last-update=\"1.4\">H\u00f4tel cabane dans les arbres Ratzeburg<\/h2>\n\n\n\n<div class=\"tb-field\" data-toolset-blocks-field=\"bf4f75028c3fa3b717c6982d0b468119\" data-last-update=\"1.4\">Am Bahndamm, 23911 Schmilau<\/div>\n\n\n\n<div class=\"tb-rating tb-rating--filled tb-rating--dashicons\" data-toolset-star-rating-external-css=\"\" data-toolset-blocks-star-rating=\"0c7a9f5c207036066873bc9dcd8e9611\"><span class=\"tb-rating__container\"><span class=\"tb-rating__star\"><\/span><span class=\"tb-rating__star\"><\/span><span class=\"tb-rating__star\"><\/span><span class=\"tb-rating__star\"><\/span><span class=\"tb-rating__star\"><\/span><span class=\"tb-rating__rating\" style=\"width: calc(10 * 2 * 4%);\"><\/span><\/span><span class=\"tb-screen-reader\">\"]<\/span><\/div>\n\n\n\n<div class=\"tb-field\" data-toolset-blocks-field=\"5a7f36b0f335e97d2a5589545f395d3f\" data-last-update=\"1.4\">H\u00f4tel cabane dans les arbres \u00e0 la gare d'aventure - Du plaisir pour toute la famille Au milieu du parc...<\/div>\n\n\n\n<div class=\"tb-button\" data-toolset-blocks-button=\"3e42438d27864e9923401ffb76a40103\"><a class=\"tb-button__link\" href=\"https:\/\/walderlebnispfade.de\/fr\/erlebnisse\/hotel-cabane-dans-les-arbres-ratzeburg\/\"><i class=\"tb-button__icon\"><\/i><span class=\"tb-button__content\">Plus d'infos<\/span><\/a><\/div>\n<\/div>\n\n<\/div><div class=\"tb-grid-column\">\n\n<div class=\"wp-block-toolset-views-view-template-block wpv-block-loop-item php-to-be-replaced-with-shortcode\" data-toolset-views-view-template-block=\"9e0b5a36d0c70bbc4671330bffdf08b1\">\n<figure class=\"wp-block-image tb-image tb-image-dynamic tb-image-frame-none\" data-toolset-blocks-image=\"560ae4b64c1d6df97bda39cc872a40ca\"><a href=\"https:\/\/walderlebnispfade.de\/fr\/erlebnisse\/hotel-de-cabanes-dans-les-arbres-altjessnitz\/\"><img decoding=\"async\" width=\"1024\" height=\"576\" loading=\"lazy\" src=\"https:\/\/walderlebnispfade.de\/wp-content\/uploads\/2026\/04\/Baumhaushotel_Altjessnitz-1024x576.jpg\" alt=\"L'h\u00f4tel de cabanes dans les arbres d'Altjessnitz en Saxe-Anhalt\" class=\"wp-image-7627\" srcset=\"https:\/\/walderlebnispfade.de\/wp-content\/uploads\/2026\/04\/Baumhaushotel_Altjessnitz-1024x576.jpg 1024w, https:\/\/walderlebnispfade.de\/wp-content\/uploads\/2026\/04\/Baumhaushotel_Altjessnitz-300x169.jpg 300w, https:\/\/walderlebnispfade.de\/wp-content\/uploads\/2026\/04\/Baumhaushotel_Altjessnitz-768x432.jpg 768w, https:\/\/walderlebnispfade.de\/wp-content\/uploads\/2026\/04\/Baumhaushotel_Altjessnitz.jpg 1280w\" sizes=\"auto, (max-width: 1024px) 100vw, 1024px\" \/><\/a><figcaption><div class=\"tb-image-caption\"><\/div><\/figcaption><\/figure>\n\n\n\n<h2 class=\"tb-heading\" data-toolset-blocks-heading=\"b23fe25b9a42f9f0865d788f354f57c9\" data-last-update=\"1.4\">H\u00f4tel de cabanes dans les arbres Altjessnitz<\/h2>\n\n\n\n<div class=\"tb-field\" data-toolset-blocks-field=\"bf4f75028c3fa3b717c6982d0b468119\" data-last-update=\"1.4\">Parkstra\u00dfe 7 06800 Raguhn Je\u00dfnitz<\/div>\n\n\n\n<div class=\"tb-rating tb-rating--filled tb-rating--dashicons\" data-toolset-star-rating-external-css=\"\" data-toolset-blocks-star-rating=\"0c7a9f5c207036066873bc9dcd8e9611\"><span class=\"tb-rating__container\"><span class=\"tb-rating__star\"><\/span><span class=\"tb-rating__star\"><\/span><span class=\"tb-rating__star\"><\/span><span class=\"tb-rating__star\"><\/span><span class=\"tb-rating__star\"><\/span><span class=\"tb-rating__rating\" style=\"width: calc(10 * 2 * 4%);\"><\/span><\/span><span class=\"tb-screen-reader\">\"]<\/span><\/div>\n\n\n\n<div class=\"tb-field\" data-toolset-blocks-field=\"5a7f36b0f335e97d2a5589545f395d3f\" data-last-update=\"1.4\">R\u00eaver entre les arbres C'est dans la plaine alluviale de la Mulde, en Saxe-Anhalt, que se trouve l'h\u00f4tel Baumhaus Altjessnitz,...<\/div>\n\n\n\n<div class=\"tb-button\" data-toolset-blocks-button=\"3e42438d27864e9923401ffb76a40103\"><a class=\"tb-button__link\" href=\"https:\/\/walderlebnispfade.de\/fr\/erlebnisse\/hotel-de-cabanes-dans-les-arbres-altjessnitz\/\"><i class=\"tb-button__icon\"><\/i><span class=\"tb-button__content\">Plus d'infos<\/span><\/a><\/div>\n<\/div>\n\n<\/div><div class=\"tb-grid-column\">\n\n<div class=\"wp-block-toolset-views-view-template-block wpv-block-loop-item php-to-be-replaced-with-shortcode\" data-toolset-views-view-template-block=\"9e0b5a36d0c70bbc4671330bffdf08b1\">\n<figure class=\"wp-block-image tb-image tb-image-dynamic tb-image-frame-none\" data-toolset-blocks-image=\"560ae4b64c1d6df97bda39cc872a40ca\"><a href=\"https:\/\/walderlebnispfade.de\/fr\/erlebnisse\/hotel-cabane-dans-les-arbres-kriebelland\/\"><img decoding=\"async\" width=\"1024\" height=\"576\" loading=\"lazy\" src=\"https:\/\/walderlebnispfade.de\/wp-content\/uploads\/2026\/04\/Baumhaushotel_Kriebelland-1024x576.jpg\" alt=\"L'h\u00f4tel de cabanes dans les arbres Kriebelland \u00e0 Kriebstein\" class=\"wp-image-7633\" srcset=\"https:\/\/walderlebnispfade.de\/wp-content\/uploads\/2026\/04\/Baumhaushotel_Kriebelland-1024x576.jpg 1024w, https:\/\/walderlebnispfade.de\/wp-content\/uploads\/2026\/04\/Baumhaushotel_Kriebelland-300x169.jpg 300w, https:\/\/walderlebnispfade.de\/wp-content\/uploads\/2026\/04\/Baumhaushotel_Kriebelland-768x432.jpg 768w, https:\/\/walderlebnispfade.de\/wp-content\/uploads\/2026\/04\/Baumhaushotel_Kriebelland.jpg 1280w\" sizes=\"auto, (max-width: 1024px) 100vw, 1024px\" \/><\/a><figcaption><div class=\"tb-image-caption\"><\/div><\/figcaption><\/figure>\n\n\n\n<h2 class=\"tb-heading\" data-toolset-blocks-heading=\"b23fe25b9a42f9f0865d788f354f57c9\" data-last-update=\"1.4\">H\u00f4tel cabane dans les arbres Kriebelland<\/h2>\n\n\n\n<div class=\"tb-field\" data-toolset-blocks-field=\"bf4f75028c3fa3b717c6982d0b468119\" data-last-update=\"1.4\">An der Talsperre 1a, 09648 Kriebstein<\/div>\n\n\n\n<div class=\"tb-rating tb-rating--filled tb-rating--dashicons\" data-toolset-star-rating-external-css=\"\" data-toolset-blocks-star-rating=\"0c7a9f5c207036066873bc9dcd8e9611\"><span class=\"tb-rating__container\"><span class=\"tb-rating__star\"><\/span><span class=\"tb-rating__star\"><\/span><span class=\"tb-rating__star\"><\/span><span class=\"tb-rating__star\"><\/span><span class=\"tb-rating__star\"><\/span><span class=\"tb-rating__rating\" style=\"width: calc(10 * 2 * 4%);\"><\/span><\/span><span class=\"tb-screen-reader\">\"]<\/span><\/div>\n\n\n\n<div class=\"tb-field\" data-toolset-blocks-field=\"5a7f36b0f335e97d2a5589545f395d3f\" data-last-update=\"1.4\">S\u00e9jour en cabane dans les arbres au lac de barrage de Kriebstein Situ\u00e9 sur les rives du lac artificiel de...<\/div>\n\n\n\n<div class=\"tb-button\" data-toolset-blocks-button=\"3e42438d27864e9923401ffb76a40103\"><a class=\"tb-button__link\" href=\"https:\/\/walderlebnispfade.de\/fr\/erlebnisse\/hotel-cabane-dans-les-arbres-kriebelland\/\"><i class=\"tb-button__icon\"><\/i><span class=\"tb-button__content\">Plus d'infos<\/span><\/a><\/div>\n<\/div>\n\n<\/div><div class=\"tb-grid-column\">\n\n<div class=\"wp-block-toolset-views-view-template-block wpv-block-loop-item php-to-be-replaced-with-shortcode\" data-toolset-views-view-template-block=\"9e0b5a36d0c70bbc4671330bffdf08b1\">\n<figure class=\"wp-block-image tb-image tb-image-dynamic tb-image-frame-none\" data-toolset-blocks-image=\"560ae4b64c1d6df97bda39cc872a40ca\"><a href=\"https:\/\/walderlebnispfade.de\/fr\/erlebnisse\/cabane-dans-les-arbres-saint-martin\/\"><img decoding=\"async\" width=\"1024\" height=\"576\" loading=\"lazy\" src=\"https:\/\/walderlebnispfade.de\/wp-content\/uploads\/2026\/04\/Baumhaushotel_Sankt_Martin-1024x576.jpg\" alt=\"Cabane dans les arbres de Saint-Martin en Rh\u00e9nanie-Palatinat\" class=\"wp-image-7592\" srcset=\"https:\/\/walderlebnispfade.de\/wp-content\/uploads\/2026\/04\/Baumhaushotel_Sankt_Martin-1024x576.jpg 1024w, https:\/\/walderlebnispfade.de\/wp-content\/uploads\/2026\/04\/Baumhaushotel_Sankt_Martin-300x169.jpg 300w, https:\/\/walderlebnispfade.de\/wp-content\/uploads\/2026\/04\/Baumhaushotel_Sankt_Martin-768x432.jpg 768w, https:\/\/walderlebnispfade.de\/wp-content\/uploads\/2026\/04\/Baumhaushotel_Sankt_Martin.jpg 1280w\" sizes=\"auto, (max-width: 1024px) 100vw, 1024px\" \/><\/a><figcaption><div class=\"tb-image-caption\"><\/div><\/figcaption><\/figure>\n\n\n\n<h2 class=\"tb-heading\" data-toolset-blocks-heading=\"b23fe25b9a42f9f0865d788f354f57c9\" data-last-update=\"1.4\">Cabane dans les arbres Saint-Martin<\/h2>\n\n\n\n<div class=\"tb-field\" data-toolset-blocks-field=\"bf4f75028c3fa3b717c6982d0b468119\" data-last-update=\"1.4\">Kuckucksweg 6 67487 St. Martin<\/div>\n\n\n\n<div class=\"tb-rating tb-rating--filled tb-rating--dashicons\" data-toolset-star-rating-external-css=\"\" data-toolset-blocks-star-rating=\"0c7a9f5c207036066873bc9dcd8e9611\"><span class=\"tb-rating__container\"><span class=\"tb-rating__star\"><\/span><span class=\"tb-rating__star\"><\/span><span class=\"tb-rating__star\"><\/span><span class=\"tb-rating__star\"><\/span><span class=\"tb-rating__star\"><\/span><span class=\"tb-rating__rating\" style=\"width: calc(10 * 2 * 4%);\"><\/span><\/span><span class=\"tb-screen-reader\">\"]<\/span><\/div>\n\n\n\n<div class=\"tb-field\" data-toolset-blocks-field=\"5a7f36b0f335e97d2a5589545f395d3f\" data-last-update=\"1.4\">Passer la nuit dans les cimes de la for\u00eat du Palatinat Martin, l\u00e0 o\u00f9 la for\u00eat rencontre les vignobles, se...<\/div>\n\n\n\n<div class=\"tb-button\" data-toolset-blocks-button=\"3e42438d27864e9923401ffb76a40103\"><a class=\"tb-button__link\" href=\"https:\/\/walderlebnispfade.de\/fr\/erlebnisse\/cabane-dans-les-arbres-saint-martin\/\"><i class=\"tb-button__icon\"><\/i><span class=\"tb-button__content\">Plus d'infos<\/span><\/a><\/div>\n<\/div>\n\n<\/div><div class=\"tb-grid-column\">\n\n<div class=\"wp-block-toolset-views-view-template-block wpv-block-loop-item php-to-be-replaced-with-shortcode\" data-toolset-views-view-template-block=\"9e0b5a36d0c70bbc4671330bffdf08b1\">\n<figure class=\"wp-block-image tb-image tb-image-dynamic tb-image-frame-none\" data-toolset-blocks-image=\"560ae4b64c1d6df97bda39cc872a40ca\"><a href=\"https:\/\/walderlebnispfade.de\/fr\/erlebnisse\/hotel-cabane-dans-les-arbres-lauschhuette\/\"><img decoding=\"async\" width=\"1024\" height=\"576\" loading=\"lazy\" src=\"https:\/\/walderlebnispfade.de\/wp-content\/uploads\/2026\/04\/Baumhaushotel_Lauschhuette-1024x576.jpg\" alt=\"L'h\u00f4tel de cabanes dans les arbres Lauschh\u00fctte \u00e0 Daxweiler.\" class=\"wp-image-7598\" srcset=\"https:\/\/walderlebnispfade.de\/wp-content\/uploads\/2026\/04\/Baumhaushotel_Lauschhuette-1024x576.jpg 1024w, https:\/\/walderlebnispfade.de\/wp-content\/uploads\/2026\/04\/Baumhaushotel_Lauschhuette-300x169.jpg 300w, https:\/\/walderlebnispfade.de\/wp-content\/uploads\/2026\/04\/Baumhaushotel_Lauschhuette-768x432.jpg 768w, https:\/\/walderlebnispfade.de\/wp-content\/uploads\/2026\/04\/Baumhaushotel_Lauschhuette.jpg 1280w\" sizes=\"auto, (max-width: 1024px) 100vw, 1024px\" \/><\/a><figcaption><div class=\"tb-image-caption\"><\/div><\/figcaption><\/figure>\n\n\n\n<h2 class=\"tb-heading\" data-toolset-blocks-heading=\"b23fe25b9a42f9f0865d788f354f57c9\" data-last-update=\"1.4\">H\u00f4tel cabane dans les arbres Lauschh\u00fctte<\/h2>\n\n\n\n<div class=\"tb-field\" data-toolset-blocks-field=\"bf4f75028c3fa3b717c6982d0b468119\" data-last-update=\"1.4\">Forsthaus Lauschh\u00fctte, K 29, Daxweiler<\/div>\n\n\n\n<div class=\"tb-rating tb-rating--filled tb-rating--dashicons\" data-toolset-star-rating-external-css=\"\" data-toolset-blocks-star-rating=\"0c7a9f5c207036066873bc9dcd8e9611\"><span class=\"tb-rating__container\"><span class=\"tb-rating__star\"><\/span><span class=\"tb-rating__star\"><\/span><span class=\"tb-rating__star\"><\/span><span class=\"tb-rating__star\"><\/span><span class=\"tb-rating__star\"><\/span><span class=\"tb-rating__rating\" style=\"width: calc(10 * 2 * 3%);\"><\/span><\/span><span class=\"tb-screen-reader\">\"]<\/span><\/div>\n\n\n\n<div class=\"tb-field\" data-toolset-blocks-field=\"5a7f36b0f335e97d2a5589545f395d3f\" data-last-update=\"1.4\">De vraies aventures en for\u00eat dans le Hunsr\u00fcck Au plus profond de la for\u00eat de Bingen, \u00e0 plus de 585...<\/div>\n\n\n\n<div class=\"tb-button\" data-toolset-blocks-button=\"3e42438d27864e9923401ffb76a40103\"><a class=\"tb-button__link\" href=\"https:\/\/walderlebnispfade.de\/fr\/erlebnisse\/hotel-cabane-dans-les-arbres-lauschhuette\/\"><i class=\"tb-button__icon\"><\/i><span class=\"tb-button__content\">Plus d'infos<\/span><\/a><\/div>\n<\/div>\n\n<\/div><div class=\"tb-grid-column\">\n\n<div class=\"wp-block-toolset-views-view-template-block wpv-block-loop-item php-to-be-replaced-with-shortcode\" data-toolset-views-view-template-block=\"9e0b5a36d0c70bbc4671330bffdf08b1\">\n<figure class=\"wp-block-image tb-image tb-image-dynamic tb-image-frame-none\" data-toolset-blocks-image=\"560ae4b64c1d6df97bda39cc872a40ca\"><a href=\"https:\/\/walderlebnispfade.de\/fr\/erlebnisse\/cabanes-dans-les-arbres-au-lac-sorpe\/\"><img decoding=\"async\" width=\"1024\" height=\"576\" loading=\"lazy\" src=\"https:\/\/walderlebnispfade.de\/wp-content\/uploads\/2026\/04\/Baumhaushotel_Sorpesee-1024x576.jpg\" alt=\"Cabanes dans les arbres au lac Sorpe\" class=\"wp-image-7604\" srcset=\"https:\/\/walderlebnispfade.de\/wp-content\/uploads\/2026\/04\/Baumhaushotel_Sorpesee-1024x576.jpg 1024w, https:\/\/walderlebnispfade.de\/wp-content\/uploads\/2026\/04\/Baumhaushotel_Sorpesee-300x169.jpg 300w, https:\/\/walderlebnispfade.de\/wp-content\/uploads\/2026\/04\/Baumhaushotel_Sorpesee-768x432.jpg 768w, https:\/\/walderlebnispfade.de\/wp-content\/uploads\/2026\/04\/Baumhaushotel_Sorpesee.jpg 1280w\" sizes=\"auto, (max-width: 1024px) 100vw, 1024px\" \/><\/a><figcaption><div class=\"tb-image-caption\"><\/div><\/figcaption><\/figure>\n\n\n\n<h2 class=\"tb-heading\" data-toolset-blocks-heading=\"b23fe25b9a42f9f0865d788f354f57c9\" data-last-update=\"1.4\">Cabanes dans les arbres au lac Sorpe<\/h2>\n\n\n\n<div class=\"tb-field\" data-toolset-blocks-field=\"bf4f75028c3fa3b717c6982d0b468119\" data-last-update=\"1.4\">Am Sorpesee 193, 59846 Sundern<\/div>\n\n\n\n<div class=\"tb-rating tb-rating--filled tb-rating--dashicons\" data-toolset-star-rating-external-css=\"\" data-toolset-blocks-star-rating=\"0c7a9f5c207036066873bc9dcd8e9611\"><span class=\"tb-rating__container\"><span class=\"tb-rating__star\"><\/span><span class=\"tb-rating__star\"><\/span><span class=\"tb-rating__star\"><\/span><span class=\"tb-rating__star\"><\/span><span class=\"tb-rating__star\"><\/span><span class=\"tb-rating__rating\" style=\"width: calc(10 * 2 * 4%);\"><\/span><\/span><span class=\"tb-screen-reader\">\"]<\/span><\/div>\n\n\n\n<div class=\"tb-field\" data-toolset-blocks-field=\"5a7f36b0f335e97d2a5589545f395d3f\" data-last-update=\"1.4\">Cabanes color\u00e9es au bord du lac de Sorpe De loin, elles brillent d\u00e9j\u00e0 \u00e0 travers la for\u00eat de feuillus :...<\/div>\n\n\n\n<div class=\"tb-button\" data-toolset-blocks-button=\"3e42438d27864e9923401ffb76a40103\"><a class=\"tb-button__link\" href=\"https:\/\/walderlebnispfade.de\/fr\/erlebnisse\/cabanes-dans-les-arbres-au-lac-sorpe\/\"><i class=\"tb-button__icon\"><\/i><span class=\"tb-button__content\">Plus d'infos<\/span><\/a><\/div>\n<\/div>\n\n<\/div><div class=\"tb-grid-column\">\n\n<div class=\"wp-block-toolset-views-view-template-block wpv-block-loop-item php-to-be-replaced-with-shortcode\" data-toolset-views-view-template-block=\"9e0b5a36d0c70bbc4671330bffdf08b1\">\n<figure class=\"wp-block-image tb-image tb-image-dynamic tb-image-frame-none\" data-toolset-blocks-image=\"560ae4b64c1d6df97bda39cc872a40ca\"><a href=\"https:\/\/walderlebnispfade.de\/fr\/erlebnisse\/hotel-de-cabane-dans-les-arbres-elbinselhof-krautsand\/\"><img decoding=\"async\" width=\"1024\" height=\"576\" loading=\"lazy\" src=\"https:\/\/walderlebnispfade.de\/wp-content\/uploads\/2026\/04\/Baumhaushotel_Krautsand-1024x576.jpg\" alt=\"L'h\u00f4tel de cabanes dans les arbres Elbinselhof Krautsand en Basse-Saxe.\" class=\"wp-image-7516\" srcset=\"https:\/\/walderlebnispfade.de\/wp-content\/uploads\/2026\/04\/Baumhaushotel_Krautsand-1024x576.jpg 1024w, https:\/\/walderlebnispfade.de\/wp-content\/uploads\/2026\/04\/Baumhaushotel_Krautsand-300x169.jpg 300w, https:\/\/walderlebnispfade.de\/wp-content\/uploads\/2026\/04\/Baumhaushotel_Krautsand-768x432.jpg 768w, https:\/\/walderlebnispfade.de\/wp-content\/uploads\/2026\/04\/Baumhaushotel_Krautsand.jpg 1280w\" sizes=\"auto, (max-width: 1024px) 100vw, 1024px\" \/><\/a><figcaption><div class=\"tb-image-caption\"><\/div><\/figcaption><\/figure>\n\n\n\n<h2 class=\"tb-heading\" data-toolset-blocks-heading=\"b23fe25b9a42f9f0865d788f354f57c9\" data-last-update=\"1.4\">H\u00f4tel de cabane dans les arbres Elbinselhof Krautsand<\/h2>\n\n\n\n<div class=\"tb-field\" data-toolset-blocks-field=\"bf4f75028c3fa3b717c6982d0b468119\" data-last-update=\"1.4\">Schanzenstr. 23, 21706 Krautsand<\/div>\n\n\n\n<div class=\"tb-rating tb-rating--filled tb-rating--dashicons\" data-toolset-star-rating-external-css=\"\" data-toolset-blocks-star-rating=\"0c7a9f5c207036066873bc9dcd8e9611\"><span class=\"tb-rating__container\"><span class=\"tb-rating__star\"><\/span><span class=\"tb-rating__star\"><\/span><span class=\"tb-rating__star\"><\/span><span class=\"tb-rating__star\"><\/span><span class=\"tb-rating__star\"><\/span><span class=\"tb-rating__rating\" style=\"width: calc(10 * 2 * 4%);\"><\/span><\/span><span class=\"tb-screen-reader\">\"]<\/span><\/div>\n\n\n\n<div class=\"tb-field\" data-toolset-blocks-field=\"5a7f36b0f335e97d2a5589545f395d3f\" data-last-update=\"1.4\">Cabanes dans les arbres directement sur la digue Sur l'\u00eele de Krautsand sur l'Elbe, entre de vieux saules noueux et...<\/div>\n\n\n\n<div class=\"tb-button\" data-toolset-blocks-button=\"3e42438d27864e9923401ffb76a40103\"><a class=\"tb-button__link\" href=\"https:\/\/walderlebnispfade.de\/fr\/erlebnisse\/hotel-de-cabane-dans-les-arbres-elbinselhof-krautsand\/\"><i class=\"tb-button__icon\"><\/i><span class=\"tb-button__content\">Plus d'infos<\/span><\/a><\/div>\n<\/div>\n\n<\/div><div class=\"tb-grid-column\">\n\n<div class=\"wp-block-toolset-views-view-template-block wpv-block-loop-item php-to-be-replaced-with-shortcode\" data-toolset-views-view-template-block=\"9e0b5a36d0c70bbc4671330bffdf08b1\">\n<figure class=\"wp-block-image tb-image tb-image-dynamic tb-image-frame-none\" data-toolset-blocks-image=\"560ae4b64c1d6df97bda39cc872a40ca\"><a href=\"https:\/\/walderlebnispfade.de\/fr\/erlebnisse\/hotel-cabane-dans-les-arbres-waldquelle\/\"><img decoding=\"async\" width=\"1024\" height=\"576\" loading=\"lazy\" src=\"https:\/\/walderlebnispfade.de\/wp-content\/uploads\/2026\/04\/Baumhaushotel_Waldquelle-1024x576.jpg\" alt=\"L'h\u00f4tel de la maison dans les arbres Waldquelle \u00e0 Aerzen.\" class=\"wp-image-7522\" srcset=\"https:\/\/walderlebnispfade.de\/wp-content\/uploads\/2026\/04\/Baumhaushotel_Waldquelle-1024x576.jpg 1024w, https:\/\/walderlebnispfade.de\/wp-content\/uploads\/2026\/04\/Baumhaushotel_Waldquelle-300x169.jpg 300w, https:\/\/walderlebnispfade.de\/wp-content\/uploads\/2026\/04\/Baumhaushotel_Waldquelle-768x432.jpg 768w, https:\/\/walderlebnispfade.de\/wp-content\/uploads\/2026\/04\/Baumhaushotel_Waldquelle.jpg 1280w\" sizes=\"auto, (max-width: 1024px) 100vw, 1024px\" \/><\/a><figcaption><div class=\"tb-image-caption\"><\/div><\/figcaption><\/figure>\n\n\n\n<h2 class=\"tb-heading\" data-toolset-blocks-heading=\"b23fe25b9a42f9f0865d788f354f57c9\" data-last-update=\"1.4\">H\u00f4tel cabane dans les arbres Waldquelle<\/h2>\n\n\n\n<div class=\"tb-field\" data-toolset-blocks-field=\"bf4f75028c3fa3b717c6982d0b468119\" data-last-update=\"1.4\">Waldquelle 1, 31855 Aerzen<\/div>\n\n\n\n<div class=\"tb-rating tb-rating--filled tb-rating--dashicons\" data-toolset-star-rating-external-css=\"\" data-toolset-blocks-star-rating=\"0c7a9f5c207036066873bc9dcd8e9611\"><span class=\"tb-rating__container\"><span class=\"tb-rating__star\"><\/span><span class=\"tb-rating__star\"><\/span><span class=\"tb-rating__star\"><\/span><span class=\"tb-rating__star\"><\/span><span class=\"tb-rating__star\"><\/span><span class=\"tb-rating__rating\" style=\"width: calc(10 * 2 * 5%);\"><\/span><\/span><span class=\"tb-screen-reader\">\"]<\/span><\/div>\n\n\n\n<div class=\"tb-field\" data-toolset-blocks-field=\"5a7f36b0f335e97d2a5589545f395d3f\" data-last-update=\"1.4\">Passer la nuit dans les arbres du Weserbergland Dans le Weserbergland, sur le L\u00fcningsberg pr\u00e8s d'Aerzen, trois cabanes dans les...<\/div>\n\n\n\n<div class=\"tb-button\" data-toolset-blocks-button=\"3e42438d27864e9923401ffb76a40103\"><a class=\"tb-button__link\" href=\"https:\/\/walderlebnispfade.de\/fr\/erlebnisse\/hotel-cabane-dans-les-arbres-waldquelle\/\"><i class=\"tb-button__icon\"><\/i><span class=\"tb-button__content\">Plus d'infos<\/span><\/a><\/div>\n<\/div>\n\n<\/div><div class=\"tb-grid-column\">\n\n<div class=\"wp-block-toolset-views-view-template-block wpv-block-loop-item php-to-be-replaced-with-shortcode\" data-toolset-views-view-template-block=\"9e0b5a36d0c70bbc4671330bffdf08b1\">\n<figure class=\"wp-block-image tb-image tb-image-dynamic tb-image-frame-none\" data-toolset-blocks-image=\"560ae4b64c1d6df97bda39cc872a40ca\"><a href=\"https:\/\/walderlebnispfade.de\/fr\/erlebnisse\/hotel-treeinn-dans-les-arbres\/\"><img decoding=\"async\" width=\"1024\" height=\"576\" loading=\"lazy\" src=\"https:\/\/walderlebnispfade.de\/wp-content\/uploads\/2026\/04\/Baumhaushotel_TreeInn-1024x576.jpg\" alt=\"L'h\u00f4tel TreeInn, situ\u00e9 dans une cabane dans les arbres en Basse-Saxe.\" class=\"wp-image-7528\" srcset=\"https:\/\/walderlebnispfade.de\/wp-content\/uploads\/2026\/04\/Baumhaushotel_TreeInn-1024x576.jpg 1024w, https:\/\/walderlebnispfade.de\/wp-content\/uploads\/2026\/04\/Baumhaushotel_TreeInn-300x169.jpg 300w, https:\/\/walderlebnispfade.de\/wp-content\/uploads\/2026\/04\/Baumhaushotel_TreeInn-768x432.jpg 768w, https:\/\/walderlebnispfade.de\/wp-content\/uploads\/2026\/04\/Baumhaushotel_TreeInn.jpg 1280w\" sizes=\"auto, (max-width: 1024px) 100vw, 1024px\" \/><\/a><figcaption><div class=\"tb-image-caption\"><\/div><\/figcaption><\/figure>\n\n\n\n<h2 class=\"tb-heading\" data-toolset-blocks-heading=\"b23fe25b9a42f9f0865d788f354f57c9\" data-last-update=\"1.4\">H\u00f4tel TreeInn dans les arbres<\/h2>\n\n\n\n<div class=\"tb-field\" data-toolset-blocks-field=\"bf4f75028c3fa3b717c6982d0b468119\" data-last-update=\"1.4\">Kasernenstra\u00dfe 2, 27313 D\u00f6rverden<\/div>\n\n\n\n<div class=\"tb-rating tb-rating--filled tb-rating--dashicons\" data-toolset-star-rating-external-css=\"\" data-toolset-blocks-star-rating=\"0c7a9f5c207036066873bc9dcd8e9611\"><span class=\"tb-rating__container\"><span class=\"tb-rating__star\"><\/span><span class=\"tb-rating__star\"><\/span><span class=\"tb-rating__star\"><\/span><span class=\"tb-rating__star\"><\/span><span class=\"tb-rating__star\"><\/span><span class=\"tb-rating__rating\" style=\"width: calc(10 * 2 * 5%);\"><\/span><\/span><span class=\"tb-screen-reader\">\"]<\/span><\/div>\n\n\n\n<div class=\"tb-field\" data-toolset-blocks-field=\"5a7f36b0f335e97d2a5589545f395d3f\" data-last-update=\"1.4\">Cabane au-dessus des loups Imaginez un peu : Vous \u00eates allong\u00e9 dans votre cabane dans les arbres, le soleil du...<\/div>\n\n\n\n<div class=\"tb-button\" data-toolset-blocks-button=\"3e42438d27864e9923401ffb76a40103\"><a class=\"tb-button__link\" href=\"https:\/\/walderlebnispfade.de\/fr\/erlebnisse\/hotel-treeinn-dans-les-arbres\/\"><i class=\"tb-button__icon\"><\/i><span class=\"tb-button__content\">Plus d'infos<\/span><\/a><\/div>\n<\/div>\n\n<\/div><div class=\"tb-grid-column\">\n\n<div class=\"wp-block-toolset-views-view-template-block wpv-block-loop-item php-to-be-replaced-with-shortcode\" data-toolset-views-view-template-block=\"9e0b5a36d0c70bbc4671330bffdf08b1\">\n<figure class=\"wp-block-image tb-image tb-image-dynamic tb-image-frame-none\" data-toolset-blocks-image=\"560ae4b64c1d6df97bda39cc872a40ca\"><a href=\"https:\/\/walderlebnispfade.de\/fr\/erlebnisse\/hotel-de-cabane-dans-les-arbres-solling\/\"><img decoding=\"async\" width=\"1024\" height=\"576\" loading=\"lazy\" src=\"https:\/\/walderlebnispfade.de\/wp-content\/uploads\/2026\/04\/Baumhaushotel_Solling-1024x576.jpg\" alt=\"L'h\u00f4tel de la cabane dans les arbres Solling \u00e0 Uslar.\" class=\"wp-image-7534\" srcset=\"https:\/\/walderlebnispfade.de\/wp-content\/uploads\/2026\/04\/Baumhaushotel_Solling-1024x576.jpg 1024w, https:\/\/walderlebnispfade.de\/wp-content\/uploads\/2026\/04\/Baumhaushotel_Solling-300x169.jpg 300w, https:\/\/walderlebnispfade.de\/wp-content\/uploads\/2026\/04\/Baumhaushotel_Solling-768x432.jpg 768w, https:\/\/walderlebnispfade.de\/wp-content\/uploads\/2026\/04\/Baumhaushotel_Solling.jpg 1280w\" sizes=\"auto, (max-width: 1024px) 100vw, 1024px\" \/><\/a><figcaption><div class=\"tb-image-caption\"><\/div><\/figcaption><\/figure>\n\n\n\n<h2 class=\"tb-heading\" data-toolset-blocks-heading=\"b23fe25b9a42f9f0865d788f354f57c9\" data-last-update=\"1.4\">H\u00f4tel de cabane dans les arbres Solling<\/h2>\n\n\n\n<div class=\"tb-field\" data-toolset-blocks-field=\"bf4f75028c3fa3b717c6982d0b468119\" data-last-update=\"1.4\">In der Loh, 37170 Uslar<\/div>\n\n\n\n<div class=\"tb-rating tb-rating--filled tb-rating--dashicons\" data-toolset-star-rating-external-css=\"\" data-toolset-blocks-star-rating=\"0c7a9f5c207036066873bc9dcd8e9611\"><span class=\"tb-rating__container\"><span class=\"tb-rating__star\"><\/span><span class=\"tb-rating__star\"><\/span><span class=\"tb-rating__star\"><\/span><span class=\"tb-rating__star\"><\/span><span class=\"tb-rating__star\"><\/span><span class=\"tb-rating__rating\" style=\"width: calc(10 * 2 * 4%);\"><\/span><\/span><span class=\"tb-screen-reader\">\"]<\/span><\/div>\n\n\n\n<div class=\"tb-field\" data-toolset-blocks-field=\"5a7f36b0f335e97d2a5589545f395d3f\" data-last-update=\"1.4\">Cabanes dans les arbres dans la for\u00eat d\u2019aventures Le Baumhaushotel Solling est situ\u00e9 dans le parc naturel de Solling-Vogler, au...<\/div>\n\n\n\n<div class=\"tb-button\" data-toolset-blocks-button=\"3e42438d27864e9923401ffb76a40103\"><a class=\"tb-button__link\" href=\"https:\/\/walderlebnispfade.de\/fr\/erlebnisse\/hotel-de-cabane-dans-les-arbres-solling\/\"><i class=\"tb-button__icon\"><\/i><span class=\"tb-button__content\">Plus d'infos<\/span><\/a><\/div>\n<\/div>\n\n<\/div><div class=\"tb-grid-column\">\n\n<div class=\"wp-block-toolset-views-view-template-block wpv-block-loop-item php-to-be-replaced-with-shortcode\" data-toolset-views-view-template-block=\"9e0b5a36d0c70bbc4671330bffdf08b1\">\n<figure class=\"wp-block-image tb-image tb-image-dynamic tb-image-frame-none\" data-toolset-blocks-image=\"560ae4b64c1d6df97bda39cc872a40ca\"><a href=\"https:\/\/walderlebnispfade.de\/fr\/erlebnisse\/resort-baumgefluester\/\"><img decoding=\"async\" width=\"1024\" height=\"576\" loading=\"lazy\" src=\"https:\/\/walderlebnispfade.de\/wp-content\/uploads\/2026\/04\/Baumhaushotel_Baumgefluester-1024x576.jpg\" alt=\"L'h\u00f4tel de la cabane dans les arbres au Resort Baumgefl\u00fcster\" class=\"wp-image-7540\" srcset=\"https:\/\/walderlebnispfade.de\/wp-content\/uploads\/2026\/04\/Baumhaushotel_Baumgefluester-1024x576.jpg 1024w, https:\/\/walderlebnispfade.de\/wp-content\/uploads\/2026\/04\/Baumhaushotel_Baumgefluester-300x169.jpg 300w, https:\/\/walderlebnispfade.de\/wp-content\/uploads\/2026\/04\/Baumhaushotel_Baumgefluester-768x432.jpg 768w, https:\/\/walderlebnispfade.de\/wp-content\/uploads\/2026\/04\/Baumhaushotel_Baumgefluester.jpg 1280w\" sizes=\"auto, (max-width: 1024px) 100vw, 1024px\" \/><\/a><figcaption><div class=\"tb-image-caption\"><\/div><\/figcaption><\/figure>\n\n\n\n<h2 class=\"tb-heading\" data-toolset-blocks-heading=\"b23fe25b9a42f9f0865d788f354f57c9\" data-last-update=\"1.4\">Resort Baumgefl\u00fcster<\/h2>\n\n\n\n<div class=\"tb-field\" data-toolset-blocks-field=\"bf4f75028c3fa3b717c6982d0b468119\" data-last-update=\"1.4\">Brannenweg 22, 26160 Bad Zwischenahn<\/div>\n\n\n\n<div class=\"tb-rating tb-rating--filled tb-rating--dashicons\" data-toolset-star-rating-external-css=\"\" data-toolset-blocks-star-rating=\"0c7a9f5c207036066873bc9dcd8e9611\"><span class=\"tb-rating__container\"><span class=\"tb-rating__star\"><\/span><span class=\"tb-rating__star\"><\/span><span class=\"tb-rating__star\"><\/span><span class=\"tb-rating__star\"><\/span><span class=\"tb-rating__star\"><\/span><span class=\"tb-rating__rating\" style=\"width: calc(10 * 2 * 5%);\"><\/span><\/span><span class=\"tb-screen-reader\">\"]<\/span><\/div>\n\n\n\n<div class=\"tb-field\" data-toolset-blocks-field=\"5a7f36b0f335e97d2a5589545f395d3f\" data-last-update=\"1.4\">H\u00f4tel dans les arbres dans l\u2019Ammerland Quelque part dans l'Ammerland, cach\u00e9 derri\u00e8re une vieille route en briques et un chemin...<\/div>\n\n\n\n<div class=\"tb-button\" data-toolset-blocks-button=\"3e42438d27864e9923401ffb76a40103\"><a class=\"tb-button__link\" href=\"https:\/\/walderlebnispfade.de\/fr\/erlebnisse\/resort-baumgefluester\/\"><i class=\"tb-button__icon\"><\/i><span class=\"tb-button__content\">Plus d'infos<\/span><\/a><\/div>\n<\/div>\n\n<\/div><div class=\"tb-grid-column\">\n\n<div class=\"wp-block-toolset-views-view-template-block wpv-block-loop-item php-to-be-replaced-with-shortcode\" data-toolset-views-view-template-block=\"9e0b5a36d0c70bbc4671330bffdf08b1\">\n<figure class=\"wp-block-image tb-image tb-image-dynamic tb-image-frame-none\" data-toolset-blocks-image=\"560ae4b64c1d6df97bda39cc872a40ca\"><a href=\"https:\/\/walderlebnispfade.de\/fr\/erlebnisse\/auberge-de-la-cabane-dans-les-arbres-bockhop\/\"><img decoding=\"async\" width=\"1024\" height=\"576\" loading=\"lazy\" src=\"https:\/\/walderlebnispfade.de\/wp-content\/uploads\/2026\/04\/Baumhaushotel_Bockhop-1024x576.jpg\" alt=\"L'auberge de la cabane dans les arbres Bockhop \u00e0 Borstel.\" class=\"wp-image-7546\" srcset=\"https:\/\/walderlebnispfade.de\/wp-content\/uploads\/2026\/04\/Baumhaushotel_Bockhop-1024x576.jpg 1024w, https:\/\/walderlebnispfade.de\/wp-content\/uploads\/2026\/04\/Baumhaushotel_Bockhop-300x169.jpg 300w, https:\/\/walderlebnispfade.de\/wp-content\/uploads\/2026\/04\/Baumhaushotel_Bockhop-768x432.jpg 768w, https:\/\/walderlebnispfade.de\/wp-content\/uploads\/2026\/04\/Baumhaushotel_Bockhop.jpg 1280w\" sizes=\"auto, (max-width: 1024px) 100vw, 1024px\" \/><\/a><figcaption><div class=\"tb-image-caption\"><\/div><\/figcaption><\/figure>\n\n\n\n<h2 class=\"tb-heading\" data-toolset-blocks-heading=\"b23fe25b9a42f9f0865d788f354f57c9\" data-last-update=\"1.4\">Auberge de la cabane dans les arbres Bockhop<\/h2>\n\n\n\n<div class=\"tb-field\" data-toolset-blocks-field=\"bf4f75028c3fa3b717c6982d0b468119\" data-last-update=\"1.4\">Wiesenweg 43, 27246 Borstel<\/div>\n\n\n\n<div class=\"tb-rating tb-rating--filled tb-rating--dashicons\" data-toolset-star-rating-external-css=\"\" data-toolset-blocks-star-rating=\"0c7a9f5c207036066873bc9dcd8e9611\"><span class=\"tb-rating__container\"><span class=\"tb-rating__star\"><\/span><span class=\"tb-rating__star\"><\/span><span class=\"tb-rating__star\"><\/span><span class=\"tb-rating__star\"><\/span><span class=\"tb-rating__star\"><\/span><span class=\"tb-rating__rating\" style=\"width: calc(10 * 2 * 5%);\"><\/span><\/span><span class=\"tb-screen-reader\">\"]<\/span><\/div>\n\n\n\n<div class=\"tb-field\" data-toolset-blocks-field=\"5a7f36b0f335e97d2a5589545f395d3f\" data-last-update=\"1.4\">H\u00f4tel cabane dans les arbres pour adultes Avez-vous d\u00e9j\u00e0 r\u00eav\u00e9 de dormir en hauteur dans les branches de vieux ch\u00eanes,...<\/div>\n\n\n\n<div class=\"tb-button\" data-toolset-blocks-button=\"3e42438d27864e9923401ffb76a40103\"><a class=\"tb-button__link\" href=\"https:\/\/walderlebnispfade.de\/fr\/erlebnisse\/auberge-de-la-cabane-dans-les-arbres-bockhop\/\"><i class=\"tb-button__icon\"><\/i><span class=\"tb-button__content\">Plus d'infos<\/span><\/a><\/div>\n<\/div>\n\n<\/div><div class=\"tb-grid-column\">\n\n<div class=\"wp-block-toolset-views-view-template-block wpv-block-loop-item php-to-be-replaced-with-shortcode\" data-toolset-views-view-template-block=\"9e0b5a36d0c70bbc4671330bffdf08b1\">\n<figure class=\"wp-block-image tb-image tb-image-dynamic tb-image-frame-none\" data-toolset-blocks-image=\"560ae4b64c1d6df97bda39cc872a40ca\"><a href=\"https:\/\/walderlebnispfade.de\/fr\/erlebnisse\/hotel-cabane-dans-les-arbres-sottrum\/\"><img decoding=\"async\" width=\"1024\" height=\"576\" loading=\"lazy\" src=\"https:\/\/walderlebnispfade.de\/wp-content\/uploads\/2026\/03\/Baumhaushotel_Sottrum-1024x576.jpg\" alt=\"H\u00f4tel cabane dans les arbres Sottrum\" class=\"wp-image-7552\" srcset=\"https:\/\/walderlebnispfade.de\/wp-content\/uploads\/2026\/03\/Baumhaushotel_Sottrum-1024x576.jpg 1024w, https:\/\/walderlebnispfade.de\/wp-content\/uploads\/2026\/03\/Baumhaushotel_Sottrum-300x169.jpg 300w, https:\/\/walderlebnispfade.de\/wp-content\/uploads\/2026\/03\/Baumhaushotel_Sottrum-768x432.jpg 768w, https:\/\/walderlebnispfade.de\/wp-content\/uploads\/2026\/03\/Baumhaushotel_Sottrum.jpg 1280w\" sizes=\"auto, (max-width: 1024px) 100vw, 1024px\" \/><\/a><figcaption><div class=\"tb-image-caption\"><\/div><\/figcaption><\/figure>\n\n\n\n<h2 class=\"tb-heading\" data-toolset-blocks-heading=\"b23fe25b9a42f9f0865d788f354f57c9\" data-last-update=\"1.4\">H\u00f4tel cabane dans les arbres Sottrum<\/h2>\n\n\n\n<div class=\"tb-field\" data-toolset-blocks-field=\"bf4f75028c3fa3b717c6982d0b468119\" data-last-update=\"1.4\">Familienpark Sottrum, Ziegeleistra\u00dfe 28, 31188 Sottrum<\/div>\n\n\n\n<div class=\"tb-rating tb-rating--filled tb-rating--dashicons\" data-toolset-star-rating-external-css=\"\" data-toolset-blocks-star-rating=\"0c7a9f5c207036066873bc9dcd8e9611\"><span class=\"tb-rating__container\"><span class=\"tb-rating__star\"><\/span><span class=\"tb-rating__star\"><\/span><span class=\"tb-rating__star\"><\/span><span class=\"tb-rating__star\"><\/span><span class=\"tb-rating__star\"><\/span><span class=\"tb-rating__rating\" style=\"width: calc(10 * 2 * 4%);\"><\/span><\/span><span class=\"tb-screen-reader\">\"]<\/span><\/div>\n\n\n\n<div class=\"tb-field\" data-toolset-blocks-field=\"5a7f36b0f335e97d2a5589545f395d3f\" data-last-update=\"1.4\">L'h\u00f4tel cabane dans les arbres Familienpark Sottrum Si vous cherchez des vacances en famille d'un genre particulier, l'h\u00f4tel cabane dans...<\/div>\n\n\n\n<div class=\"tb-button\" data-toolset-blocks-button=\"3e42438d27864e9923401ffb76a40103\"><a class=\"tb-button__link\" href=\"https:\/\/walderlebnispfade.de\/fr\/erlebnisse\/hotel-cabane-dans-les-arbres-sottrum\/\"><i class=\"tb-button__icon\"><\/i><span class=\"tb-button__content\">Plus d'infos<\/span><\/a><\/div>\n<\/div>\n\n<\/div><div class=\"tb-grid-column\">\n\n<div class=\"wp-block-toolset-views-view-template-block wpv-block-loop-item php-to-be-replaced-with-shortcode\" data-toolset-views-view-template-block=\"9e0b5a36d0c70bbc4671330bffdf08b1\">\n<figure class=\"wp-block-image tb-image tb-image-dynamic tb-image-frame-none\" data-toolset-blocks-image=\"560ae4b64c1d6df97bda39cc872a40ca\"><a href=\"https:\/\/walderlebnispfade.de\/fr\/erlebnisse\/hotel-cabane-dans-les-arbres-zoo-de-schwerin\/\"><img decoding=\"async\" width=\"1024\" height=\"576\" loading=\"lazy\" src=\"https:\/\/walderlebnispfade.de\/wp-content\/uploads\/2025\/11\/Baumhaushotel_Zoo_Schwerin-1024x576.jpg\" alt=\"H\u00f4tel cabane dans les arbres Zoo de Schwerin\" class=\"wp-image-7469\" srcset=\"https:\/\/walderlebnispfade.de\/wp-content\/uploads\/2025\/11\/Baumhaushotel_Zoo_Schwerin-1024x576.jpg 1024w, https:\/\/walderlebnispfade.de\/wp-content\/uploads\/2025\/11\/Baumhaushotel_Zoo_Schwerin-300x169.jpg 300w, https:\/\/walderlebnispfade.de\/wp-content\/uploads\/2025\/11\/Baumhaushotel_Zoo_Schwerin-768x432.jpg 768w, https:\/\/walderlebnispfade.de\/wp-content\/uploads\/2025\/11\/Baumhaushotel_Zoo_Schwerin.jpg 1280w\" sizes=\"auto, (max-width: 1024px) 100vw, 1024px\" \/><\/a><figcaption><div class=\"tb-image-caption\"><\/div><\/figcaption><\/figure>\n\n\n\n<h2 class=\"tb-heading\" data-toolset-blocks-heading=\"b23fe25b9a42f9f0865d788f354f57c9\" data-last-update=\"1.4\">H\u00f4tel cabane dans les arbres Zoo de Schwerin<\/h2>\n\n\n\n<div class=\"tb-field\" data-toolset-blocks-field=\"bf4f75028c3fa3b717c6982d0b468119\" data-last-update=\"1.4\">An der Crivitzer Chaussee 1, 19061 Schwerin<\/div>\n\n\n\n<div class=\"tb-rating tb-rating--filled tb-rating--dashicons\" data-toolset-star-rating-external-css=\"\" data-toolset-blocks-star-rating=\"0c7a9f5c207036066873bc9dcd8e9611\"><span class=\"tb-rating__container\"><span class=\"tb-rating__star\"><\/span><span class=\"tb-rating__star\"><\/span><span class=\"tb-rating__star\"><\/span><span class=\"tb-rating__star\"><\/span><span class=\"tb-rating__star\"><\/span><span class=\"tb-rating__rating\" style=\"width: calc(10 * 2 * 4%);\"><\/span><\/span><span class=\"tb-screen-reader\">\"]<\/span><\/div>\n\n\n\n<div class=\"tb-field\" data-toolset-blocks-field=\"5a7f36b0f335e97d2a5589545f395d3f\" data-last-update=\"1.4\">Passer la nuit au zoo Le Baumhaushotel Zoo Schwerin est un h\u00e9bergement exceptionnel : une cabane dans les arbres qui...<\/div>\n\n\n\n<div class=\"tb-button\" data-toolset-blocks-button=\"3e42438d27864e9923401ffb76a40103\"><a class=\"tb-button__link\" href=\"https:\/\/walderlebnispfade.de\/fr\/erlebnisse\/hotel-cabane-dans-les-arbres-zoo-de-schwerin\/\"><i class=\"tb-button__icon\"><\/i><span class=\"tb-button__content\">Plus d'infos<\/span><\/a><\/div>\n<\/div>\n\n<\/div><div class=\"tb-grid-column\">\n\n<div class=\"wp-block-toolset-views-view-template-block wpv-block-loop-item php-to-be-replaced-with-shortcode\" data-toolset-views-view-template-block=\"9e0b5a36d0c70bbc4671330bffdf08b1\">\n<figure class=\"wp-block-image tb-image tb-image-dynamic tb-image-frame-none\" data-toolset-blocks-image=\"560ae4b64c1d6df97bda39cc872a40ca\"><a href=\"https:\/\/walderlebnispfade.de\/fr\/erlebnisse\/hotel-cabane-dans-les-arbres-vogelpark-marlow\/\"><img decoding=\"async\" width=\"1024\" height=\"576\" loading=\"lazy\" src=\"https:\/\/walderlebnispfade.de\/wp-content\/uploads\/2025\/11\/Baumhaushotel_Vogelpark_Marlow-1024x576.jpg\" alt=\"H\u00f4tel cabane dans les arbres Vogelpark Marlow\" class=\"wp-image-7463\" srcset=\"https:\/\/walderlebnispfade.de\/wp-content\/uploads\/2025\/11\/Baumhaushotel_Vogelpark_Marlow-1024x576.jpg 1024w, https:\/\/walderlebnispfade.de\/wp-content\/uploads\/2025\/11\/Baumhaushotel_Vogelpark_Marlow-300x169.jpg 300w, https:\/\/walderlebnispfade.de\/wp-content\/uploads\/2025\/11\/Baumhaushotel_Vogelpark_Marlow-768x432.jpg 768w, https:\/\/walderlebnispfade.de\/wp-content\/uploads\/2025\/11\/Baumhaushotel_Vogelpark_Marlow.jpg 1280w\" sizes=\"auto, (max-width: 1024px) 100vw, 1024px\" \/><\/a><figcaption><div class=\"tb-image-caption\"><\/div><\/figcaption><\/figure>\n\n\n\n<h2 class=\"tb-heading\" data-toolset-blocks-heading=\"b23fe25b9a42f9f0865d788f354f57c9\" data-last-update=\"1.4\">H\u00f4tel cabane dans les arbres Vogelpark Marlow<\/h2>\n\n\n\n<div class=\"tb-field\" data-toolset-blocks-field=\"bf4f75028c3fa3b717c6982d0b468119\" data-last-update=\"1.4\">1, K\u00f6lzower Chaussee, Marlow, Vorpommern-R\u00fcgen, Mecklenburg-Vorpommern, 18337, Deutschland<\/div>\n\n\n\n<div class=\"tb-rating tb-rating--filled tb-rating--dashicons\" data-toolset-star-rating-external-css=\"\" data-toolset-blocks-star-rating=\"0c7a9f5c207036066873bc9dcd8e9611\"><span class=\"tb-rating__container\"><span class=\"tb-rating__star\"><\/span><span class=\"tb-rating__star\"><\/span><span class=\"tb-rating__star\"><\/span><span class=\"tb-rating__star\"><\/span><span class=\"tb-rating__star\"><\/span><span class=\"tb-rating__rating\" style=\"width: calc(10 * 2 * 4%);\"><\/span><\/span><span class=\"tb-screen-reader\">\"]<\/span><\/div>\n\n\n\n<div class=\"tb-field\" data-toolset-blocks-field=\"5a7f36b0f335e97d2a5589545f395d3f\" data-last-update=\"1.4\">Dormir parmi les cigognes et les perroquets L'h\u00f4tel \"Baumhaushotel Vogelpark Marlow\" vous propose une nuit exceptionnelle en pleine nature. Sur...<\/div>\n\n\n\n<div class=\"tb-button\" data-toolset-blocks-button=\"3e42438d27864e9923401ffb76a40103\"><a class=\"tb-button__link\" href=\"https:\/\/walderlebnispfade.de\/fr\/erlebnisse\/hotel-cabane-dans-les-arbres-vogelpark-marlow\/\"><i class=\"tb-button__icon\"><\/i><span class=\"tb-button__content\">Plus d'infos<\/span><\/a><\/div>\n<\/div>\n\n<\/div><div class=\"tb-grid-column\">\n\n<div class=\"wp-block-toolset-views-view-template-block wpv-block-loop-item php-to-be-replaced-with-shortcode\" data-toolset-views-view-template-block=\"9e0b5a36d0c70bbc4671330bffdf08b1\">\n<figure class=\"wp-block-image tb-image tb-image-dynamic tb-image-frame-none\" data-toolset-blocks-image=\"560ae4b64c1d6df97bda39cc872a40ca\"><a href=\"https:\/\/walderlebnispfade.de\/fr\/erlebnisse\/hotel-kenners-avec-cabane-dans-les-arbres\/\"><img decoding=\"async\" width=\"1024\" height=\"576\" loading=\"lazy\" src=\"https:\/\/walderlebnispfade.de\/wp-content\/uploads\/2025\/11\/Baumhaushotel_Kenners-1024x576.jpg\" alt=\"H\u00f4tel cabane dans les arbres Kenners Landlust\" class=\"wp-image-7437\" srcset=\"https:\/\/walderlebnispfade.de\/wp-content\/uploads\/2025\/11\/Baumhaushotel_Kenners-1024x576.jpg 1024w, https:\/\/walderlebnispfade.de\/wp-content\/uploads\/2025\/11\/Baumhaushotel_Kenners-300x169.jpg 300w, https:\/\/walderlebnispfade.de\/wp-content\/uploads\/2025\/11\/Baumhaushotel_Kenners-768x432.jpg 768w, https:\/\/walderlebnispfade.de\/wp-content\/uploads\/2025\/11\/Baumhaushotel_Kenners.jpg 1280w\" sizes=\"auto, (max-width: 1024px) 100vw, 1024px\" \/><\/a><figcaption><div class=\"tb-image-caption\">Photo : Gerhard Westrich<\/div><\/figcaption><\/figure>\n\n\n\n<h2 class=\"tb-heading\" data-toolset-blocks-heading=\"b23fe25b9a42f9f0865d788f354f57c9\" data-last-update=\"1.4\">H\u00f4tel Kenners avec cabane dans les arbres<\/h2>\n\n\n\n<div class=\"tb-field\" data-toolset-blocks-field=\"bf4f75028c3fa3b717c6982d0b468119\" data-last-update=\"1.4\">D\u00fcbbekold, G\u00f6hrde, Samtgemeinde Elbtalaue, L\u00fcchow-Dannenberg, Niedersachsen, 29473, Deutschland<\/div>\n\n\n\n<div class=\"tb-rating tb-rating--filled tb-rating--dashicons\" data-toolset-star-rating-external-css=\"\" data-toolset-blocks-star-rating=\"0c7a9f5c207036066873bc9dcd8e9611\"><span class=\"tb-rating__container\"><span class=\"tb-rating__star\"><\/span><span class=\"tb-rating__star\"><\/span><span class=\"tb-rating__star\"><\/span><span class=\"tb-rating__star\"><\/span><span class=\"tb-rating__star\"><\/span><span class=\"tb-rating__rating\" style=\"width: calc(10 * 2 * 5%);\"><\/span><\/span><span class=\"tb-screen-reader\">\"]<\/span><\/div>\n\n\n\n<div class=\"tb-field\" data-toolset-blocks-field=\"5a7f36b0f335e97d2a5589545f395d3f\" data-last-update=\"1.4\">H\u00e9bergements confortables en hauteur Dans le Wendland, au nord de la Basse-Saxe, se trouve le BIO-H\u00f4tel Kenners LandLust, dans la...<\/div>\n\n\n\n<div class=\"tb-button\" data-toolset-blocks-button=\"3e42438d27864e9923401ffb76a40103\"><a class=\"tb-button__link\" href=\"https:\/\/walderlebnispfade.de\/fr\/erlebnisse\/hotel-kenners-avec-cabane-dans-les-arbres\/\"><i class=\"tb-button__icon\"><\/i><span class=\"tb-button__content\">Plus d'infos<\/span><\/a><\/div>\n<\/div>\n\n<\/div><div class=\"tb-grid-column\">\n\n<div class=\"wp-block-toolset-views-view-template-block wpv-block-loop-item php-to-be-replaced-with-shortcode\" data-toolset-views-view-template-block=\"9e0b5a36d0c70bbc4671330bffdf08b1\">\n<figure class=\"wp-block-image tb-image tb-image-dynamic tb-image-frame-none\" data-toolset-blocks-image=\"560ae4b64c1d6df97bda39cc872a40ca\"><a href=\"https:\/\/walderlebnispfade.de\/fr\/erlebnisse\/hotel-cabane-dans-les-arbres-surfhostel\/\"><img decoding=\"async\" width=\"1024\" height=\"576\" loading=\"lazy\" src=\"https:\/\/walderlebnispfade.de\/wp-content\/uploads\/2025\/11\/Baumhaushotel_Surfhostel_Ummaii-1024x576.jpg\" alt=\"H\u00f4tel cabane dans les arbres Surfhostel Ummaii \u00e0 R\u00fcgen\" class=\"wp-image-7444\" srcset=\"https:\/\/walderlebnispfade.de\/wp-content\/uploads\/2025\/11\/Baumhaushotel_Surfhostel_Ummaii-1024x576.jpg 1024w, https:\/\/walderlebnispfade.de\/wp-content\/uploads\/2025\/11\/Baumhaushotel_Surfhostel_Ummaii-300x169.jpg 300w, https:\/\/walderlebnispfade.de\/wp-content\/uploads\/2025\/11\/Baumhaushotel_Surfhostel_Ummaii-768x432.jpg 768w, https:\/\/walderlebnispfade.de\/wp-content\/uploads\/2025\/11\/Baumhaushotel_Surfhostel_Ummaii.jpg 1280w\" sizes=\"auto, (max-width: 1024px) 100vw, 1024px\" \/><\/a><figcaption><div class=\"tb-image-caption\"><\/div><\/figcaption><\/figure>\n\n\n\n<h2 class=\"tb-heading\" data-toolset-blocks-heading=\"b23fe25b9a42f9f0865d788f354f57c9\" data-last-update=\"1.4\">H\u00f4tel cabane dans les arbres Surfhostel<\/h2>\n\n\n\n<div class=\"tb-field\" data-toolset-blocks-field=\"bf4f75028c3fa3b717c6982d0b468119\" data-last-update=\"1.4\">R\u00fcgen Surfhostel, 8, Suhrendorf, Haide, 18569 Ummanz<\/div>\n\n\n\n<div class=\"tb-rating tb-rating--filled tb-rating--dashicons\" data-toolset-star-rating-external-css=\"\" data-toolset-blocks-star-rating=\"0c7a9f5c207036066873bc9dcd8e9611\"><span class=\"tb-rating__container\"><span class=\"tb-rating__star\"><\/span><span class=\"tb-rating__star\"><\/span><span class=\"tb-rating__star\"><\/span><span class=\"tb-rating__star\"><\/span><span class=\"tb-rating__star\"><\/span><span class=\"tb-rating__rating\" style=\"width: calc(10 * 2 * 4%);\"><\/span><\/span><span class=\"tb-screen-reader\">\"]<\/span><\/div>\n\n\n\n<div class=\"tb-field\" data-toolset-blocks-field=\"5a7f36b0f335e97d2a5589545f395d3f\" data-last-update=\"1.4\">Vacances en cabane dans les arbres avec sports nautiques La cabane dans les arbres de l'h\u00f4tel Surfhostel \u00e0 Ummaii est...<\/div>\n\n\n\n<div class=\"tb-button\" data-toolset-blocks-button=\"3e42438d27864e9923401ffb76a40103\"><a class=\"tb-button__link\" href=\"https:\/\/walderlebnispfade.de\/fr\/erlebnisse\/hotel-cabane-dans-les-arbres-surfhostel\/\"><i class=\"tb-button__icon\"><\/i><span class=\"tb-button__content\">Plus d'infos<\/span><\/a><\/div>\n<\/div>\n\n<\/div><\/div><\/div>\n\n\n<div class=\"wpv-pagination-nav-links\" data-toolset-views-view-pagination-block=\"24a0101b9ebed1c9b8e14664b6c11a76\"><ul class=\"wpv-pagination-nav-links-container js-wpv-pagination-nav-links-container pagination\"><li class=\"wpv-pagination-nav-links-item js-wpv-pagination-nav-links-item page-item wpv-page-link-345-1 js-wpv-page-link-345-1 wpv_page_current wpv-pagination-nav-links-item-current active\"><span class=\"wpv-filter-pagination-link page-link\">1<\/span><\/li><li class=\"wpv-pagination-nav-links-item js-wpv-pagination-nav-links-item page-item wpv-page-link-345-2 js-wpv-page-link-345-2\"><a class=\"wpv-filter-pagination-link js-wpv-pagination-link page-link\" title=\"2\" href=\"\/fr\/wp-json\/wp\/v2\/pages\/1136?wpv_view_count=345&#038;wpv_paged=2\" data-viewnumber=\"345\" data-page=\"2\">2<\/a><\/li><li class=\"wpv-pagination-nav-links-item js-wpv-pagination-nav-links-item page-item wpv-page-link-345-3 js-wpv-page-link-345-3\"><a class=\"wpv-filter-pagination-link js-wpv-pagination-link page-link\" title=\"3\" href=\"\/fr\/wp-json\/wp\/v2\/pages\/1136?wpv_view_count=345&#038;wpv_paged=3\" data-viewnumber=\"345\" data-page=\"3\">3<\/a><\/li><li  class=\"page-item\"><a class=\"wpv-filter-next-link js-wpv-pagination-next-link page-link \"  href=\"\/fr\/wp-json\/wp\/v2\/pages\/1136?wpv_view_count=345&#038;wpv_paged=2\"\n\t\t\t\t\tdata-viewnumber=\"345\" data-page=\"2\">Suivant<\/a><\/li><li  class=\"page-item\"><a class=\"wpv-filter-last-link js-wpv-pagination-last-link page-link\"  href=\"\/fr\/wp-json\/wp\/v2\/pages\/1136?wpv_view_count=345&#038;wpv_paged=3\" data-viewnumber=\"345\" data-page=\"3\">Dernier<\/a><\/li><\/ul><\/div>\n\n<\/div><\/div><\/div><\/div>\n<p><\/p>\n","protected":false},"excerpt":{"rendered":"","protected":false},"author":2,"featured_media":0,"parent":0,"menu_order":0,"comment_status":"closed","ping_status":"closed","template":"","meta":{"_kad_blocks_custom_css":"","_kad_blocks_head_custom_js":"","_kad_blocks_body_custom_js":"","_kad_blocks_footer_custom_js":"","_kad_post_transparent":"","_kad_post_title":"","_kad_post_layout":"","_kad_post_sidebar_id":"","_kad_post_content_style":"","_kad_post_vertical_padding":"","_kad_post_feature":"","_kad_post_feature_position":"","_kad_post_header":false,"_kad_post_footer":false,"_kad_post_classname":"","yasr_overall_rating":0,"yasr_post_is_review":"","yasr_auto_insert_disabled":"","yasr_review_type":"","footnotes":""},"class_list":["post-1136","page","type-page","status-publish","hentry"],"yasr_visitor_votes":{"stars_attributes":{"read_only":false,"span_bottom":false},"number_of_votes":0,"sum_votes":0},"taxonomy_info":[],"featured_image_src_large":false,"author_info":{"display_name":"Moni","author_link":"https:\/\/walderlebnispfade.de\/fr\/author\/moni\/"},"comment_info":0,"_links":{"self":[{"href":"https:\/\/walderlebnispfade.de\/fr\/wp-json\/wp\/v2\/pages\/1136","targetHints":{"allow":["GET"]}}],"collection":[{"href":"https:\/\/walderlebnispfade.de\/fr\/wp-json\/wp\/v2\/pages"}],"about":[{"href":"https:\/\/walderlebnispfade.de\/fr\/wp-json\/wp\/v2\/types\/page"}],"author":[{"embeddable":true,"href":"https:\/\/walderlebnispfade.de\/fr\/wp-json\/wp\/v2\/users\/2"}],"replies":[{"embeddable":true,"href":"https:\/\/walderlebnispfade.de\/fr\/wp-json\/wp\/v2\/comments?post=1136"}],"version-history":[{"count":14,"href":"https:\/\/walderlebnispfade.de\/fr\/wp-json\/wp\/v2\/pages\/1136\/revisions"}],"predecessor-version":[{"id":7846,"href":"https:\/\/walderlebnispfade.de\/fr\/wp-json\/wp\/v2\/pages\/1136\/revisions\/7846"}],"wp:attachment":[{"href":"https:\/\/walderlebnispfade.de\/fr\/wp-json\/wp\/v2\/media?parent=1136"}],"curies":[{"name":"wp","href":"https:\/\/api.w.org\/{rel}","templated":true}]}}